


{"id":5779,"date":"2019-03-21T10:30:53","date_gmt":"2019-03-21T09:30:53","guid":{"rendered":"https:\/\/www.careplus.eu\/la-malaria\/"},"modified":"2021-05-08T08:29:21","modified_gmt":"2021-05-08T06:29:21","slug":"la-malaria","status":"publish","type":"page","link":"https:\/\/www.careplus.eu\/fr\/astuces-et-conseils-pour-voyager-en-toute-securite\/protection-contre-les-maladies-tropicales\/la-malaria\/","title":{"rendered":"La paludisme"},"content":{"rendered":"<p>[et_pb_section fb_built=\u00a0\u00bb1&Prime; fullwidth=\u00a0\u00bbon\u00a0\u00bb _builder_version=\u00a0\u00bb3.22&Prime; bottom_divider_style=\u00a0\u00bbcurve\u00a0\u00bb bottom_divider_color=\u00a0\u00bb#ffffff\u00a0\u00bb bottom_divider_height=\u00a0\u00bb40px\u00a0\u00bb][et_pb_fullwidth_slider show_arrows=\u00a0\u00bboff\u00a0\u00bb show_pagination=\u00a0\u00bboff\u00a0\u00bb _builder_version=\u00a0\u00bb4.6.6&Prime; custom_padding=\u00a0\u00bb22%||10%|\u00a0\u00bb][et_pb_slide heading=\u00a0\u00bbPaludisme\u00a0\u00bb use_bg_overlay=\u00a0\u00bboff\u00a0\u00bb use_text_overlay=\u00a0\u00bboff\u00a0\u00bb _builder_version=\u00a0\u00bb4.6.6&Prime; header_level=\u00a0\u00bbh1&Prime; header_font=\u00a0\u00bb|800|||||||\u00a0\u00bb header_text_align=\u00a0\u00bbcenter\u00a0\u00bb header_font_size=\u00a0\u00bb36&Prime; background_color=\u00a0\u00bb#0b6a30&Prime; background_image=\u00a0\u00bbhttps:\/\/www.careplus.eu\/wp-content\/uploads\/2019\/02\/malaria-afrika.jpg\u00a0\u00bb button_on_hover=\u00a0\u00bbon\u00a0\u00bb custom_padding=\u00a0\u00bb15%||15%|\u00a0\u00bb custom_padding_tablet=\u00a0\u00bb16%||16%|\u00a0\u00bb custom_padding_phone=\u00a0\u00bb30%||30%|\u00a0\u00bb custom_padding_last_edited=\u00a0\u00bbon|phone\u00a0\u00bb header_font_size_tablet=\u00a0\u00bb30&Prime; header_font_size_phone=\u00a0\u00bb30&Prime; header_font_size_last_edited=\u00a0\u00bbon|tablet\u00a0\u00bb header_text_shadow_style=\u00a0\u00bbpreset3&Prime; header_text_shadow_blur_strength=\u00a0\u00bb0.5em\u00a0\u00bb header_text_shadow_color=\u00a0\u00bbrgba(0,0,0,0.6)\u00a0\u00bb sticky_transition=\u00a0\u00bbon\u00a0\u00bb][\/et_pb_slide][\/et_pb_fullwidth_slider][\/et_pb_section][et_pb_section fb_built=\u00a0\u00bb1&Prime; _builder_version=\u00a0\u00bb3.22&Prime;][et_pb_row _builder_version=\u00a0\u00bb3.25&Prime; background_size=\u00a0\u00bbinitial\u00a0\u00bb background_position=\u00a0\u00bbtop_left\u00a0\u00bb background_repeat=\u00a0\u00bbrepeat\u00a0\u00bb][et_pb_column type=\u00a0\u00bb4_4&Prime; _builder_version=\u00a0\u00bb3.25&Prime; custom_padding=\u00a0\u00bb|||\u00a0\u00bb custom_padding__hover=\u00a0\u00bb|||\u00a0\u00bb][et_pb_dmb_breadcrumbs _builder_version=\u00a0\u00bb3.19.6&Prime; body_font_size_tablet=\u00a0\u00bb51&Prime; body_line_height_tablet=\u00a0\u00bb2&Prime; separator_font_size_tablet=\u00a0\u00bb51&Prime; separator_line_height_tablet=\u00a0\u00bb2&Prime; link_font_size_tablet=\u00a0\u00bb51&Prime; link_line_height_tablet=\u00a0\u00bb2&Prime; linkhover_font_size_tablet=\u00a0\u00bb51&Prime; linkhover_line_height_tablet=\u00a0\u00bb2&Prime;][\/et_pb_dmb_breadcrumbs][et_pb_text admin_label=\u00a0\u00bbMalaria\u00a0\u00bb _builder_version=\u00a0\u00bb4.6.6&Prime; header_2_font=\u00a0\u00bb|800|||||||\u00a0\u00bb header_2_font_size=\u00a0\u00bb30px\u00a0\u00bb]<\/p>\n<h2> Paludisme <\/h2>\n<p><strong>La paludisme est caus\u00e9e par des parasites. Ceux-ci peuvent p\u00e9n\u00e9trer le corps par les morsures de moustiques. La paludisme provoque de la fi\u00e8vre, des maux de t\u00eate, des frissons, une sudation excessive et des douleurs musculaires.\u00a0<\/strong><\/p>\n<p>[\/et_pb_text][et_pb_image src=\u00a0\u00bbhttps:\/\/www.careplus.eu\/wp-content\/uploads\/2019\/02\/Wereldkaart-tropische-ziekten-malaria.jpg\u00a0\u00bb align_tablet=\u00a0\u00bbcenter\u00a0\u00bb align_phone=\u00a0\u00bb\u00a0\u00bb align_last_edited=\u00a0\u00bbon|desktop\u00a0\u00bb admin_label=\u00a0\u00bbkaart\u00a0\u00bb _builder_version=\u00a0\u00bb3.23&Prime;][\/et_pb_image][et_pb_text admin_label=\u00a0\u00bbbijschrift kaart\u00a0\u00bb _builder_version=\u00a0\u00bb3.27.4&Prime; text_font_size=\u00a0\u00bb12px\u00a0\u00bb]<\/p>\n<p>\nL&rsquo;aper\u00e7u graphique de cette carte est bas\u00e9 sur des donn\u00e9es de 2017.<\/p>\n<p>[\/et_pb_text][et_pb_text admin_label=\u00a0\u00bbMalaria\u00a0\u00bb _builder_version=\u00a0\u00bb4.6.6&Prime; header_2_font=\u00a0\u00bb|800|||||||\u00a0\u00bb header_2_font_size=\u00a0\u00bb30px\u00a0\u00bb]<\/p>\n<h3>Qu\u2019est-ce que la paludisme ?<\/h3>\n<p>\nLa paludisme peut se transmettre par la morsure d\u2019une femelle du moustique Anoph\u00e8le. Ce moustique est actif \u00e0 partir de coucher du soleil jusqu\u2019au lever du soleil. La paludisme est la cons\u00e9quence d\u2019une infection par le parasite Plasmodium. Le parasite n\u2019est pas directement transmissible d\u2019une personne \u00e0 l\u2019autre. Il se loge dans le foie de la personne. Il existe diff\u00e9rents types du parasites Plasmodium qui peuvent provoquer la paludisme, notamment le Plasmodium falciparum, Plasmodium vivax, Plasmodium ovale et Plasmodium malariae qui sont les plus courants.<\/p>\n<p>Les premiers sympt\u00f4mes de la paludisme apparaissent en moyenne de 10 jours \u00e0 six semaines apr\u00e8s la morsure par le moustique infect\u00e9. Les parasites du Plasmodium vivax et Plasmodium Ovale passent par un stade dans lequel les parasites (hypnozoites) \u2018sommeillent\u2019 dans le foie. Dans ce cas, il peut se passer des mois, parfois m\u00eame des ann\u00e9es avant que le parasite ne s\u2019active et ne fasse apparaitre les sympt\u00f4mes de la maladie.<\/p>\n<p>[\/et_pb_text][et_pb_video src=\u00a0\u00bbhttps:\/\/www.youtube.com\/watch?v=RqRuSwZey_U\u00a0\u00bb _builder_version=\u00a0\u00bb3.19.6&Prime; border_radii=\u00a0\u00bbon|10px|10px|10px|10px\u00a0\u00bb][\/et_pb_video][et_pb_text admin_label=\u00a0\u00bbMalaria\u00a0\u00bb _builder_version=\u00a0\u00bb4.6.6&Prime; header_2_font=\u00a0\u00bb|800|||||||\u00a0\u00bb header_2_font_size=\u00a0\u00bb30px\u00a0\u00bb]<\/p>\n<h3>Quels sont les sympt\u00f4mes de la paludisme ?<\/h3>\n<p>En attrapant la paludisme tropica (la variante la plus dangereuse et mortelle) l\u2019issue peut \u00eatre mortelle en 48 heures seulement. Pour les autres = variantes de la paludisme les sympt\u00f4mes apparaissent environ 10 jours \u00e0 6 semaines apr\u00e8s la morsure.<\/p>\n<p>Il existe quatre variantes de la paludisme que vous pouvez attraper. Comme indiqu\u00e9 pr\u00e9c\u00e9demment, la paludisme tropica peut tuer en 48 heures. Les autres trois variantes ont un d\u00e9roulement moins s\u00e9v\u00e8re. Les sympt\u00f4mes de la paludisme prennent souvent la forme d\u2019attaques de quatre \u00e0 huit heures qui reviennent tous les quelques jours.<\/p>\n<ul>\n<li>Une forte fi\u00e8vre<\/li>\n<li>Des frissons<\/li>\n<li>Une sudation excessive<\/li>\n<li>Une an\u00e9mie<\/li>\n<li>Une confusion<\/li>\n<li>De la fatigue<\/li>\n<li>Des maux de t\u00eate<\/li>\n<li>Des douleurs musculaires et articulaires<\/li>\n<li>Des naus\u00e9es\/vomissements<\/li>\n<li>De la diarrh\u00e9e<\/li>\n<li>La jaunisse<\/li>\n<li>Des spasmes (chez les enfants)<\/li>\n<li>Un coma pour les cas graves<\/li>\n<\/ul>\n<p>\u00a0<\/p>\n<h3>Protection contre la paludisme <\/h3>\n<p>La pr\u00e9vention contre la paludisme se concentre sur les voyageurs qui voyagent vers ou reviennent des r\u00e9gions (sub)tropicales touch\u00e9es par la paludisme. Il est possible de r\u00e9duire les chances d\u2019attraper la paludisme en avalant des pilules contre la paludisme. De plus, le port de v\u00eatements couvrants et l\u2019utilisation de moustiquaires et d\u2019Anti-Insect pendant la p\u00e9riode d\u2019activit\u00e9 du moustique, sont de bons moyens de r\u00e9duire les risques de contamination.<\/p>\n<p>\u00a0<\/p>\n<h3> Paludisme 2030<\/h3>\n<p>La mission de Travel Health Group consiste \u00e0\u00a0\u0153uvrer pour un monde sans malaria d\u2019ici 2030. C\u2019est un objectif ambitieux qui motive nos \u00e9quipes et nos partenaires. La paludisme est une maladie infectieuse grave qui touche plus de 219 millions de personnes et en tue environ 435.000 par an dont la plupart sont des enfants de moins de 5 ans.\u00a0En <a href=\"https:\/\/www.careplus.eu\/en\/malaria-free-2030\/\">savoir<\/a> plus sur notre mission.<\/p>\n<p>[\/et_pb_text][\/et_pb_column][\/et_pb_row][\/et_pb_section][et_pb_section fb_built=\u00a0\u00bb1&Prime; _builder_version=\u00a0\u00bb3.22&Prime; background_color=\u00a0\u00bb#f4f4f4&Prime;][et_pb_row column_structure=\u00a0\u00bb1_3,1_3,1_3&Prime; _builder_version=\u00a0\u00bb3.25&Prime; background_color=\u00a0\u00bb#ffffff\u00a0\u00bb border_radii=\u00a0\u00bbon|10px|10px|10px|10px\u00a0\u00bb][et_pb_column type=\u00a0\u00bb1_3&Prime; _builder_version=\u00a0\u00bb3.25&Prime; custom_padding=\u00a0\u00bb|||\u00a0\u00bb custom_padding__hover=\u00a0\u00bb|||\u00a0\u00bb][et_pb_image src=\u00a0\u00bbhttps:\/\/www.careplus.eu\/wp-content\/uploads\/2020\/06\/careplus-anti-insect-deet-60ml-50-2.jpg\u00a0\u00bb title_text=\u00a0\u00bbcareplus-anti-insect-deet-60ml-50&Prime; url=\u00a0\u00bbhttps:\/\/www.careplus.eu\/fr\/moustiques-et-tiques\/proteger\/anti-insect-deet\/\u00a0\u00bb align=\u00a0\u00bbcenter\u00a0\u00bb align_tablet=\u00a0\u00bbcenter\u00a0\u00bb align_phone=\u00a0\u00bb\u00a0\u00bb align_last_edited=\u00a0\u00bbon|desktop\u00a0\u00bb _builder_version=\u00a0\u00bb4.4.8&Prime;][\/et_pb_image][et_pb_button button_url=\u00a0\u00bbhttps:\/\/www.careplus.eu\/fr\/moustiques-et-tiques\/proteger\/anti-insect-deet\/\u00a0\u00bb button_text=\u00a0\u00bbAnti-Insect DEET\u00a0\u00bb button_alignment=\u00a0\u00bbcenter\u00a0\u00bb _builder_version=\u00a0\u00bb3.19.6&Prime; background_layout=\u00a0\u00bbdark\u00a0\u00bb][\/et_pb_button][\/et_pb_column][et_pb_column type=\u00a0\u00bb1_3&Prime; _builder_version=\u00a0\u00bb3.25&Prime; custom_padding=\u00a0\u00bb|||\u00a0\u00bb custom_padding__hover=\u00a0\u00bb|||\u00a0\u00bb][et_pb_image src=\u00a0\u00bbhttps:\/\/www.careplus.eu\/wp-content\/uploads\/2019\/03\/careplus-klamboe-single-box.jpg\u00a0\u00bb url=\u00a0\u00bbhttps:\/\/www.careplus.eu\/fr\/moustiques-et-tiques\/proteger\/moustiquaires\/\u00a0\u00bb align=\u00a0\u00bbcenter\u00a0\u00bb align_tablet=\u00a0\u00bbcenter\u00a0\u00bb align_phone=\u00a0\u00bb\u00a0\u00bb align_last_edited=\u00a0\u00bbon|desktop\u00a0\u00bb _builder_version=\u00a0\u00bb3.23&Prime;][\/et_pb_image][et_pb_button button_url=\u00a0\u00bbhttps:\/\/www.careplus.eu\/fr\/moustiques-et-tiques\/proteger\/moustiquaires\/\u00a0\u00bb button_text=\u00a0\u00bbMoustiquaire\u00a0\u00bb button_alignment=\u00a0\u00bbcenter\u00a0\u00bb _builder_version=\u00a0\u00bb3.19.6&Prime; background_layout=\u00a0\u00bbdark\u00a0\u00bb][\/et_pb_button][\/et_pb_column][et_pb_column type=\u00a0\u00bb1_3&Prime; _builder_version=\u00a0\u00bb3.25&Prime; custom_padding=\u00a0\u00bb|||\u00a0\u00bb custom_padding__hover=\u00a0\u00bb|||\u00a0\u00bb][et_pb_image src=\u00a0\u00bbhttps:\/\/www.careplus.eu\/wp-content\/uploads\/2019\/03\/care-plus-headnet.jpg\u00a0\u00bb align=\u00a0\u00bbcenter\u00a0\u00bb align_tablet=\u00a0\u00bbcenter\u00a0\u00bb align_phone=\u00a0\u00bb\u00a0\u00bb align_last_edited=\u00a0\u00bbon|desktop\u00a0\u00bb _builder_version=\u00a0\u00bb3.23&Prime;][\/et_pb_image][et_pb_button button_url=\u00a0\u00bbhttps:\/\/www.careplus.eu\/fr\/moustiques-et-tiques\/proteger\/filet-protecteur-pour-la-tete\/\u00a0\u00bb button_text=\u00a0\u00bbFilets de protection pour la t\u00eate\u00a0\u00bb button_alignment=\u00a0\u00bbcenter\u00a0\u00bb _builder_version=\u00a0\u00bb3.19.6&Prime; background_layout=\u00a0\u00bbdark\u00a0\u00bb][\/et_pb_button][\/et_pb_column][\/et_pb_row][\/et_pb_section][et_pb_section fb_built=\u00a0\u00bb1&Prime; _builder_version=\u00a0\u00bb3.22&Prime;][et_pb_row _builder_version=\u00a0\u00bb3.25&Prime; background_size=\u00a0\u00bbinitial\u00a0\u00bb background_position=\u00a0\u00bbtop_left\u00a0\u00bb background_repeat=\u00a0\u00bbrepeat\u00a0\u00bb][et_pb_column type=\u00a0\u00bb4_4&Prime; _builder_version=\u00a0\u00bb3.25&Prime; custom_padding=\u00a0\u00bb|||\u00a0\u00bb custom_padding__hover=\u00a0\u00bb|||\u00a0\u00bb][et_pb_text admin_label=\u00a0\u00bbMalaria in Nederland\u00a0\u00bb _builder_version=\u00a0\u00bb4.6.6&Prime; header_2_font=\u00a0\u00bb|800|||||||\u00a0\u00bb header_2_font_size=\u00a0\u00bb30px\u00a0\u00bb]<\/p>\n<h3>A quelle fr\u00e9quence la paludisme apparait-elle en France?<\/h3>\n<p>Par an, ce sont &gt;4 000 cas de paludisme <a href=\"https:\/\/wwwnc.cdc.gov\/eid\/article\/17\/5\/10-1527_article\" target=\"_blank\" rel=\"noopener noreferrer\">rapport\u00e9s<\/a> en France. Le Plasmodium falciparum, un unicellulaire appartenant \u00e0 l\u2019esp\u00e8ce Plasmodium, est responsable de la majorit\u00e9 de ces cas. Ponctuellement des cas d\u2019autres types de paludisme ou de m\u00e9ningites par les types de Plasmodium cit\u00e9s ci-dessus sont rapport\u00e9s.<\/p>\n<p>[\/et_pb_text][\/et_pb_column][\/et_pb_row][\/et_pb_section]<\/p>\n","protected":false},"excerpt":{"rendered":"<p>Paludisme La paludisme est caus\u00e9e par des parasites. Ceux-ci peuvent p\u00e9n\u00e9trer le corps par les morsures de moustiques. La paludisme provoque de la fi\u00e8vre, des maux de t\u00eate, des frissons, une sudation excessive et des douleurs musculaires.\u00a0 L&rsquo;aper\u00e7u graphique de cette carte est bas\u00e9 sur des donn\u00e9es de 2017. Qu\u2019est-ce que la paludisme ? La [&hellip;]<\/p>\n","protected":false},"author":37,"featured_media":0,"parent":5871,"menu_order":0,"comment_status":"closed","ping_status":"closed","template":"","meta":{"_acf_changed":false,"_et_pb_use_builder":"on","_et_pb_old_content":"","_et_gb_content_width":"","footnotes":""},"class_list":["post-5779","page","type-page","status-publish","hentry"],"acf":[],"_links":{"self":[{"href":"https:\/\/www.careplus.eu\/fr\/wp-json\/wp\/v2\/pages\/5779","targetHints":{"allow":["GET"]}}],"collection":[{"href":"https:\/\/www.careplus.eu\/fr\/wp-json\/wp\/v2\/pages"}],"about":[{"href":"https:\/\/www.careplus.eu\/fr\/wp-json\/wp\/v2\/types\/page"}],"author":[{"embeddable":true,"href":"https:\/\/www.careplus.eu\/fr\/wp-json\/wp\/v2\/users\/37"}],"replies":[{"embeddable":true,"href":"https:\/\/www.careplus.eu\/fr\/wp-json\/wp\/v2\/comments?post=5779"}],"version-history":[{"count":0,"href":"https:\/\/www.careplus.eu\/fr\/wp-json\/wp\/v2\/pages\/5779\/revisions"}],"up":[{"embeddable":true,"href":"https:\/\/www.careplus.eu\/fr\/wp-json\/wp\/v2\/pages\/5871"}],"wp:attachment":[{"href":"https:\/\/www.careplus.eu\/fr\/wp-json\/wp\/v2\/media?parent=5779"}],"curies":[{"name":"wp","href":"https:\/\/api.w.org\/{rel}","templated":true}]}}