


{"id":5710,"date":"2019-03-20T15:54:00","date_gmt":"2019-03-20T14:54:00","guid":{"rendered":"https:\/\/www.careplus.eu\/asie\/"},"modified":"2024-09-17T08:39:13","modified_gmt":"2024-09-17T07:39:13","slug":"asie","status":"publish","type":"page","link":"https:\/\/www.careplus.eu\/fr\/astuces-et-conseils-pour-voyager-en-toute-securite\/voyages-lointains\/asie\/","title":{"rendered":"Conseils et astuces pour voyager en Asie"},"content":{"rendered":"<p>[et_pb_section bb_built=\u00a0\u00bb1&Prime; fullwidth=\u00a0\u00bbon\u00a0\u00bb _builder_version=\u00a0\u00bb4.21.0&Prime; bottom_divider_style=\u00a0\u00bbcurve\u00a0\u00bb bottom_divider_color=\u00a0\u00bb#ffffff\u00a0\u00bb bottom_divider_height=\u00a0\u00bb40px\u00a0\u00bb hover_enabled=\u00a0\u00bb0&Prime; global_colors_info=\u00a0\u00bb{}\u00a0\u00bb sticky_enabled=\u00a0\u00bb0&Prime; alt=\u00a0\u00bbAsie\u00a0\u00bb title_text=\u00a0\u00bbAsie\u00a0\u00bb background_image=\u00a0\u00bbhttps:\/\/www.careplus.eu\/wp-content\/uploads\/2021\/05\/verre-reizen-azie.jpg\u00a0\u00bb bottom_divider_height_last_edited=\u00a0\u00bbon|phone\u00a0\u00bb bottom_divider_height_phone=\u00a0\u00bb20px\u00a0\u00bb bottom_divider_height_tablet=\u00a0\u00bb40px\u00a0\u00bb next_background_color=\u00a0\u00bb#ffffff\u00a0\u00bb][et_pb_fullwidth_slider show_arrows=\u00a0\u00bboff\u00a0\u00bb show_pagination=\u00a0\u00bboff\u00a0\u00bb _builder_version=\u00a0\u00bb4.21.0&Prime; hover_enabled=\u00a0\u00bb0&Prime; global_colors_info=\u00a0\u00bb{}\u00a0\u00bb sticky_enabled=\u00a0\u00bb0&Prime;][et_pb_slide heading=\u00a0\u00bbAsie\u00a0\u00bb use_bg_overlay=\u00a0\u00bboff\u00a0\u00bb use_text_overlay=\u00a0\u00bboff\u00a0\u00bb _builder_version=\u00a0\u00bb4.21.0&Prime; header_level=\u00a0\u00bbh1&Prime; header_font=\u00a0\u00bb|800|||||||\u00a0\u00bb header_font_size=\u00a0\u00bb36&Prime; background_color=\u00a0\u00bbRGBA(255,255,255,0)\u00a0\u00bb parallax=\u00a0\u00bbon\u00a0\u00bb button_on_hover=\u00a0\u00bbon\u00a0\u00bb custom_padding=\u00a0\u00bb15%||15%|\u00a0\u00bb custom_padding_tablet=\u00a0\u00bb22%||10%|\u00a0\u00bb custom_padding_phone=\u00a0\u00bb30%||30%|\u00a0\u00bb custom_padding_last_edited=\u00a0\u00bbon|desktop\u00a0\u00bb hover_enabled=\u00a0\u00bb0&Prime; header_font_size_tablet=\u00a0\u00bb30&Prime; header_font_size_phone=\u00a0\u00bb30&Prime; header_font_size_last_edited=\u00a0\u00bbon|tablet\u00a0\u00bb header_text_shadow_style=\u00a0\u00bbpreset3&Prime; header_text_shadow_blur_strength=\u00a0\u00bb0.5em\u00a0\u00bb header_text_shadow_color=\u00a0\u00bbrgba(0,0,0,0.6)\u00a0\u00bb global_colors_info=\u00a0\u00bb{}\u00a0\u00bb sticky_transition=\u00a0\u00bbon\u00a0\u00bb background_enable_color=\u00a0\u00bbon\u00a0\u00bb background_enable_image=\u00a0\u00bboff\u00a0\u00bb sticky_enabled=\u00a0\u00bb0&Prime;][\/et_pb_slide][\/et_pb_fullwidth_slider][\/et_pb_section][et_pb_section bb_built=\u00a0\u00bb1&Prime; _builder_version=\u00a0\u00bb4.16&Prime; global_colors_info=\u00a0\u00bb{}\u00a0\u00bb prev_background_color=\u00a0\u00bb#000000&Prime; next_background_color=\u00a0\u00bb#f4f4f4&Prime;][et_pb_row disabled_on=\u00a0\u00bboff|off|off\u00a0\u00bb _builder_version=\u00a0\u00bb4.21.0&Prime; background_size=\u00a0\u00bbinitial\u00a0\u00bb background_position=\u00a0\u00bbtop_left\u00a0\u00bb background_repeat=\u00a0\u00bbrepeat\u00a0\u00bb custom_margin=\u00a0\u00bb||||false|false\u00a0\u00bb global_colors_info=\u00a0\u00bb{}\u00a0\u00bb global_module=\u00a0\u00bb18967&Prime;][et_pb_column type=\u00a0\u00bb4_4&Prime; global_parent=\u00a0\u00bb18967&Prime; _builder_version=\u00a0\u00bb4.16&Prime; custom_padding=\u00a0\u00bb|||\u00a0\u00bb global_colors_info=\u00a0\u00bb{}\u00a0\u00bb custom_padding__hover=\u00a0\u00bb|||\u00a0\u00bb][et_pb_dmb_breadcrumbs global_parent=\u00a0\u00bb18967&Prime; _builder_version=\u00a0\u00bb4.16&Prime; body_font_size_tablet=\u00a0\u00bb51&Prime; body_line_height_tablet=\u00a0\u00bb2&Prime; separator_font_size_tablet=\u00a0\u00bb51&Prime; separator_line_height_tablet=\u00a0\u00bb2&Prime; link_font_size_tablet=\u00a0\u00bb51&Prime; link_line_height_tablet=\u00a0\u00bb2&Prime; linkhover_font_size_tablet=\u00a0\u00bb51&Prime; linkhover_line_height_tablet=\u00a0\u00bb2&Prime; global_colors_info=\u00a0\u00bb{}\u00a0\u00bb \/][\/et_pb_column][\/et_pb_row][et_pb_row column_structure=\u00a0\u00bb2_3,1_3&Prime; _builder_version=\u00a0\u00bb4.16&Prime; border_radii=\u00a0\u00bbon|0px|0px|0px|0px\u00a0\u00bb global_colors_info=\u00a0\u00bb{}\u00a0\u00bb][et_pb_column type=\u00a0\u00bb2_3&Prime; _builder_version=\u00a0\u00bb4.16&Prime; custom_padding=\u00a0\u00bb|||\u00a0\u00bb global_colors_info=\u00a0\u00bb{}\u00a0\u00bb custom_padding__hover=\u00a0\u00bb|||\u00a0\u00bb][et_pb_text admin_label=\u00a0\u00bbAlgemene text\u00a0\u00bb _builder_version=\u00a0\u00bb4.16&Prime; header_font=\u00a0\u00bb|800|||||||\u00a0\u00bb header_2_font=\u00a0\u00bb|800|||||||\u00a0\u00bb header_font_size_tablet=\u00a0\u00bb24px\u00a0\u00bb header_font_size_last_edited=\u00a0\u00bbon|tablet\u00a0\u00bb global_colors_info=\u00a0\u00bb{}\u00a0\u00bb]<\/p>\n<h2>Voyager en s\u00e9curit\u00e9 en Asie<\/h2>\n<p><strong>L\u2019Asie est le plus grand continent sur terre. En 2016, le continent comptait environ 4,46 milliards d\u2019habitant, soit 61% de la population mondiale (7,6 milliard). L\u2019Asie, avec sa superficie de 43 810 000 km\u00b2, couvre 8,6% de la superficie totale de la terre et 29,4% de la superficie terrestre totale. <\/strong><\/p>\n<p>[\/et_pb_text][et_pb_text admin_label=\u00a0\u00bbKlimaat\u00a0\u00bb _builder_version=\u00a0\u00bb4.16&Prime; header_font=\u00a0\u00bb|800|||||||\u00a0\u00bb header_font_size_tablet=\u00a0\u00bb24px\u00a0\u00bb header_font_size_last_edited=\u00a0\u00bbon|tablet\u00a0\u00bb global_colors_info=\u00a0\u00bb{}\u00a0\u00bb]<\/p>\n<h3>Climat<\/h3>\n<p>Le climat d\u2019Asie est l&rsquo;un des plus extr\u00eames et vari\u00e9. L\u2019Asie comprend des r\u00e9gions qui sont les plus chaudes, les plus s\u00e8ches et les plus humides du monde.<\/p>\n<p>En <strong>Asie centrale<\/strong>, le temps varie d\u2019un froid extr\u00eame dans les r\u00e9gions montagneuses \u00e0 une chaleur et s\u00e8cheresse extr\u00eame dans les d\u00e9serts. <strong>L\u2019Asie du Nord<\/strong> connait environ le m\u00eame climat que l\u2019Asie centrale mais avec plus d\u2019averses. Les hivers sont tr\u00e8s froids, principalement en Sib\u00e9rie o\u00f9 il r\u00e8gne un climat polaire toute l\u2019ann\u00e9e. En <strong>Asie du Sud<\/strong>, les temp\u00e9ratures sont \u00e9lev\u00e9es toute l\u2019ann\u00e9e sauf dans les montagnes. Il n\u2019y a pas d\u2019hivers ni d\u2019\u00e9t\u00e9, mais des saisons s\u00e8ches et des saisons de pluie.<\/p>\n<p>[\/et_pb_text][\/et_pb_column][et_pb_column type=\u00a0\u00bb1_3&Prime; _builder_version=\u00a0\u00bb4.16&Prime; custom_padding=\u00a0\u00bb|||\u00a0\u00bb global_colors_info=\u00a0\u00bb{}\u00a0\u00bb custom_padding__hover=\u00a0\u00bb|||\u00a0\u00bb][et_pb_divider show_divider=\u00a0\u00bboff\u00a0\u00bb _builder_version=\u00a0\u00bb4.16&Prime; height=\u00a0\u00bb20px\u00a0\u00bb global_colors_info=\u00a0\u00bb{}\u00a0\u00bb \/][et_pb_image src=\u00a0\u00bbhttps:\/\/www.careplus.eu\/wp-content\/uploads\/2019\/04\/Kaart_Asie.jpg\u00a0\u00bb show_in_lightbox=\u00a0\u00bbon\u00a0\u00bb use_overlay=\u00a0\u00bbon\u00a0\u00bb overlay_icon_color=\u00a0\u00bb#ffffff\u00a0\u00bb hover_overlay_color=\u00a0\u00bbrgba(255,255,255,0)\u00a0\u00bb hover_icon=\u00a0\u00bb&#x54;||divi||400&Prime; align_tablet=\u00a0\u00bbcenter\u00a0\u00bb align_last_edited=\u00a0\u00bbon|desktop\u00a0\u00bb _builder_version=\u00a0\u00bb4.16&Prime; global_colors_info=\u00a0\u00bb{}\u00a0\u00bb \/][et_pb_text _builder_version=\u00a0\u00bb4.16&Prime; text_font_size=\u00a0\u00bb12px\u00a0\u00bb background_color=\u00a0\u00bb#f4f4f4&Prime; custom_padding=\u00a0\u00bb20px|10px|20px|10px\u00a0\u00bb border_radii=\u00a0\u00bbon|10px|10px|10px|10px\u00a0\u00bb global_colors_info=\u00a0\u00bb{}\u00a0\u00bb]<\/p>\n<p>\n<strong>Superficie:<\/strong>44 580 000 km\u00b2<br \/><strong>Nombre d\u2019habitants:<\/strong> 4,5 milliards<br \/><strong>Climat:<\/strong> Vari\u00e9<\/p>\n<p>[\/et_pb_text][\/et_pb_column][\/et_pb_row][\/et_pb_section][et_pb_section bb_built=\u00a0\u00bb1&Prime; _builder_version=\u00a0\u00bb4.16&Prime; background_color=\u00a0\u00bb#f4f4f4&Prime; global_colors_info=\u00a0\u00bb{}\u00a0\u00bb prev_background_color=\u00a0\u00bb#ffffff\u00a0\u00bb next_background_color=\u00a0\u00bb#ffffff\u00a0\u00bb][et_pb_row _builder_version=\u00a0\u00bb4.16&Prime; background_size=\u00a0\u00bbinitial\u00a0\u00bb background_position=\u00a0\u00bbtop_left\u00a0\u00bb background_repeat=\u00a0\u00bbrepeat\u00a0\u00bb global_colors_info=\u00a0\u00bb{}\u00a0\u00bb][et_pb_column type=\u00a0\u00bb4_4&Prime; _builder_version=\u00a0\u00bb4.16&Prime; custom_padding=\u00a0\u00bb|||\u00a0\u00bb global_colors_info=\u00a0\u00bb{}\u00a0\u00bb custom_padding__hover=\u00a0\u00bb|||\u00a0\u00bb][et_pb_text admin_label=\u00a0\u00bbTropische ziektes\u00a0\u00bb _builder_version=\u00a0\u00bb4.16&Prime; global_colors_info=\u00a0\u00bb{}\u00a0\u00bb]<\/p>\n<h3>Maladies tropicales en Asie<\/h3>\n<p>[\/et_pb_text][\/et_pb_column][\/et_pb_row][et_pb_row column_structure=\u00a0\u00bb1_5,1_5,1_5,1_5,1_5&Prime; _builder_version=\u00a0\u00bb4.16&Prime; background_size=\u00a0\u00bbinitial\u00a0\u00bb background_position=\u00a0\u00bbtop_left\u00a0\u00bb background_repeat=\u00a0\u00bbrepeat\u00a0\u00bb global_colors_info=\u00a0\u00bb{}\u00a0\u00bb][et_pb_column type=\u00a0\u00bb1_5&Prime; _builder_version=\u00a0\u00bb4.16&Prime; custom_padding=\u00a0\u00bb|||\u00a0\u00bb global_colors_info=\u00a0\u00bb{}\u00a0\u00bb custom_padding__hover=\u00a0\u00bb|||\u00a0\u00bb][et_pb_text admin_label=\u00a0\u00bbDengue\u00a0\u00bb _builder_version=\u00a0\u00bb4.16&Prime; header_font=\u00a0\u00bb|800|||||||\u00a0\u00bb background_color=\u00a0\u00bb#ffffff\u00a0\u00bb custom_padding=\u00a0\u00bb20px|20px|20px|20px\u00a0\u00bb header_font_size_tablet=\u00a0\u00bb24px\u00a0\u00bb header_font_size_last_edited=\u00a0\u00bbon|tablet\u00a0\u00bb border_radii=\u00a0\u00bbon|10px|10px|10px|10px\u00a0\u00bb global_colors_info=\u00a0\u00bb{}\u00a0\u00bb]<\/p>\n<h3>Dengue<\/h3>\n<p>Oui, la <a href=\"https:\/\/www.careplus.eu\/fr\/astuces-et-conseils-pour-voyager-en-toute-securite\/protection-contre-les-maladies-tropicales\/dengue\/\">dengue<\/a>\u00a0s\u00e9vit dans certaines parties d\u2019Asie.<\/p>\n<p>[\/et_pb_text][\/et_pb_column][et_pb_column type=\u00a0\u00bb1_5&Prime; _builder_version=\u00a0\u00bb4.16&Prime; custom_padding=\u00a0\u00bb|||\u00a0\u00bb global_colors_info=\u00a0\u00bb{}\u00a0\u00bb custom_padding__hover=\u00a0\u00bb|||\u00a0\u00bb][et_pb_text admin_label=\u00a0\u00bbGele koorts\u00a0\u00bb _builder_version=\u00a0\u00bb4.16&Prime; background_color=\u00a0\u00bb#ffffff\u00a0\u00bb custom_padding=\u00a0\u00bb20px|20px|20px|20px\u00a0\u00bb border_radii=\u00a0\u00bbon|10px|10px|10px|10px\u00a0\u00bb global_colors_info=\u00a0\u00bb{}\u00a0\u00bb]<\/p>\n<h3>La fi\u00e8vre jaune<\/h3>\n<p>Non, la <a href=\"https:\/\/www.careplus.eu\/fr\/astuces-et-conseils-pour-voyager-en-toute-securite\/protection-contre-les-maladies-tropicales\/fievre-jaune\/\">fi\u00e8vre jaune <\/a>ne s\u00e9vit pas en Asie.<\/p>\n<p>[\/et_pb_text][\/et_pb_column][et_pb_column type=\u00a0\u00bb1_5&Prime; _builder_version=\u00a0\u00bb4.16&Prime; custom_padding=\u00a0\u00bb|||\u00a0\u00bb global_colors_info=\u00a0\u00bb{}\u00a0\u00bb custom_padding__hover=\u00a0\u00bb|||\u00a0\u00bb][et_pb_text admin_label=\u00a0\u00bbMaladie du Nil Occidental\u00a0\u00bb _builder_version=\u00a0\u00bb4.16&Prime; background_color=\u00a0\u00bb#ffffff\u00a0\u00bb custom_padding=\u00a0\u00bb20px|20px|20px|20px\u00a0\u00bb border_radii=\u00a0\u00bbon|10px|10px|10px|10px\u00a0\u00bb global_colors_info=\u00a0\u00bb{}\u00a0\u00bb]<\/p>\n<h3>Maladie du Nil Occidental<\/h3>\n<p>Oui, la <a href=\"https:\/\/www.careplus.eu\/fr\/astuces-et-conseils-pour-voyager-en-toute-securite\/protection-contre-les-maladies-tropicales\/maladie-du-nil-occidental\/\">maladie du Nil Occidental\u00a0<\/a><br \/>s\u00e9vit en Asie.<\/p>\n<p>[\/et_pb_text][\/et_pb_column][et_pb_column type=\u00a0\u00bb1_5&Prime; _builder_version=\u00a0\u00bb4.16&Prime; custom_padding=\u00a0\u00bb|||\u00a0\u00bb global_colors_info=\u00a0\u00bb{}\u00a0\u00bb custom_padding__hover=\u00a0\u00bb|||\u00a0\u00bb][et_pb_text admin_label=\u00a0\u00bbMalaria\u00a0\u00bb _builder_version=\u00a0\u00bb4.16&Prime; background_color=\u00a0\u00bb#ffffff\u00a0\u00bb custom_padding=\u00a0\u00bb20px|20px|20px|20px\u00a0\u00bb border_radii=\u00a0\u00bbon|10px|10px|10px|10px\u00a0\u00bb global_colors_info=\u00a0\u00bb{}\u00a0\u00bb]<\/p>\n<h3>Paludisme <\/h3>\n<p>Oui, la <a href=\"https:\/\/www.careplus.eu\/fr\/astuces-et-conseils-pour-voyager-en-toute-securite\/protection-contre-les-maladies-tropicales\/la-malaria\/\"> paludisme <\/a>\u00a0s\u00e9vit dans certaines parties d\u2019Asie.<\/p>\n<p>[\/et_pb_text][\/et_pb_column][et_pb_column type=\u00a0\u00bb1_5&Prime; _builder_version=\u00a0\u00bb4.16&Prime; custom_padding=\u00a0\u00bb|||\u00a0\u00bb global_colors_info=\u00a0\u00bb{}\u00a0\u00bb custom_padding__hover=\u00a0\u00bb|||\u00a0\u00bb][et_pb_text admin_label=\u00a0\u00bbZika\u00a0\u00bb _builder_version=\u00a0\u00bb4.16&Prime; background_color=\u00a0\u00bb#ffffff\u00a0\u00bb custom_padding=\u00a0\u00bb20px|20px|20px|20px\u00a0\u00bb border_radii=\u00a0\u00bbon|10px|10px|10px|10px\u00a0\u00bb global_colors_info=\u00a0\u00bb{}\u00a0\u00bb]<\/p>\n<h3>Zika<\/h3>\n<p>Oui, <a href=\"https:\/\/www.careplus.eu\/fr\/astuces-et-conseils-pour-voyager-en-toute-securite\/protection-contre-les-maladies-tropicales\/Zika\/\">Zika<\/a>\u00a0s\u00e9vit dans certaines parties d\u2019Asie.<\/p>\n<p>[\/et_pb_text][\/et_pb_column][\/et_pb_row][\/et_pb_section][et_pb_section bb_built=\u00a0\u00bb1&Prime; _builder_version=\u00a0\u00bb4.16&Prime; global_colors_info=\u00a0\u00bb{}\u00a0\u00bb prev_background_color=\u00a0\u00bb#f4f4f4&Prime; next_background_color=\u00a0\u00bb#f4f4f4&Prime;][et_pb_row _builder_version=\u00a0\u00bb4.16&Prime; background_size=\u00a0\u00bbinitial\u00a0\u00bb background_position=\u00a0\u00bbtop_left\u00a0\u00bb background_repeat=\u00a0\u00bbrepeat\u00a0\u00bb global_colors_info=\u00a0\u00bb{}\u00a0\u00bb][et_pb_column type=\u00a0\u00bb4_4&Prime; _builder_version=\u00a0\u00bb4.16&Prime; custom_padding=\u00a0\u00bb|||\u00a0\u00bb global_colors_info=\u00a0\u00bb{}\u00a0\u00bb custom_padding__hover=\u00a0\u00bb|||\u00a0\u00bb][et_pb_text admin_label=\u00a0\u00bbGevaarlijke dieren\u00a0\u00bb _builder_version=\u00a0\u00bb4.16&Prime; header_font=\u00a0\u00bb|800|||||||\u00a0\u00bb header_font_size_tablet=\u00a0\u00bb24px\u00a0\u00bb header_font_size_last_edited=\u00a0\u00bbon|tablet\u00a0\u00bb global_colors_info=\u00a0\u00bb{}\u00a0\u00bb]<\/p>\n<h3>Les animaux dangereux d\u2019Asie<\/h3>\n<p>Parmi toutes les esp\u00e8ces d\u2019animaux particuli\u00e8res que vous allez rencontrer en Asie il y en a quelque uns que vous ne pr\u00e9f\u00e9reriez ne pas avoir dans les alentours. Les informations ci-dessous vous donnerons un aper\u00e7u de ce \u00e0 quoi vous devez faire attention et vous permettrons de bien vous pr\u00e9parer pour votre voyage. Si vous deviez quand m\u00eame vous faire mordre ou piquer par un insecte ou par une m\u00e9duse, vous saurez quoi faire.<\/p>\n<p>[\/et_pb_text][\/et_pb_column][\/et_pb_row][et_pb_row column_structure=\u00a0\u00bb2_3,1_3&Prime; _builder_version=\u00a0\u00bb4.16&Prime; background_size=\u00a0\u00bbinitial\u00a0\u00bb background_position=\u00a0\u00bbtop_left\u00a0\u00bb background_repeat=\u00a0\u00bbrepeat\u00a0\u00bb global_colors_info=\u00a0\u00bb{}\u00a0\u00bb][et_pb_column type=\u00a0\u00bb2_3&Prime; _builder_version=\u00a0\u00bb4.16&Prime; custom_padding=\u00a0\u00bb|||\u00a0\u00bb global_colors_info=\u00a0\u00bb{}\u00a0\u00bb custom_padding__hover=\u00a0\u00bb|||\u00a0\u00bb][et_pb_text admin_label=\u00a0\u00bbMuggen\u00a0\u00bb _builder_version=\u00a0\u00bb4.16&Prime; header_font=\u00a0\u00bb|800|||||||\u00a0\u00bb header_font_size_tablet=\u00a0\u00bb24px\u00a0\u00bb header_font_size_last_edited=\u00a0\u00bbon|tablet\u00a0\u00bb global_colors_info=\u00a0\u00bb{}\u00a0\u00bb]<\/p>\n<h4>Moustiques<\/h4>\n<p>A premi\u00e8re vue, les moustiques ne font pas peur. Ils sont plut\u00f4t aga\u00e7ants. Mais une simple morsure de moustique peut causer des maladies diverses, parfois mortelles dans diverses r\u00e9gions d\u2019Asie. Prot\u00e9gez-vous donc continuellement en dormant sous une <a href=\"https:\/\/www.careplus.eu\/fr\/moustiques-et-tiques\/proteger\/moustiquaires\/\">moustiquaire<\/a>, en utilisant un <a href=\"https:\/\/www.careplus.eu\/fr\/moustiques-et-tiques\/proteger\/anti-insect-deet\/\">Anti-Insect DEET<\/a> et en portant des <a href=\"https:\/\/www.careplus.eu\/fr\/moustiques-et-tiques\/proteger\/chaussettes\/\">chaussettes r\u00e9pulsives anti-insectes<\/a>. Vous avez tout de m\u00eame \u00e9t\u00e9 piqu\u00e9? Dans ce cas, utilisez un aspirateur de venin pour retirer le venin. Vous \u00e9viterez, ce faisant la diffusion du venin dans votre corps.<\/p>\n<p>[\/et_pb_text][\/et_pb_column][et_pb_column type=\u00a0\u00bb1_3&Prime; _builder_version=\u00a0\u00bb4.16&Prime; custom_padding=\u00a0\u00bb|||\u00a0\u00bb global_colors_info=\u00a0\u00bb{}\u00a0\u00bb custom_padding__hover=\u00a0\u00bb|||\u00a0\u00bb][et_pb_image src=\u00a0\u00bbhttps:\/\/www.careplus.eu\/wp-content\/uploads\/2019\/02\/tijgermug.jpg\u00a0\u00bb show_bottom_space=\u00a0\u00bboff\u00a0\u00bb align=\u00a0\u00bbcenter\u00a0\u00bb align_tablet=\u00a0\u00bbcenter\u00a0\u00bb align_last_edited=\u00a0\u00bbon|desktop\u00a0\u00bb _builder_version=\u00a0\u00bb4.16&Prime; border_radii=\u00a0\u00bbon|10px|10px|10px|10px\u00a0\u00bb global_colors_info=\u00a0\u00bb{}\u00a0\u00bb \/][et_pb_text _builder_version=\u00a0\u00bb4.16&Prime; text_font_size=\u00a0\u00bb12px\u00a0\u00bb global_colors_info=\u00a0\u00bb{}\u00a0\u00bb]<\/p>\n<p>\nMoustique-tigre (Aedes albopictus)<\/p>\n<p>[\/et_pb_text][\/et_pb_column][\/et_pb_row][et_pb_row column_structure=\u00a0\u00bb2_3,1_3&Prime; _builder_version=\u00a0\u00bb4.16&Prime; background_size=\u00a0\u00bbinitial\u00a0\u00bb background_position=\u00a0\u00bbtop_left\u00a0\u00bb background_repeat=\u00a0\u00bbrepeat\u00a0\u00bb global_colors_info=\u00a0\u00bb{}\u00a0\u00bb][et_pb_column type=\u00a0\u00bb2_3&Prime; _builder_version=\u00a0\u00bb4.16&Prime; custom_padding=\u00a0\u00bb|||\u00a0\u00bb global_colors_info=\u00a0\u00bb{}\u00a0\u00bb custom_padding__hover=\u00a0\u00bb|||\u00a0\u00bb][et_pb_text admin_label=\u00a0\u00bbKwallen\u00a0\u00bb _builder_version=\u00a0\u00bb4.16&Prime; header_font=\u00a0\u00bb|800|||||||\u00a0\u00bb header_font_size_tablet=\u00a0\u00bb24px\u00a0\u00bb header_font_size_last_edited=\u00a0\u00bbon|tablet\u00a0\u00bb global_colors_info=\u00a0\u00bb{}\u00a0\u00bb]<\/p>\n<h4>M\u00e9duses<\/h4>\n<p>De nombreuses m\u00e9duses nagent tranquillement sans faire de mal \u00e0 une mouche, mais d\u00e9trompez-vous: quelques-unes sont mortelles. La m\u00e9duse bo\u00eete est une des esp\u00e8ces que vous pourriez rencontrer en Asie. Avec des aiguilles sur leurs tentacules elles piquent dans votre peau et vous injectent un venin qui peut \u00eatre mortel. Pr\u00e9venez la piqure d\u2019une m\u00e9duse en vous badigeonnant bien de cr\u00e8me solaire r\u00e9sistante \u00e0 l\u2019eau qui vous prot\u00e8ge \u00e9galement contre les morsures de m\u00e9duses, coraux et an\u00e9mones de mer. Vous pouvez \u00e9galement vous procurer le stinger suit, un maillot fin qui vous prot\u00e8ge contre les tentacules. <\/p>\n<p>[\/et_pb_text][\/et_pb_column][et_pb_column type=\u00a0\u00bb1_3&Prime; _builder_version=\u00a0\u00bb4.16&Prime; custom_padding=\u00a0\u00bb|||\u00a0\u00bb global_colors_info=\u00a0\u00bb{}\u00a0\u00bb custom_padding__hover=\u00a0\u00bb|||\u00a0\u00bb][et_pb_image src=\u00a0\u00bbhttps:\/\/www.careplus.eu\/wp-content\/uploads\/2019\/02\/box-jellyfish.jpg\u00a0\u00bb show_bottom_space=\u00a0\u00bboff\u00a0\u00bb align=\u00a0\u00bbcenter\u00a0\u00bb align_tablet=\u00a0\u00bbcenter\u00a0\u00bb align_last_edited=\u00a0\u00bbon|desktop\u00a0\u00bb _builder_version=\u00a0\u00bb4.16&Prime; border_radii=\u00a0\u00bbon|10px|10px|10px|10px\u00a0\u00bb global_colors_info=\u00a0\u00bb{}\u00a0\u00bb \/][et_pb_text _builder_version=\u00a0\u00bb4.16&Prime; text_font_size=\u00a0\u00bb12px\u00a0\u00bb global_colors_info=\u00a0\u00bb{}\u00a0\u00bb]<\/p>\n<p>\nM\u00e9duse bo\u00eete (Cubozoa)<\/p>\n<p>[\/et_pb_text][\/et_pb_column][\/et_pb_row][et_pb_row column_structure=\u00a0\u00bb2_3,1_3&Prime; _builder_version=\u00a0\u00bb4.16&Prime; background_size=\u00a0\u00bbinitial\u00a0\u00bb background_position=\u00a0\u00bbtop_left\u00a0\u00bb background_repeat=\u00a0\u00bbrepeat\u00a0\u00bb global_colors_info=\u00a0\u00bb{}\u00a0\u00bb][et_pb_column type=\u00a0\u00bb2_3&Prime; _builder_version=\u00a0\u00bb4.16&Prime; custom_padding=\u00a0\u00bb|||\u00a0\u00bb global_colors_info=\u00a0\u00bb{}\u00a0\u00bb custom_padding__hover=\u00a0\u00bb|||\u00a0\u00bb][et_pb_text admin_label=\u00a0\u00bbSlangen\u00a0\u00bb _builder_version=\u00a0\u00bb4.16&Prime; header_font=\u00a0\u00bb|800|||||||\u00a0\u00bb header_font_size_tablet=\u00a0\u00bb24px\u00a0\u00bb header_font_size_last_edited=\u00a0\u00bbon|tablet\u00a0\u00bb global_colors_info=\u00a0\u00bb{}\u00a0\u00bb]<\/p>\n<h4>Serpents<\/h4>\n<p>Faites tr\u00e8s attention aux serpents, car le venin de certaines esp\u00e8ces peut \u00eatre mortel. Ouvrez bien vos yeux et faites attention au krait. La morsure du krait ray\u00e9 est mortelle dans la moiti\u00e9 des cas- m\u00eame apr\u00e8s avoir administr\u00e9 l\u2019antidote. Le krait fait partie des serpents d\u2019Asie qui font le plus de victimes. On retrouve le King Cobra principalement en Tha\u00eflande, il se cache le plus souvent dans les broussailles et les tani\u00e8res sombres. Dans la mesure o\u00f9 il est tr\u00e8s difficile de distinguer les serpents venimeux de ceux qui ne les ont pas, il vaut mieux tous les \u00e9viter. <\/p>\n<p>[\/et_pb_text][\/et_pb_column][et_pb_column type=\u00a0\u00bb1_3&Prime; _builder_version=\u00a0\u00bb4.16&Prime; custom_padding=\u00a0\u00bb|||\u00a0\u00bb global_colors_info=\u00a0\u00bb{}\u00a0\u00bb custom_padding__hover=\u00a0\u00bb|||\u00a0\u00bb][et_pb_image src=\u00a0\u00bbhttps:\/\/www.careplus.eu\/wp-content\/uploads\/2019\/02\/geringde-krait.jpg\u00a0\u00bb show_bottom_space=\u00a0\u00bboff\u00a0\u00bb align=\u00a0\u00bbcenter\u00a0\u00bb align_tablet=\u00a0\u00bbcenter\u00a0\u00bb align_last_edited=\u00a0\u00bbon|desktop\u00a0\u00bb _builder_version=\u00a0\u00bb4.16&Prime; custom_margin=\u00a0\u00bb20px|||\u00a0\u00bb border_radii=\u00a0\u00bbon|10px|10px|10px|10px\u00a0\u00bb global_colors_info=\u00a0\u00bb{}\u00a0\u00bb \/][et_pb_text _builder_version=\u00a0\u00bb4.16&Prime; text_font_size=\u00a0\u00bb12px\u00a0\u00bb global_colors_info=\u00a0\u00bb{}\u00a0\u00bb]<\/p>\n<p>\nKrait Ray\u00e9 (Bungarus Caeruleus)<\/p>\n<p>[\/et_pb_text][\/et_pb_column][\/et_pb_row][\/et_pb_section][et_pb_section bb_built=\u00a0\u00bb1&Prime; _builder_version=\u00a0\u00bb4.16&Prime; background_color=\u00a0\u00bb#f4f4f4&Prime; global_colors_info=\u00a0\u00bb{}\u00a0\u00bb prev_background_color=\u00a0\u00bb#ffffff\u00a0\u00bb next_background_color=\u00a0\u00bb#ffffff\u00a0\u00bb][et_pb_row _builder_version=\u00a0\u00bb4.16&Prime; background_size=\u00a0\u00bbinitial\u00a0\u00bb background_position=\u00a0\u00bbtop_left\u00a0\u00bb background_repeat=\u00a0\u00bbrepeat\u00a0\u00bb global_colors_info=\u00a0\u00bb{}\u00a0\u00bb][et_pb_column type=\u00a0\u00bb4_4&Prime; _builder_version=\u00a0\u00bb4.16&Prime; custom_padding=\u00a0\u00bb|||\u00a0\u00bb global_colors_info=\u00a0\u00bb{}\u00a0\u00bb custom_padding__hover=\u00a0\u00bb|||\u00a0\u00bb][et_pb_text admin_label=\u00a0\u00bbWat niet mag ontbreken in je bagage\u00a0\u00bb _builder_version=\u00a0\u00bb4.16&Prime; header_font=\u00a0\u00bb|800|||||||\u00a0\u00bb header_font_size_tablet=\u00a0\u00bb24px\u00a0\u00bb header_font_size_last_edited=\u00a0\u00bbon|tablet\u00a0\u00bb global_colors_info=\u00a0\u00bb{}\u00a0\u00bb]<\/p>\n<h3>Ce qui ne doit pas manquer dans vos bagages<\/h3>\n<p>[\/et_pb_text][\/et_pb_column][\/et_pb_row][et_pb_row column_structure=\u00a0\u00bb1_4,1_4,1_4,1_4&Prime; make_equal=\u00a0\u00bbon\u00a0\u00bb _builder_version=\u00a0\u00bb4.16&Prime; border_radii=\u00a0\u00bbon|10px|10px|10px|10px\u00a0\u00bb global_colors_info=\u00a0\u00bb{}\u00a0\u00bb][et_pb_column type=\u00a0\u00bb1_4&Prime; _builder_version=\u00a0\u00bb4.16&Prime; background_color=\u00a0\u00bb#ffffff\u00a0\u00bb custom_padding=\u00a0\u00bb||20px|\u00a0\u00bb global_colors_info=\u00a0\u00bb{}\u00a0\u00bb custom_padding__hover=\u00a0\u00bb|||\u00a0\u00bb][et_pb_image src=\u00a0\u00bbhttps:\/\/www.careplus.eu\/wp-content\/uploads\/2019\/01\/klamboe-solo-box.jpg\u00a0\u00bb align=\u00a0\u00bbcenter\u00a0\u00bb align_tablet=\u00a0\u00bbcenter\u00a0\u00bb align_last_edited=\u00a0\u00bbon|desktop\u00a0\u00bb _builder_version=\u00a0\u00bb4.16&Prime; background_color=\u00a0\u00bb#ffffff\u00a0\u00bb custom_padding=\u00a0\u00bb10px|10px|10px|10px\u00a0\u00bb border_radii=\u00a0\u00bbon|10px|10px|10px|10px\u00a0\u00bb global_colors_info=\u00a0\u00bb{}\u00a0\u00bb \/][et_pb_button button_url=\u00a0\u00bbhttps:\/\/www.careplus.eu\/fr\/moustiques-et-tiques\/proteger\/moustiquaires\/\u00a0\u00bb button_text=\u00a0\u00bbMoustiquaires\u00a0\u00bb button_alignment=\u00a0\u00bbcenter\u00a0\u00bb _builder_version=\u00a0\u00bb4.16&Prime; background_layout=\u00a0\u00bbdark\u00a0\u00bb global_colors_info=\u00a0\u00bb{}\u00a0\u00bb \/][\/et_pb_column][et_pb_column type=\u00a0\u00bb1_4&Prime; _builder_version=\u00a0\u00bb4.16&Prime; background_color=\u00a0\u00bb#ffffff\u00a0\u00bb custom_padding=\u00a0\u00bb||20px|\u00a0\u00bb global_colors_info=\u00a0\u00bb{}\u00a0\u00bb custom_padding__hover=\u00a0\u00bb|||\u00a0\u00bb][et_pb_image src=\u00a0\u00bbhttps:\/\/www.careplus.eu\/wp-content\/uploads\/2020\/06\/careplus-anti-insect-deet-60ml-50-2.jpg\u00a0\u00bb title_text=\u00a0\u00bbcareplus-anti-insect-deet-60ml-50&Prime; align=\u00a0\u00bbcenter\u00a0\u00bb align_tablet=\u00a0\u00bbcenter\u00a0\u00bb align_last_edited=\u00a0\u00bbon|desktop\u00a0\u00bb _builder_version=\u00a0\u00bb4.16&Prime; background_color=\u00a0\u00bb#ffffff\u00a0\u00bb border_radii=\u00a0\u00bbon|10px|10px|10px|10px\u00a0\u00bb global_colors_info=\u00a0\u00bb{}\u00a0\u00bb \/][et_pb_button button_url=\u00a0\u00bbhttps:\/\/www.careplus.eu\/fr\/moustiques-et-tiques\/proteger\/anti-insect-deet\/\u00a0\u00bb button_text=\u00a0\u00bbAnti-Insect DEET\u00a0\u00bb button_alignment=\u00a0\u00bbcenter\u00a0\u00bb _builder_version=\u00a0\u00bb4.16&Prime; background_layout=\u00a0\u00bbdark\u00a0\u00bb global_colors_info=\u00a0\u00bb{}\u00a0\u00bb \/][\/et_pb_column][et_pb_column type=\u00a0\u00bb1_4&Prime; _builder_version=\u00a0\u00bb4.16&Prime; background_color=\u00a0\u00bb#ffffff\u00a0\u00bb custom_padding=\u00a0\u00bb||20px|\u00a0\u00bb global_colors_info=\u00a0\u00bb{}\u00a0\u00bb custom_padding__hover=\u00a0\u00bb|||\u00a0\u00bb][et_pb_image src=\u00a0\u00bbhttps:\/\/www.careplus.eu\/wp-content\/uploads\/2024\/01\/Care-Plus\u00ae-First-Aid-Kit-Basic-2.webp\u00a0\u00bb align=\u00a0\u00bbcenter\u00a0\u00bb align_tablet=\u00a0\u00bbcenter\u00a0\u00bb align_last_edited=\u00a0\u00bbon|desktop\u00a0\u00bb _builder_version=\u00a0\u00bb4.27.0&Prime; global_colors_info=\u00a0\u00bb{}\u00a0\u00bb background_pattern_color=\u00a0\u00bbrgba(0,0,0,0.2)\u00a0\u00bb background_mask_color=\u00a0\u00bb#ffffff\u00a0\u00bb box_shadow_horizontal_tablet=\u00a0\u00bb0px\u00a0\u00bb box_shadow_vertical_tablet=\u00a0\u00bb0px\u00a0\u00bb box_shadow_blur_tablet=\u00a0\u00bb40px\u00a0\u00bb box_shadow_spread_tablet=\u00a0\u00bb0px\u00a0\u00bb vertical_offset_tablet=\u00a0\u00bb0&Prime; horizontal_offset_tablet=\u00a0\u00bb0&Prime; z_index_tablet=\u00a0\u00bb0&Prime; \/][et_pb_button button_url=\u00a0\u00bbhttps:\/\/www.careplus.eu\/fr\/premiers-secours-en-voyage\/trousses-de-premiers-secours\/\u00a0\u00bb button_text=\u00a0\u00bbPremiers secours\u00a0\u00bb button_alignment=\u00a0\u00bbcenter\u00a0\u00bb _builder_version=\u00a0\u00bb4.16&Prime; background_layout=\u00a0\u00bbdark\u00a0\u00bb global_colors_info=\u00a0\u00bb{}\u00a0\u00bb \/][\/et_pb_column][et_pb_column type=\u00a0\u00bb1_4&Prime; _builder_version=\u00a0\u00bb4.16&Prime; background_color=\u00a0\u00bb#ffffff\u00a0\u00bb custom_padding=\u00a0\u00bb||20px|\u00a0\u00bb global_colors_info=\u00a0\u00bb{}\u00a0\u00bb custom_padding__hover=\u00a0\u00bb|||\u00a0\u00bb][et_pb_image src=\u00a0\u00bbhttps:\/\/www.careplus.eu\/wp-content\/uploads\/2024\/06\/care-plus-zonnebrand-factor-30-factor-50.jpg.webp\u00a0\u00bb title_text=\u00a0\u00bbzonnebrand-1&Prime; align=\u00a0\u00bbcenter\u00a0\u00bb align_tablet=\u00a0\u00bbcenter\u00a0\u00bb align_last_edited=\u00a0\u00bbon|desktop\u00a0\u00bb _builder_version=\u00a0\u00bb4.27.0&Prime; background_color=\u00a0\u00bb#ffffff\u00a0\u00bb border_radii=\u00a0\u00bbon|10px|10px|10px|10px\u00a0\u00bb global_colors_info=\u00a0\u00bb{}\u00a0\u00bb background_pattern_color=\u00a0\u00bbrgba(0,0,0,0.2)\u00a0\u00bb background_mask_color=\u00a0\u00bb#ffffff\u00a0\u00bb box_shadow_horizontal_tablet=\u00a0\u00bb0px\u00a0\u00bb box_shadow_vertical_tablet=\u00a0\u00bb0px\u00a0\u00bb box_shadow_blur_tablet=\u00a0\u00bb40px\u00a0\u00bb box_shadow_spread_tablet=\u00a0\u00bb0px\u00a0\u00bb vertical_offset_tablet=\u00a0\u00bb0&Prime; horizontal_offset_tablet=\u00a0\u00bb0&Prime; z_index_tablet=\u00a0\u00bb0&Prime; \/][et_pb_button button_url=\u00a0\u00bbhttps:\/\/www.careplus.eu\/fr\/protection-solaire\/\u00a0\u00bb button_text=\u00a0\u00bbCr\u00e8me solaire\u00a0\u00bb button_alignment=\u00a0\u00bbcenter\u00a0\u00bb _builder_version=\u00a0\u00bb4.16&Prime; background_layout=\u00a0\u00bbdark\u00a0\u00bb global_colors_info=\u00a0\u00bb{}\u00a0\u00bb \/][\/et_pb_column][\/et_pb_row][\/et_pb_section][et_pb_section bb_built=\u00a0\u00bb1&Prime; _builder_version=\u00a0\u00bb4.16&Prime; global_colors_info=\u00a0\u00bb{}\u00a0\u00bb prev_background_color=\u00a0\u00bb#f4f4f4&Prime;][et_pb_row _builder_version=\u00a0\u00bb4.16&Prime; background_size=\u00a0\u00bbinitial\u00a0\u00bb background_position=\u00a0\u00bbtop_left\u00a0\u00bb background_repeat=\u00a0\u00bbrepeat\u00a0\u00bb global_colors_info=\u00a0\u00bb{}\u00a0\u00bb][et_pb_column type=\u00a0\u00bb4_4&Prime; _builder_version=\u00a0\u00bb4.16&Prime; custom_padding=\u00a0\u00bb|||\u00a0\u00bb global_colors_info=\u00a0\u00bb{}\u00a0\u00bb custom_padding__hover=\u00a0\u00bb|||\u00a0\u00bb][et_pb_text admin_label=\u00a0\u00bbHandig om te weten\u00a0\u00bb _builder_version=\u00a0\u00bb4.16&Prime; header_font=\u00a0\u00bb|800|||||||\u00a0\u00bb header_font_size_tablet=\u00a0\u00bb24px\u00a0\u00bb header_font_size_last_edited=\u00a0\u00bbon|tablet\u00a0\u00bb global_colors_info=\u00a0\u00bb{}\u00a0\u00bb]<\/p>\n<h3>Bon \u00e0 savoir<\/h3>\n<p>&nbsp;<\/p>\n<h4>Vaccination<\/h4>\n<p>Si vous voyagez en Asie, il faut bien vous renseigner afin de bien vous pr\u00e9parer. L\u2019Asie se divise en quatre r\u00e9gions dans lesquelles diff\u00e9rents vaccins sont recommand\u00e9s. <\/p>\n<\/p>\n<h4>Visa<\/h4>\n<p>Pour certains pays, vous aurez \u00e0 demander un visa au pr\u00e9alable, par exemple; Chine, Inde et Myanmar. Pour une grande partie des pays vous recevez un visa d\u2019une validit\u00e9 d\u00e9termin\u00e9e \u00e0 l\u2019arriv\u00e9e. Le Cambodge, l\u2019Indon\u00e9sie et les Philippines en sont quelques exemples. Pour une autre partie, vous n\u2019aurez pas du tout besoin de visa. V\u00e9rifiez donc \u00e0 l\u2019avance ou vous souhaitez-vous rendre et si ces pays requi\u00e8rent un visa. <\/p>\n<p>&nbsp;<\/p>\n<h4>Eau<\/h4>\n<p>Dans de nombreux endroits d\u2019Asie, il est impossible de boire l\u2019eau du robinet. Il est conseill\u00e9 de toujours boire l\u2019eau de bouteille. <\/p>\n<\/p>\n<h4>Langue<\/h4>\n<p>Diff\u00e9rentes langues sont parl\u00e9es en Asie et de nombreux pays Asiatiques ont plus d\u2019une langue officielle. Les langues (du monde) les plus importantes parl\u00e9es en Asie sont l\u2019Arabe, le Chinois (Mandarin) le Japonais et le Russe. Dans certaines r\u00e9gions, vous pourrez vous d\u00e9brouiller en Anglais dans quelques pays comme l\u2019Inde, les Philippines et Singapour ou c\u2019est m\u00eame la langue officielle. <\/p>\n<p>[\/et_pb_text][\/et_pb_column][\/et_pb_row][\/et_pb_section]<\/p>\n","protected":false},"excerpt":{"rendered":"<p>Voyager en s\u00e9curit\u00e9 en Asie L\u2019Asie est le plus grand continent sur terre. En 2016, le continent comptait environ 4,46 milliards d\u2019habitant, soit 61% de la population mondiale (7,6 milliard). L\u2019Asie, avec sa superficie de 43 810 000 km\u00b2, couvre 8,6% de la superficie totale de la terre et 29,4% de la superficie terrestre totale. [&hellip;]<\/p>\n","protected":false},"author":37,"featured_media":0,"parent":5913,"menu_order":0,"comment_status":"closed","ping_status":"closed","template":"","meta":{"_acf_changed":false,"_et_pb_use_builder":"on","_et_pb_old_content":"","_et_gb_content_width":"","footnotes":""},"class_list":["post-5710","page","type-page","status-publish","hentry"],"acf":[],"_links":{"self":[{"href":"https:\/\/www.careplus.eu\/fr\/wp-json\/wp\/v2\/pages\/5710","targetHints":{"allow":["GET"]}}],"collection":[{"href":"https:\/\/www.careplus.eu\/fr\/wp-json\/wp\/v2\/pages"}],"about":[{"href":"https:\/\/www.careplus.eu\/fr\/wp-json\/wp\/v2\/types\/page"}],"author":[{"embeddable":true,"href":"https:\/\/www.careplus.eu\/fr\/wp-json\/wp\/v2\/users\/37"}],"replies":[{"embeddable":true,"href":"https:\/\/www.careplus.eu\/fr\/wp-json\/wp\/v2\/comments?post=5710"}],"version-history":[{"count":0,"href":"https:\/\/www.careplus.eu\/fr\/wp-json\/wp\/v2\/pages\/5710\/revisions"}],"up":[{"embeddable":true,"href":"https:\/\/www.careplus.eu\/fr\/wp-json\/wp\/v2\/pages\/5913"}],"wp:attachment":[{"href":"https:\/\/www.careplus.eu\/fr\/wp-json\/wp\/v2\/media?parent=5710"}],"curies":[{"name":"wp","href":"https:\/\/api.w.org\/{rel}","templated":true}]}}