


{"id":5673,"date":"2019-03-20T10:45:49","date_gmt":"2019-03-20T09:45:49","guid":{"rendered":"https:\/\/www.careplus.eu\/amerique-du-sud\/"},"modified":"2024-09-17T08:46:13","modified_gmt":"2024-09-17T07:46:13","slug":"amerique-du-sud","status":"publish","type":"page","link":"https:\/\/www.careplus.eu\/fr\/astuces-et-conseils-pour-voyager-en-toute-securite\/voyages-lointains\/amerique-du-sud\/","title":{"rendered":"Trucs et conseils pour voyager en toute s\u00e9curit\u00e9 en Am\u00e9rique du Sud"},"content":{"rendered":"<p>[et_pb_section bb_built=\u00a0\u00bb1&Prime; fullwidth=\u00a0\u00bbon\u00a0\u00bb _builder_version=\u00a0\u00bb4.21.0&Prime; background_image=\u00a0\u00bbhttps:\/\/www.careplus.eu\/wp-content\/uploads\/2021\/05\/verre-reizen-zuid-amerika.jpg\u00a0\u00bb bottom_divider_style=\u00a0\u00bbcurve\u00a0\u00bb bottom_divider_color=\u00a0\u00bb#ffffff\u00a0\u00bb bottom_divider_height=\u00a0\u00bb40px\u00a0\u00bb hover_enabled=\u00a0\u00bb0&Prime; background_last_edited=\u00a0\u00bboff|desktop\u00a0\u00bb background_image_phone=\u00a0\u00bbhttps:\/\/www.careplus.eu\/wp-content\/uploads\/2021\/05\/verre-reizen-zuid-amerika-4-1024&#215;512.jpg\u00a0\u00bb background_enable_image_phone=\u00a0\u00bbon\u00a0\u00bb global_colors_info=\u00a0\u00bb{}\u00a0\u00bb alt=\u00a0\u00bbAm\u00e9rique du Sud\u00a0\u00bb title_text=\u00a0\u00bbAm\u00e9rique du Sud\u00a0\u00bb bottom_divider_height_last_edited=\u00a0\u00bbon|phone\u00a0\u00bb sticky_enabled=\u00a0\u00bb0&Prime; bottom_divider_height_phone=\u00a0\u00bb20px\u00a0\u00bb bottom_divider_height_tablet=\u00a0\u00bb40px\u00a0\u00bb next_background_color=\u00a0\u00bb#ffffff\u00a0\u00bb][et_pb_fullwidth_slider show_arrows=\u00a0\u00bboff\u00a0\u00bb show_pagination=\u00a0\u00bboff\u00a0\u00bb _builder_version=\u00a0\u00bb4.21.0&Prime; hover_enabled=\u00a0\u00bb0&Prime; global_colors_info=\u00a0\u00bb{}\u00a0\u00bb sticky_enabled=\u00a0\u00bb0&Prime;][et_pb_slide heading=\u00a0\u00bbAm\u00e9rique du Sud\u00a0\u00bb use_bg_overlay=\u00a0\u00bboff\u00a0\u00bb use_text_overlay=\u00a0\u00bboff\u00a0\u00bb _builder_version=\u00a0\u00bb4.16&Prime; header_level=\u00a0\u00bbh1&Prime; header_font=\u00a0\u00bb|800|||||||\u00a0\u00bb header_font_size=\u00a0\u00bb36&Prime; background_color=\u00a0\u00bbRGBA(0,0,0,0)\u00a0\u00bb background_enable_color=\u00a0\u00bbon\u00a0\u00bb background_enable_image=\u00a0\u00bboff\u00a0\u00bb button_on_hover=\u00a0\u00bbon\u00a0\u00bb custom_padding=\u00a0\u00bb15%||15%|\u00a0\u00bb custom_padding_tablet=\u00a0\u00bb22%||10%|\u00a0\u00bb custom_padding_phone=\u00a0\u00bb30%||30%|\u00a0\u00bb custom_padding_last_edited=\u00a0\u00bbon|desktop\u00a0\u00bb header_font_size_tablet=\u00a0\u00bb30&Prime; header_font_size_phone=\u00a0\u00bb30&Prime; header_font_size_last_edited=\u00a0\u00bbon|tablet\u00a0\u00bb header_text_shadow_style=\u00a0\u00bbpreset3&Prime; header_text_shadow_blur_strength=\u00a0\u00bb0.5em\u00a0\u00bb header_text_shadow_color=\u00a0\u00bbrgba(0,0,0,0.6)\u00a0\u00bb global_colors_info=\u00a0\u00bb{}\u00a0\u00bb sticky_transition=\u00a0\u00bbon\u00a0\u00bb][\/et_pb_slide][\/et_pb_fullwidth_slider][\/et_pb_section][et_pb_section bb_built=\u00a0\u00bb1&Prime; _builder_version=\u00a0\u00bb4.21.0&Prime; hover_enabled=\u00a0\u00bb0&Prime; global_colors_info=\u00a0\u00bb{}\u00a0\u00bb custom_margin=\u00a0\u00bb50px||||false|false\u00a0\u00bb custom_padding=\u00a0\u00bb0px||||false|false\u00a0\u00bb sticky_enabled=\u00a0\u00bb0&Prime; prev_background_color=\u00a0\u00bb#000000&Prime; next_background_color=\u00a0\u00bb#f4f4f4&Prime;][et_pb_row disabled_on=\u00a0\u00bboff|off|off\u00a0\u00bb _builder_version=\u00a0\u00bb4.21.0&Prime; background_size=\u00a0\u00bbinitial\u00a0\u00bb background_position=\u00a0\u00bbtop_left\u00a0\u00bb background_repeat=\u00a0\u00bbrepeat\u00a0\u00bb custom_margin=\u00a0\u00bb||||false|false\u00a0\u00bb global_colors_info=\u00a0\u00bb{}\u00a0\u00bb global_module=\u00a0\u00bb18967&Prime;][et_pb_column type=\u00a0\u00bb4_4&Prime; global_parent=\u00a0\u00bb18967&Prime; _builder_version=\u00a0\u00bb4.16&Prime; custom_padding=\u00a0\u00bb|||\u00a0\u00bb global_colors_info=\u00a0\u00bb{}\u00a0\u00bb custom_padding__hover=\u00a0\u00bb|||\u00a0\u00bb][et_pb_dmb_breadcrumbs global_parent=\u00a0\u00bb18967&Prime; _builder_version=\u00a0\u00bb4.16&Prime; body_font_size_tablet=\u00a0\u00bb51&Prime; body_line_height_tablet=\u00a0\u00bb2&Prime; separator_font_size_tablet=\u00a0\u00bb51&Prime; separator_line_height_tablet=\u00a0\u00bb2&Prime; link_font_size_tablet=\u00a0\u00bb51&Prime; link_line_height_tablet=\u00a0\u00bb2&Prime; linkhover_font_size_tablet=\u00a0\u00bb51&Prime; linkhover_line_height_tablet=\u00a0\u00bb2&Prime; global_colors_info=\u00a0\u00bb{}\u00a0\u00bb \/][\/et_pb_column][\/et_pb_row][et_pb_row column_structure=\u00a0\u00bb2_3,1_3&Prime; _builder_version=\u00a0\u00bb4.16&Prime; border_radii=\u00a0\u00bbon|0px|0px|0px|0px\u00a0\u00bb global_colors_info=\u00a0\u00bb{}\u00a0\u00bb][et_pb_column type=\u00a0\u00bb2_3&Prime; _builder_version=\u00a0\u00bb4.16&Prime; custom_padding=\u00a0\u00bb|||\u00a0\u00bb global_colors_info=\u00a0\u00bb{}\u00a0\u00bb custom_padding__hover=\u00a0\u00bb|||\u00a0\u00bb][et_pb_text admin_label=\u00a0\u00bbAlgemene text\u00a0\u00bb _builder_version=\u00a0\u00bb4.16&Prime; header_font=\u00a0\u00bb|800|||||||\u00a0\u00bb header_2_font=\u00a0\u00bb|800|||||||\u00a0\u00bb header_font_size_tablet=\u00a0\u00bb24px\u00a0\u00bb header_font_size_last_edited=\u00a0\u00bbon|desktop\u00a0\u00bb global_colors_info=\u00a0\u00bb{}\u00a0\u00bb]<\/p>\n<h2>Voyager en s\u00e9curit\u00e9 en Am\u00e9rique du Sud<\/h2>\n<p><strong>L\u2019Am\u00e9rique du Sud est un continent situ\u00e9 sur l\u2019h\u00e9misph\u00e8re sud, au sud de l\u2019Am\u00e9rique du Nord et au nord de l\u2019Antarctique. Le continent est d\u00e9limit\u00e9 par l\u2019Oc\u00e9an Pacifique \u00e0 l\u2019ouest et l\u2019Oc\u00e9an Atlantique \u00e0 l\u2019est. De plus, l\u2019Am\u00e9rique du Sud compte environ 385 millions d\u2019habitants et on y parle plusieurs langues, notamment le Fran\u00e7ais, l\u2019Espagnol et le Portugais. La superficie totale de l\u2019Am\u00e9rique du Sud fait 17.840.000 km\u00b2.<\/strong><\/p>\n<p>[\/et_pb_text][et_pb_text admin_label=\u00a0\u00bbKlimaat\u00a0\u00bb _builder_version=\u00a0\u00bb4.16&Prime; header_font=\u00a0\u00bb|800|||||||\u00a0\u00bb header_font_size_tablet=\u00a0\u00bb24px\u00a0\u00bb header_font_size_last_edited=\u00a0\u00bbon|tablet\u00a0\u00bb global_colors_info=\u00a0\u00bb{}\u00a0\u00bb]<\/p>\n<h3>Climat<\/h3>\n<p>Vous trouverez les climats les plus divers en Am\u00e9rique du Sud. La premi\u00e8re raison est qu\u2019elle se trouve entre deux oc\u00e9ans, l\u2019oc\u00e9an Atlantique et l\u2019Oc\u00e9an Pacifique. Mais les \u00e9v\u00e8nements topographiques jouent \u00e9galement un r\u00f4le important. La hauteur, le fait qu\u2019il s\u2019agisse d\u2019une r\u00e9gion c\u00f4ti\u00e8re, d\u2019un d\u00e9sert ou d\u2019une for\u00eat tropicale, a une influence sur le climat. Ci-dessous vous trouverez un aper\u00e7u des climats dans les diff\u00e9rentes parties de l\u2019Am\u00e9rique du Sud.<\/p>\n<p>&nbsp;<\/p>\n<h4>Climat dans r\u00e9gion Amazonienne<\/h4>\n<p>Le climat de la r\u00e9gion Amazonienne est tropical, humide et chaud. Les temp\u00e9ratures varient pendant l\u2019ann\u00e9e de 24 \u00e0 30 degr\u00e9s. C\u2019est pourquoi la r\u00e9gion Amazonienne ne se divise pas en saisons, mais connait une saison s\u00e8che et une saison humide. La saison s\u00e8che dure du mois de juillet au mois de d\u00e9cembre dans la plupart des parties. La saison des pluies va du mois de novembre au mois de mai. Pendant cette p\u00e9riode, il pleut au moins 19 jours par mois.<\/p>\n<p>&nbsp;<\/p>\n<h4>Climat en Patagonie<\/h4>\n<p>La Patagonie est une grande r\u00e9gion des \u00e9tats d\u2019Argentine et du Chili. Les Andes ont une grande influence sur le climat. Les Andes divisent la Patagonie en deux, ce qui permet de distinguer la Patagonie de l\u2019ouest et la Patagonie de l\u2019Est. A l\u2019ouest r\u00e8gne un climat frais avec beaucoup d\u2019averses. A l\u2019est-c\u2019est plut\u00f4t un climat sec, comparable au climat d\u00e9sertique.<\/p>\n<p>&nbsp;<\/p>\n<h4>Climat dans les Andes<\/h4>\n<p>Le climat dans les Andes d\u00e9pend fortement de la hauteur de la r\u00e9gion. G\u00e9n\u00e9ralement, il fait plus frais dans les chaines alpines que dans les zones rurales. A une hauteur de 1000 m\u00e8tres, la temp\u00e9rature moyenne atteint les 25 degr\u00e9s. Plus vous grimpez en hauteur, plus il fait frais. A une hauteur de 3500 m\u00e8tres, la temp\u00e9rature moyenne ne fait plus que 12 degr\u00e9s. Les temp\u00e9ratures moyennes de 0 degr\u00e9s ne sont atteints qu\u2019\u00e0 partir d\u2019une hauteur de 5000 m\u00e8tres. La saison des pluies dans les Andes dure du mois de novembre au mois de mars.<\/p>\n<p>&nbsp;<\/p>\n<h4>Climat dans le d\u00e9sert d\u2019Atacama<\/h4>\n<p>Le d\u00e9sert d\u2019Atacama s\u2019\u00e9tend sur une distance de 1200 kilom\u00e8tres le long de la c\u00f4te pacifique de l\u2019Am\u00e9rique du Sud. Il est situ\u00e9 au nord du Chili et au dus du P\u00e9rou. Le climat de la c\u00f4te d\u2019Atacama est tr\u00e8s sec. Le d\u00e9sert est situ\u00e9 dans l\u2019ombre de pluie des Andes, il n\u2019y pleut donc que toutes les quelques ann\u00e9es. A cause des vents froids le climat dans le d\u00e9sert d\u2019Atacama n\u2019est pas insupportablement chaud. La temp\u00e9rature y est en moyenne de 25 degr\u00e9s.<\/p>\n<p>[\/et_pb_text][\/et_pb_column][et_pb_column type=\u00a0\u00bb1_3&Prime; _builder_version=\u00a0\u00bb4.16&Prime; custom_padding=\u00a0\u00bb|||\u00a0\u00bb global_colors_info=\u00a0\u00bb{}\u00a0\u00bb custom_padding__hover=\u00a0\u00bb|||\u00a0\u00bb][et_pb_divider show_divider=\u00a0\u00bboff\u00a0\u00bb _builder_version=\u00a0\u00bb4.16&Prime; global_colors_info=\u00a0\u00bb{}\u00a0\u00bb \/][et_pb_image src=\u00a0\u00bbhttps:\/\/www.careplus.eu\/wp-content\/uploads\/2019\/04\/Kaart_ame\u0301rique-du-sud.jpg\u00a0\u00bb show_in_lightbox=\u00a0\u00bbon\u00a0\u00bb use_overlay=\u00a0\u00bbon\u00a0\u00bb overlay_icon_color=\u00a0\u00bb#ffffff\u00a0\u00bb hover_overlay_color=\u00a0\u00bbrgba(0,0,0,0)\u00a0\u00bb hover_icon=\u00a0\u00bb&#x54;||divi||400&Prime; align_tablet=\u00a0\u00bbcenter\u00a0\u00bb align_last_edited=\u00a0\u00bbon|desktop\u00a0\u00bb _builder_version=\u00a0\u00bb4.16&Prime; global_colors_info=\u00a0\u00bb{}\u00a0\u00bb \/][et_pb_text _builder_version=\u00a0\u00bb4.16&Prime; text_font_size=\u00a0\u00bb12px\u00a0\u00bb background_color=\u00a0\u00bb#f4f4f4&Prime; custom_padding=\u00a0\u00bb20px|20px|20px|20px\u00a0\u00bb border_radii=\u00a0\u00bbon|10px|10px|10px|10px\u00a0\u00bb global_colors_info=\u00a0\u00bb{}\u00a0\u00bb]<\/p>\n<p><strong>Superficie:<\/strong>&nbsp;\u00a017 840 000 km\u00b2<br \/><strong>Nombre d&rsquo;habitants:<\/strong>&nbsp;\u00a0385 millions<br \/><strong>Climat: <\/strong>Vari\u00e9<\/p>\n<p>[\/et_pb_text][\/et_pb_column][\/et_pb_row][\/et_pb_section][et_pb_section bb_built=\u00a0\u00bb1&Prime; _builder_version=\u00a0\u00bb4.16&Prime; background_color=\u00a0\u00bb#f4f4f4&Prime; global_colors_info=\u00a0\u00bb{}\u00a0\u00bb prev_background_color=\u00a0\u00bb#ffffff\u00a0\u00bb next_background_color=\u00a0\u00bb#ffffff\u00a0\u00bb][et_pb_row _builder_version=\u00a0\u00bb4.16&Prime; background_size=\u00a0\u00bbinitial\u00a0\u00bb background_position=\u00a0\u00bbtop_left\u00a0\u00bb background_repeat=\u00a0\u00bbrepeat\u00a0\u00bb global_colors_info=\u00a0\u00bb{}\u00a0\u00bb][et_pb_column type=\u00a0\u00bb4_4&Prime; _builder_version=\u00a0\u00bb4.16&Prime; custom_padding=\u00a0\u00bb|||\u00a0\u00bb global_colors_info=\u00a0\u00bb{}\u00a0\u00bb custom_padding__hover=\u00a0\u00bb|||\u00a0\u00bb][et_pb_text admin_label=\u00a0\u00bbTropische ziektes\u00a0\u00bb _builder_version=\u00a0\u00bb4.16&Prime; global_colors_info=\u00a0\u00bb{}\u00a0\u00bb]<\/p>\n<h3>Maladies tropicales en Am\u00e9rique du Sud<\/h3>\n<p>[\/et_pb_text][\/et_pb_column][\/et_pb_row][et_pb_row column_structure=\u00a0\u00bb1_5,1_5,1_5,1_5,1_5&Prime; _builder_version=\u00a0\u00bb4.16&Prime; background_size=\u00a0\u00bbinitial\u00a0\u00bb background_position=\u00a0\u00bbtop_left\u00a0\u00bb background_repeat=\u00a0\u00bbrepeat\u00a0\u00bb global_colors_info=\u00a0\u00bb{}\u00a0\u00bb][et_pb_column type=\u00a0\u00bb1_5&Prime; _builder_version=\u00a0\u00bb4.16&Prime; custom_padding=\u00a0\u00bb|||\u00a0\u00bb global_colors_info=\u00a0\u00bb{}\u00a0\u00bb custom_padding__hover=\u00a0\u00bb|||\u00a0\u00bb][et_pb_text admin_label=\u00a0\u00bbDengue\u00a0\u00bb _builder_version=\u00a0\u00bb4.16&Prime; header_font=\u00a0\u00bb|800|||||||\u00a0\u00bb background_color=\u00a0\u00bb#ffffff\u00a0\u00bb custom_padding=\u00a0\u00bb20px|20px|20px|20px\u00a0\u00bb header_font_size_tablet=\u00a0\u00bb24px\u00a0\u00bb header_font_size_last_edited=\u00a0\u00bbon|tablet\u00a0\u00bb border_radii=\u00a0\u00bbon|10px|10px|10px|10px\u00a0\u00bb global_colors_info=\u00a0\u00bb{}\u00a0\u00bb]<\/p>\n<h3>Dengue<\/h3>\n<p>Oui, la <a href=\"\/fr\/astuces-et-conseils-pour-voyager-en-toute-securite\/protection-contre-les-maladies-tropicales\/dengue\/\">dengue<\/a>\u00a0s\u00e9vit en Am\u00e9rique du Sud.<\/p>\n<p>[\/et_pb_text][\/et_pb_column][et_pb_column type=\u00a0\u00bb1_5&Prime; _builder_version=\u00a0\u00bb4.16&Prime; custom_padding=\u00a0\u00bb|||\u00a0\u00bb global_colors_info=\u00a0\u00bb{}\u00a0\u00bb custom_padding__hover=\u00a0\u00bb|||\u00a0\u00bb][et_pb_text admin_label=\u00a0\u00bbGele koorts\u00a0\u00bb _builder_version=\u00a0\u00bb4.16&Prime; background_color=\u00a0\u00bb#ffffff\u00a0\u00bb custom_padding=\u00a0\u00bb20px|20px|20px|20px\u00a0\u00bb border_radii=\u00a0\u00bbon|10px|10px|10px|10px\u00a0\u00bb global_colors_info=\u00a0\u00bb{}\u00a0\u00bb]<\/p>\n<h3>Fi\u00e8vre jaune<\/h3>\n<p>Oui, la <a href=\"\/fr\/astuces-et-conseils-pour-voyager-en-toute-securite\/protection-contre-les-maladies-tropicales\/fievre-jaune\/\">fi\u00e8vre jaune <\/a>s\u00e9vit en Am\u00e9rique du Sud.<\/p>\n<p>[\/et_pb_text][\/et_pb_column][et_pb_column type=\u00a0\u00bb1_5&Prime; _builder_version=\u00a0\u00bb4.16&Prime; custom_padding=\u00a0\u00bb|||\u00a0\u00bb global_colors_info=\u00a0\u00bb{}\u00a0\u00bb custom_padding__hover=\u00a0\u00bb|||\u00a0\u00bb][et_pb_text admin_label=\u00a0\u00bbMaladie du Nil Occidental\u00a0\u00bb _builder_version=\u00a0\u00bb4.16&Prime; background_color=\u00a0\u00bb#ffffff\u00a0\u00bb custom_padding=\u00a0\u00bb20px|20px|20px|20px\u00a0\u00bb border_radii=\u00a0\u00bbon|10px|10px|10px|10px\u00a0\u00bb global_colors_info=\u00a0\u00bb{}\u00a0\u00bb]<\/p>\n<h3>Maladie du Nil Occidental<\/h3>\n<p>Oui, la <a href=\"https:\/\/www.careplus.eu\/fr\/astuces-et-conseils-pour-voyager-en-toute-securite\/protection-contre-les-maladies-tropicales\/maladie-du-nil-occidental\/\">maladie du Nil Occidental\u00a0<\/a><br \/>s\u00e9vit en Am\u00e9rique du Sud.<\/p>\n<p>[\/et_pb_text][\/et_pb_column][et_pb_column type=\u00a0\u00bb1_5&Prime; _builder_version=\u00a0\u00bb4.16&Prime; custom_padding=\u00a0\u00bb|||\u00a0\u00bb global_colors_info=\u00a0\u00bb{}\u00a0\u00bb custom_padding__hover=\u00a0\u00bb|||\u00a0\u00bb][et_pb_text admin_label=\u00a0\u00bbMalaria\u00a0\u00bb _builder_version=\u00a0\u00bb4.16&Prime; background_color=\u00a0\u00bb#ffffff\u00a0\u00bb custom_padding=\u00a0\u00bb20px|20px|20px|20px\u00a0\u00bb border_radii=\u00a0\u00bbon|10px|10px|10px|10px\u00a0\u00bb global_colors_info=\u00a0\u00bb{}\u00a0\u00bb]<\/p>\n<h3>Paludisme <\/h3>\n<p>Oui, la <a href=\"\/fr\/astuces-et-conseils-pour-voyager-en-toute-securite\/protection-contre-les-maladies-tropicales\/la-malaria\/\">paludisme <\/a>\u00a0s\u00e9vit en Am\u00e9rique du Sud.<\/p>\n<p>[\/et_pb_text][\/et_pb_column][et_pb_column type=\u00a0\u00bb1_5&Prime; _builder_version=\u00a0\u00bb4.16&Prime; custom_padding=\u00a0\u00bb|||\u00a0\u00bb global_colors_info=\u00a0\u00bb{}\u00a0\u00bb custom_padding__hover=\u00a0\u00bb|||\u00a0\u00bb][et_pb_text admin_label=\u00a0\u00bbZika\u00a0\u00bb _builder_version=\u00a0\u00bb4.16&Prime; background_color=\u00a0\u00bb#ffffff\u00a0\u00bb custom_padding=\u00a0\u00bb20px|20px|20px|20px\u00a0\u00bb border_radii=\u00a0\u00bbon|10px|10px|10px|10px\u00a0\u00bb global_colors_info=\u00a0\u00bb{}\u00a0\u00bb]<\/p>\n<h3>Zika<\/h3>\n<p>Oui, <a href=\"\/fr\/astuces-et-conseils-pour-voyager-en-toute-securite\/protection-contre-les-maladies-tropicales\/Zika\/\">Zika<\/a>\u00a0s\u00e9vit en Am\u00e9rique du Sud.<\/p>\n<p>[\/et_pb_text][\/et_pb_column][\/et_pb_row][\/et_pb_section][et_pb_section bb_built=\u00a0\u00bb1&Prime; _builder_version=\u00a0\u00bb4.16&Prime; global_colors_info=\u00a0\u00bb{}\u00a0\u00bb prev_background_color=\u00a0\u00bb#f4f4f4&Prime; next_background_color=\u00a0\u00bb#f4f4f4&Prime;][et_pb_row _builder_version=\u00a0\u00bb4.16&Prime; background_size=\u00a0\u00bbinitial\u00a0\u00bb background_position=\u00a0\u00bbtop_left\u00a0\u00bb background_repeat=\u00a0\u00bbrepeat\u00a0\u00bb global_colors_info=\u00a0\u00bb{}\u00a0\u00bb][et_pb_column type=\u00a0\u00bb4_4&Prime; _builder_version=\u00a0\u00bb4.16&Prime; custom_padding=\u00a0\u00bb|||\u00a0\u00bb global_colors_info=\u00a0\u00bb{}\u00a0\u00bb custom_padding__hover=\u00a0\u00bb|||\u00a0\u00bb][et_pb_text admin_label=\u00a0\u00bbGevaarlijke dieren\u00a0\u00bb _builder_version=\u00a0\u00bb4.16&Prime; header_font=\u00a0\u00bb|800|||||||\u00a0\u00bb header_font_size_tablet=\u00a0\u00bb24px\u00a0\u00bb header_font_size_last_edited=\u00a0\u00bbon|tablet\u00a0\u00bb global_colors_info=\u00a0\u00bb{}\u00a0\u00bb]<\/p>\n<h3>Les animaux dangereux en Am\u00e9rique du Sud<\/h3>\n<p>En plus de tous ces magnifiques animaux exotiques, vous aurez \u00e9galement \u00e0 faire \u00e0 des animaux moins sympathiques pendant votre voyage \u00e0 travers l\u2019Am\u00e9rique du Sud qui peuvent \u00eatre porteurs de maladie ou m\u00eame \u00eatre mortels. Les informations ci-dessous vous donnerons un aper\u00e7u de ce \u00e0 quoi vous devez faire attention et vous permettrons de bien vous pr\u00e9parer pour votre voyage.<\/p>\n<p>[\/et_pb_text][\/et_pb_column][\/et_pb_row][et_pb_row column_structure=\u00a0\u00bb2_3,1_3&Prime; _builder_version=\u00a0\u00bb4.16&Prime; background_size=\u00a0\u00bbinitial\u00a0\u00bb background_position=\u00a0\u00bbtop_left\u00a0\u00bb background_repeat=\u00a0\u00bbrepeat\u00a0\u00bb global_colors_info=\u00a0\u00bb{}\u00a0\u00bb][et_pb_column type=\u00a0\u00bb2_3&Prime; _builder_version=\u00a0\u00bb4.16&Prime; custom_padding=\u00a0\u00bb|||\u00a0\u00bb global_colors_info=\u00a0\u00bb{}\u00a0\u00bb custom_padding__hover=\u00a0\u00bb|||\u00a0\u00bb][et_pb_text admin_label=\u00a0\u00bbMuggen\u00a0\u00bb _builder_version=\u00a0\u00bb4.16&Prime; header_font=\u00a0\u00bb|800|||||||\u00a0\u00bb header_font_size_tablet=\u00a0\u00bb24px\u00a0\u00bb header_font_size_last_edited=\u00a0\u00bbon|tablet\u00a0\u00bb global_colors_info=\u00a0\u00bb{}\u00a0\u00bb]<\/p>\n<h4>Moustiques<\/h4>\n<p>La premi\u00e8re place est occup\u00e9e par un tout petit insecte: le moustique. Le moustique peut \u00eatre mortel en Am\u00e9rique du Sud. Ils r\u00e9pandent des maladies telles que la paludisme, la dengue et Zika. Les moustiques font pr\u00e8s de trois millions de victimes chaque ann\u00e9e. Le moustique de la paludisme n\u2019est actif que le soir et la nuit, celui de la dengue quant \u00e0 lui s\u2019active le jour. Prot\u00e9gez-vous donc continuellement en dormant sous une <a href=\"https:\/\/www.careplus.eu\/fr\/moustiques-et-tiques\/proteger\/moustiquaires\/\">moustiquaire<\/a>, en utilisant un Anti-Insect DEET et en portant des <a href=\"https:\/\/www.careplus.eu\/fr\/moustiques-et-tiques\/proteger\/chaussettes\/\">chaussettes r\u00e9pulsives anti-insectes<\/a>. Vous avez tout de m\u00eame \u00e9t\u00e9 piqu\u00e9? Dans ce cas, utilisez un <a href=\"https:\/\/www.careplus.eu\/fr\/moustiques-et-tiques\/traiter-une-morsure\/aspirateur-de-venin\/\">aspirateur de venin<\/a> pour retirer le venin. Vous \u00e9viterez, ce faisant, la diffusion du venin dans votre corps. Consultez toujours imm\u00e9diatement un m\u00e9decin si vous deviez voir apparaitre les sympt\u00f4mes <\/p>\n<p>[\/et_pb_text][\/et_pb_column][et_pb_column type=\u00a0\u00bb1_3&Prime; _builder_version=\u00a0\u00bb4.16&Prime; custom_padding=\u00a0\u00bb|||\u00a0\u00bb global_colors_info=\u00a0\u00bb{}\u00a0\u00bb custom_padding__hover=\u00a0\u00bb|||\u00a0\u00bb][et_pb_image src=\u00a0\u00bbhttps:\/\/www.careplus.eu\/wp-content\/uploads\/2019\/02\/tijgermug.jpg\u00a0\u00bb show_bottom_space=\u00a0\u00bboff\u00a0\u00bb align=\u00a0\u00bbcenter\u00a0\u00bb align_tablet=\u00a0\u00bbcenter\u00a0\u00bb align_last_edited=\u00a0\u00bbon|desktop\u00a0\u00bb _builder_version=\u00a0\u00bb4.16&Prime; border_radii=\u00a0\u00bbon|10px|10px|10px|10px\u00a0\u00bb global_colors_info=\u00a0\u00bb{}\u00a0\u00bb \/][et_pb_text _builder_version=\u00a0\u00bb4.16&Prime; text_font_size=\u00a0\u00bb12px\u00a0\u00bb border_radii=\u00a0\u00bbon|0px|0px|0px|0px\u00a0\u00bb global_colors_info=\u00a0\u00bb{}\u00a0\u00bb]<\/p>\n<p>\nMoustique-tigre (Aedes albopictus)<\/p>\n<p>[\/et_pb_text][\/et_pb_column][\/et_pb_row][et_pb_row column_structure=\u00a0\u00bb2_3,1_3&Prime; _builder_version=\u00a0\u00bb4.16&Prime; background_size=\u00a0\u00bbinitial\u00a0\u00bb background_position=\u00a0\u00bbtop_left\u00a0\u00bb background_repeat=\u00a0\u00bbrepeat\u00a0\u00bb global_colors_info=\u00a0\u00bb{}\u00a0\u00bb][et_pb_column type=\u00a0\u00bb2_3&Prime; _builder_version=\u00a0\u00bb4.16&Prime; custom_padding=\u00a0\u00bb|||\u00a0\u00bb global_colors_info=\u00a0\u00bb{}\u00a0\u00bb custom_padding__hover=\u00a0\u00bb|||\u00a0\u00bb][et_pb_text admin_label=\u00a0\u00bbKogelmier\u00a0\u00bb _builder_version=\u00a0\u00bb4.16&Prime; header_font=\u00a0\u00bb|800|||||||\u00a0\u00bb header_font_size_tablet=\u00a0\u00bb24px\u00a0\u00bb header_font_size_last_edited=\u00a0\u00bbon|tablet\u00a0\u00bb global_colors_info=\u00a0\u00bb{}\u00a0\u00bb]<\/p>\n<h4>Fourmi balle de fusil<\/h4>\n<p>Soyez pr\u00e9venus, cette fourmi doit son nom au fait que sa piqure provoque une douleur qui ressemble \u00e0 celle d\u2019une balle de pistolet. La fourmi est \u00e9galement appel\u00e9e la 24 (hour) ant, \u00e0 cause de la douleur qui survient apr\u00e8s la piqure et qui peut durer jusqu\u2019\u00e0 une journ\u00e9e. La fourmi est relativement agressive et les chances sont grandes qu\u2019elle vous pique si vous deviez la rencontrer. <\/span><\/p>\n<p>[\/et_pb_text][\/et_pb_column][et_pb_column type=\u00a0\u00bb1_3&Prime; _builder_version=\u00a0\u00bb4.16&Prime; custom_padding=\u00a0\u00bb|||\u00a0\u00bb global_colors_info=\u00a0\u00bb{}\u00a0\u00bb custom_padding__hover=\u00a0\u00bb|||\u00a0\u00bb][et_pb_image src=\u00a0\u00bbhttps:\/\/www.careplus.eu\/wp-content\/uploads\/2019\/02\/bullit-ant.jpg\u00a0\u00bb show_bottom_space=\u00a0\u00bboff\u00a0\u00bb align=\u00a0\u00bbcenter\u00a0\u00bb align_tablet=\u00a0\u00bbcenter\u00a0\u00bb align_last_edited=\u00a0\u00bbon|desktop\u00a0\u00bb _builder_version=\u00a0\u00bb4.16&Prime; border_radii=\u00a0\u00bbon|10px|10px|10px|10px\u00a0\u00bb global_colors_info=\u00a0\u00bb{}\u00a0\u00bb \/][et_pb_text _builder_version=\u00a0\u00bb4.16&Prime; text_font_size=\u00a0\u00bb12px\u00a0\u00bb border_radii=\u00a0\u00bbon|0px|0px|0px|0px\u00a0\u00bb global_colors_info=\u00a0\u00bb{}\u00a0\u00bb]<\/p>\n<p>\nFourmi balle de fusil (Paraponera clavata)<\/p>\n<p>[\/et_pb_text][\/et_pb_column][\/et_pb_row][et_pb_row column_structure=\u00a0\u00bb2_3,1_3&Prime; _builder_version=\u00a0\u00bb4.16&Prime; background_size=\u00a0\u00bbinitial\u00a0\u00bb background_position=\u00a0\u00bbtop_left\u00a0\u00bb background_repeat=\u00a0\u00bbrepeat\u00a0\u00bb global_colors_info=\u00a0\u00bb{}\u00a0\u00bb][et_pb_column type=\u00a0\u00bb2_3&Prime; _builder_version=\u00a0\u00bb4.16&Prime; custom_padding=\u00a0\u00bb|||\u00a0\u00bb global_colors_info=\u00a0\u00bb{}\u00a0\u00bb custom_padding__hover=\u00a0\u00bb|||\u00a0\u00bb][et_pb_text admin_label=\u00a0\u00bbZuidamerikaanse ratelslang\u00a0\u00bb _builder_version=\u00a0\u00bb4.16&Prime; header_font=\u00a0\u00bb|800|||||||\u00a0\u00bb header_font_size_tablet=\u00a0\u00bb24px\u00a0\u00bb header_font_size_last_edited=\u00a0\u00bbon|tablet\u00a0\u00bb global_colors_info=\u00a0\u00bb{}\u00a0\u00bb]<\/p>\n<h4>Serpent \u00e0 sonnette d\u2019Am\u00e9rique du Sud<\/h4>\n<p>Le serpent \u00e0 sonnette d\u2019Am\u00e9rique du Sud vit en Am\u00e9rique du Nord et dans une grande partie d\u2019Am\u00e9rique centrale et du Sud. Son habitat comprend les environnements \u00e9lev\u00e9s, comme les steppes et les bois avec des sols secs. Vous ne le rencontrerez pas rapidement dans les for\u00eats tropicales. Comme tous les serpents \u00e0 sonnette, il est venimeux. Son venin puissant et neurotoxique peut causer des paralysies et une c\u00e9cit\u00e9. S\u2019il vous mord vous devez rechercher une aide m\u00e9dicale rapidement. L\u2019aspirateur de venin peut ralentir le processus. <\/p>\n<p>[\/et_pb_text][\/et_pb_column][et_pb_column type=\u00a0\u00bb1_3&Prime; _builder_version=\u00a0\u00bb4.16&Prime; custom_padding=\u00a0\u00bb|||\u00a0\u00bb global_colors_info=\u00a0\u00bb{}\u00a0\u00bb custom_padding__hover=\u00a0\u00bb|||\u00a0\u00bb][et_pb_image src=\u00a0\u00bbhttps:\/\/www.careplus.eu\/wp-content\/uploads\/2019\/02\/zuidamerikaanse-ratelslang.jpg\u00a0\u00bb show_bottom_space=\u00a0\u00bboff\u00a0\u00bb align=\u00a0\u00bbcenter\u00a0\u00bb align_tablet=\u00a0\u00bbcenter\u00a0\u00bb align_last_edited=\u00a0\u00bbon|desktop\u00a0\u00bb _builder_version=\u00a0\u00bb4.16&Prime; border_radii=\u00a0\u00bbon|10px|10px|10px|10px\u00a0\u00bb global_colors_info=\u00a0\u00bb{}\u00a0\u00bb \/][et_pb_text _builder_version=\u00a0\u00bb4.16&Prime; text_font_size=\u00a0\u00bb12px\u00a0\u00bb border_radii=\u00a0\u00bbon|0px|0px|0px|0px\u00a0\u00bb global_colors_info=\u00a0\u00bb{}\u00a0\u00bb]<\/p>\n<p>\nSerpent \u00e0 sonnette d&rsquo;Am\u00e9rique du Sud (Crotalus durissus)<\/p>\n<p>[\/et_pb_text][\/et_pb_column][\/et_pb_row][et_pb_row column_structure=\u00a0\u00bb2_3,1_3&Prime; _builder_version=\u00a0\u00bb4.16&Prime; background_size=\u00a0\u00bbinitial\u00a0\u00bb background_position=\u00a0\u00bbtop_left\u00a0\u00bb background_repeat=\u00a0\u00bbrepeat\u00a0\u00bb global_colors_info=\u00a0\u00bb{}\u00a0\u00bb][et_pb_column type=\u00a0\u00bb2_3&Prime; _builder_version=\u00a0\u00bb4.16&Prime; custom_padding=\u00a0\u00bb|||\u00a0\u00bb global_colors_info=\u00a0\u00bb{}\u00a0\u00bb custom_padding__hover=\u00a0\u00bb|||\u00a0\u00bb][et_pb_text admin_label=\u00a0\u00bbZwarte Weduwe\u00a0\u00bb _builder_version=\u00a0\u00bb4.16&Prime; header_font=\u00a0\u00bb|800|||||||\u00a0\u00bb header_font_size_tablet=\u00a0\u00bb24px\u00a0\u00bb header_font_size_last_edited=\u00a0\u00bbon|tablet\u00a0\u00bb global_colors_info=\u00a0\u00bb{}\u00a0\u00bb]<\/p>\n<h4>Veuve noire<\/h4>\n<p>La veuve noire est une araign\u00e9e originaire du sud-est des Etats Unis et du Mexique, mais qui s\u2019est r\u00e9pandu sur tous les continents. L\u2019araign\u00e9e, qui appartient aux araign\u00e9es balle de fusil peut atteindre environ 3.8 cm (y compris les pattes) et est principalement r\u00e9put\u00e9e par la morsure de la femelle peut parfois avoir des graves cons\u00e9quences. Cette araign\u00e9e doit son nom \u00e0 la femelle; apr\u00e8s l\u2019accouplement elle attaque le male et le tue. <\/p>\n<p>[\/et_pb_text][\/et_pb_column][et_pb_column type=\u00a0\u00bb1_3&Prime; _builder_version=\u00a0\u00bb4.16&Prime; custom_padding=\u00a0\u00bb|||\u00a0\u00bb global_colors_info=\u00a0\u00bb{}\u00a0\u00bb custom_padding__hover=\u00a0\u00bb|||\u00a0\u00bb][et_pb_image src=\u00a0\u00bbhttps:\/\/www.careplus.eu\/wp-content\/uploads\/2019\/02\/black-widow.jpg\u00a0\u00bb show_bottom_space=\u00a0\u00bboff\u00a0\u00bb align=\u00a0\u00bbcenter\u00a0\u00bb align_tablet=\u00a0\u00bbcenter\u00a0\u00bb align_last_edited=\u00a0\u00bbon|desktop\u00a0\u00bb _builder_version=\u00a0\u00bb4.16&Prime; border_radii=\u00a0\u00bbon|10px|10px|10px|10px\u00a0\u00bb global_colors_info=\u00a0\u00bb{}\u00a0\u00bb \/][et_pb_text _builder_version=\u00a0\u00bb4.16&Prime; text_font_size=\u00a0\u00bb12px\u00a0\u00bb border_radii=\u00a0\u00bbon|0px|0px|0px|0px\u00a0\u00bb global_colors_info=\u00a0\u00bb{}\u00a0\u00bb]<\/p>\n<p>\nVeuve Noire (Latrodectus mactans)<\/p>\n<p>[\/et_pb_text][\/et_pb_column][\/et_pb_row][\/et_pb_section][et_pb_section bb_built=\u00a0\u00bb1&Prime; _builder_version=\u00a0\u00bb4.16&Prime; background_color=\u00a0\u00bb#f4f4f4&Prime; global_colors_info=\u00a0\u00bb{}\u00a0\u00bb prev_background_color=\u00a0\u00bb#ffffff\u00a0\u00bb next_background_color=\u00a0\u00bb#ffffff\u00a0\u00bb][et_pb_row _builder_version=\u00a0\u00bb4.16&Prime; background_size=\u00a0\u00bbinitial\u00a0\u00bb background_position=\u00a0\u00bbtop_left\u00a0\u00bb background_repeat=\u00a0\u00bbrepeat\u00a0\u00bb global_colors_info=\u00a0\u00bb{}\u00a0\u00bb][et_pb_column type=\u00a0\u00bb4_4&Prime; _builder_version=\u00a0\u00bb4.16&Prime; custom_padding=\u00a0\u00bb|||\u00a0\u00bb global_colors_info=\u00a0\u00bb{}\u00a0\u00bb custom_padding__hover=\u00a0\u00bb|||\u00a0\u00bb][et_pb_text admin_label=\u00a0\u00bbWat niet mag ontbreken in je bagage\u00a0\u00bb _builder_version=\u00a0\u00bb4.16&Prime; header_font=\u00a0\u00bb|800|||||||\u00a0\u00bb header_font_size_tablet=\u00a0\u00bb24px\u00a0\u00bb header_font_size_last_edited=\u00a0\u00bbon|tablet\u00a0\u00bb global_colors_info=\u00a0\u00bb{}\u00a0\u00bb]<\/p>\n<h3>Ce qui ne doit pas manquer dans vos bagages<\/h3>\n<p>[\/et_pb_text][\/et_pb_column][\/et_pb_row][et_pb_row column_structure=\u00a0\u00bb1_4,1_4,1_4,1_4&Prime; make_equal=\u00a0\u00bbon\u00a0\u00bb _builder_version=\u00a0\u00bb4.16&Prime; border_radii=\u00a0\u00bbon|10px|10px|10px|10px\u00a0\u00bb global_colors_info=\u00a0\u00bb{}\u00a0\u00bb][et_pb_column type=\u00a0\u00bb1_4&Prime; _builder_version=\u00a0\u00bb4.16&Prime; background_color=\u00a0\u00bb#ffffff\u00a0\u00bb custom_padding=\u00a0\u00bb||20px|\u00a0\u00bb global_colors_info=\u00a0\u00bb{}\u00a0\u00bb custom_padding__hover=\u00a0\u00bb|||\u00a0\u00bb][et_pb_image src=\u00a0\u00bbhttps:\/\/www.careplus.eu\/wp-content\/uploads\/2019\/01\/klamboe-solo-box.jpg\u00a0\u00bb align=\u00a0\u00bbcenter\u00a0\u00bb align_tablet=\u00a0\u00bbcenter\u00a0\u00bb align_last_edited=\u00a0\u00bbon|desktop\u00a0\u00bb _builder_version=\u00a0\u00bb4.16&Prime; background_color=\u00a0\u00bb#ffffff\u00a0\u00bb border_radii=\u00a0\u00bbon|10px|10px|10px|10px\u00a0\u00bb global_colors_info=\u00a0\u00bb{}\u00a0\u00bb \/][et_pb_button button_url=\u00a0\u00bbhttps:\/\/www.careplus.eu\/fr\/moustiques-et-tiques\/proteger\/moustiquaires\/%20&Prime; button_text=\u00a0\u00bbMoustiquaires\u00a0\u00bb button_alignment=\u00a0\u00bbcenter\u00a0\u00bb _builder_version=\u00a0\u00bb4.16&Prime; background_layout=\u00a0\u00bbdark\u00a0\u00bb global_colors_info=\u00a0\u00bb{}\u00a0\u00bb \/][\/et_pb_column][et_pb_column type=\u00a0\u00bb1_4&Prime; _builder_version=\u00a0\u00bb4.16&Prime; background_color=\u00a0\u00bb#ffffff\u00a0\u00bb custom_padding=\u00a0\u00bb||20px|\u00a0\u00bb global_colors_info=\u00a0\u00bb{}\u00a0\u00bb custom_padding__hover=\u00a0\u00bb|||\u00a0\u00bb][et_pb_image src=\u00a0\u00bbhttps:\/\/www.careplus.eu\/wp-content\/uploads\/2020\/06\/careplus-anti-insect-deet-60ml-50-2.jpg\u00a0\u00bb title_text=\u00a0\u00bbcareplus-anti-insect-deet-60ml-50&Prime; align=\u00a0\u00bbcenter\u00a0\u00bb align_tablet=\u00a0\u00bbcenter\u00a0\u00bb align_last_edited=\u00a0\u00bbon|desktop\u00a0\u00bb _builder_version=\u00a0\u00bb4.16&Prime; background_color=\u00a0\u00bb#ffffff\u00a0\u00bb border_radii=\u00a0\u00bbon|10px|10px|10px|10px\u00a0\u00bb global_colors_info=\u00a0\u00bb{}\u00a0\u00bb \/][et_pb_button button_url=\u00a0\u00bbhttps:\/\/www.careplus.eu\/fr\/moustiques-et-tiques\/proteger\/anti-insect-deet\/\u00a0\u00bb button_text=\u00a0\u00bbAnti-Insect DEET\u00a0\u00bb button_alignment=\u00a0\u00bbcenter\u00a0\u00bb _builder_version=\u00a0\u00bb4.16&Prime; background_layout=\u00a0\u00bbdark\u00a0\u00bb global_colors_info=\u00a0\u00bb{}\u00a0\u00bb \/][\/et_pb_column][et_pb_column type=\u00a0\u00bb1_4&Prime; _builder_version=\u00a0\u00bb4.16&Prime; background_color=\u00a0\u00bb#ffffff\u00a0\u00bb custom_padding=\u00a0\u00bb||20px|\u00a0\u00bb global_colors_info=\u00a0\u00bb{}\u00a0\u00bb custom_padding__hover=\u00a0\u00bb|||\u00a0\u00bb][et_pb_image src=\u00a0\u00bbhttps:\/\/www.careplus.eu\/wp-content\/uploads\/2024\/01\/Care-Plus\u00ae-First-Aid-Kit-Basic-2.webp\u00a0\u00bb align=\u00a0\u00bbcenter\u00a0\u00bb align_tablet=\u00a0\u00bbcenter\u00a0\u00bb align_last_edited=\u00a0\u00bbon|desktop\u00a0\u00bb _builder_version=\u00a0\u00bb4.27.0&Prime; global_colors_info=\u00a0\u00bb{}\u00a0\u00bb background_pattern_color=\u00a0\u00bbrgba(0,0,0,0.2)\u00a0\u00bb background_mask_color=\u00a0\u00bb#ffffff\u00a0\u00bb box_shadow_horizontal_tablet=\u00a0\u00bb0px\u00a0\u00bb box_shadow_vertical_tablet=\u00a0\u00bb0px\u00a0\u00bb box_shadow_blur_tablet=\u00a0\u00bb40px\u00a0\u00bb box_shadow_spread_tablet=\u00a0\u00bb0px\u00a0\u00bb vertical_offset_tablet=\u00a0\u00bb0&Prime; horizontal_offset_tablet=\u00a0\u00bb0&Prime; z_index_tablet=\u00a0\u00bb0&Prime; \/][et_pb_button button_url=\u00a0\u00bbhttps:\/\/www.careplus.eu\/fr\/premiers-secours-en-voyage\/trousses-de-premiers-secours\/\u00a0\u00bb button_text=\u00a0\u00bbPremiers secours\u00a0\u00bb button_alignment=\u00a0\u00bbcenter\u00a0\u00bb _builder_version=\u00a0\u00bb4.16&Prime; background_layout=\u00a0\u00bbdark\u00a0\u00bb global_colors_info=\u00a0\u00bb{}\u00a0\u00bb \/][\/et_pb_column][et_pb_column type=\u00a0\u00bb1_4&Prime; _builder_version=\u00a0\u00bb4.16&Prime; background_color=\u00a0\u00bb#ffffff\u00a0\u00bb custom_padding=\u00a0\u00bb||20px|\u00a0\u00bb global_colors_info=\u00a0\u00bb{}\u00a0\u00bb custom_padding__hover=\u00a0\u00bb|||\u00a0\u00bb][et_pb_image src=\u00a0\u00bbhttps:\/\/www.careplus.eu\/wp-content\/uploads\/2024\/06\/care-plus-zonnebrand-factor-30-factor-50.jpg.webp\u00a0\u00bb title_text=\u00a0\u00bbzonnebrand-1&Prime; align=\u00a0\u00bbcenter\u00a0\u00bb align_tablet=\u00a0\u00bbcenter\u00a0\u00bb align_last_edited=\u00a0\u00bbon|desktop\u00a0\u00bb _builder_version=\u00a0\u00bb4.27.0&Prime; background_color=\u00a0\u00bb#ffffff\u00a0\u00bb border_radii=\u00a0\u00bbon|10px|10px|10px|10px\u00a0\u00bb global_colors_info=\u00a0\u00bb{}\u00a0\u00bb background_pattern_color=\u00a0\u00bbrgba(0,0,0,0.2)\u00a0\u00bb background_mask_color=\u00a0\u00bb#ffffff\u00a0\u00bb box_shadow_horizontal_tablet=\u00a0\u00bb0px\u00a0\u00bb box_shadow_vertical_tablet=\u00a0\u00bb0px\u00a0\u00bb box_shadow_blur_tablet=\u00a0\u00bb40px\u00a0\u00bb box_shadow_spread_tablet=\u00a0\u00bb0px\u00a0\u00bb vertical_offset_tablet=\u00a0\u00bb0&Prime; horizontal_offset_tablet=\u00a0\u00bb0&Prime; z_index_tablet=\u00a0\u00bb0&Prime; \/][et_pb_button button_url=\u00a0\u00bbhttps:\/\/www.careplus.eu\/fr\/protection-solaire\/\u00a0\u00bb button_text=\u00a0\u00bbCr\u00e8me solaire\u00a0\u00bb button_alignment=\u00a0\u00bbcenter\u00a0\u00bb _builder_version=\u00a0\u00bb4.16&Prime; background_layout=\u00a0\u00bbdark\u00a0\u00bb global_colors_info=\u00a0\u00bb{}\u00a0\u00bb \/][\/et_pb_column][\/et_pb_row][\/et_pb_section][et_pb_section bb_built=\u00a0\u00bb1&Prime; _builder_version=\u00a0\u00bb4.16&Prime; global_colors_info=\u00a0\u00bb{}\u00a0\u00bb prev_background_color=\u00a0\u00bb#f4f4f4&Prime;][et_pb_row _builder_version=\u00a0\u00bb4.16&Prime; background_size=\u00a0\u00bbinitial\u00a0\u00bb background_position=\u00a0\u00bbtop_left\u00a0\u00bb background_repeat=\u00a0\u00bbrepeat\u00a0\u00bb global_colors_info=\u00a0\u00bb{}\u00a0\u00bb][et_pb_column type=\u00a0\u00bb4_4&Prime; _builder_version=\u00a0\u00bb4.16&Prime; custom_padding=\u00a0\u00bb|||\u00a0\u00bb global_colors_info=\u00a0\u00bb{}\u00a0\u00bb custom_padding__hover=\u00a0\u00bb|||\u00a0\u00bb][et_pb_text admin_label=\u00a0\u00bbHandig om te weten\u00a0\u00bb _builder_version=\u00a0\u00bb4.16&Prime; header_font=\u00a0\u00bb|800|||||||\u00a0\u00bb header_font_size_tablet=\u00a0\u00bb24px\u00a0\u00bb header_font_size_last_edited=\u00a0\u00bbon|tablet\u00a0\u00bb global_colors_info=\u00a0\u00bb{}\u00a0\u00bb]<\/p>\n<h3>Bon \u00e0 savoir<\/h3>\n<p>&nbsp;<\/p>\n<h4>Vaccination<\/h4>\n<p>Les vaccins varient en fonction du pays, mais d\u2019une mani\u00e8re g\u00e9n\u00e9rale, les vaccins contre DTP, l\u2019h\u00e9patite A et le typhus abdominal restent recommand\u00e9s. Dans certains pays, le vaccin contre la fi\u00e8vre jaune est obligatoire.<\/p>\n<p>&nbsp;<\/p>\n<h4>Visa<\/h4>\n<p>Dans la plupart des cas, vous n\u2019avez pas besoin de visa pour l\u2019Am\u00e9rique du Sud, vous recevrez g\u00e9n\u00e9ralement un visa \u00e0 l\u2019arriv\u00e9e qui reste valable pendant 90 jours. Bien entendu, les situations ou les r\u00e8glementations des pays concern\u00e9s peuvent changer. V\u00e9rifiez donc toujours si vous avez besoin d\u2019un visa pour vous rendre dans le pays que vous souhaitez visiter.<\/p>\n<p>&nbsp;<\/p>\n<h4>Eau<\/h4>\n<p>La qualit\u00e9 de l\u2019eau du robinet en Am\u00e9rique du Sud varie d\u2019une r\u00e9gion \u00e0 l\u2019autre. Afin de ne prendre aucun risque il convient de ne boire que de l\u2019eau de bouteille. Ne soyez pas non plus tent\u00e9s de prendre un gla\u00e7on lorsqu\u2019il fait tr\u00e8s chaud, ceux-ci sont faits avec de l\u2019eau du robinet. Le Chili est une exception lorsqu\u2019il s\u2019agit d\u2019eau du robinet, l\u2019eau y est purifi\u00e9e avec du chlore.<\/p>\n<p>&nbsp;<\/p>\n<h4>Langue<\/h4>\n<p>Dans la plupart des pays d\u2019Am\u00e9rique du Sud l\u2019on parle Portugais, l\u2019Espagnol est aussi une langue tr\u00e8s populaire. De plus, la plupart des populations locales d\u2019Am\u00e9rique du Sud parle peu d\u2019Anglais. Si vous planifiez de rester un moment en Am\u00e9rique du Sud, vous feriez bien de prendre des cours d\u2019Espagnol ou de Portugais.<\/p>\n<p>[\/et_pb_text][\/et_pb_column][\/et_pb_row][\/et_pb_section]<\/p>\n","protected":false},"excerpt":{"rendered":"<p>Voyager en s\u00e9curit\u00e9 en Am\u00e9rique du Sud L\u2019Am\u00e9rique du Sud est un continent situ\u00e9 sur l\u2019h\u00e9misph\u00e8re sud, au sud de l\u2019Am\u00e9rique du Nord et au nord de l\u2019Antarctique. Le continent est d\u00e9limit\u00e9 par l\u2019Oc\u00e9an Pacifique \u00e0 l\u2019ouest et l\u2019Oc\u00e9an Atlantique \u00e0 l\u2019est. De plus, l\u2019Am\u00e9rique du Sud compte environ 385 millions d\u2019habitants et on y [&hellip;]<\/p>\n","protected":false},"author":37,"featured_media":0,"parent":5913,"menu_order":0,"comment_status":"closed","ping_status":"closed","template":"","meta":{"_acf_changed":false,"_et_pb_use_builder":"on","_et_pb_old_content":"","_et_gb_content_width":"","footnotes":""},"class_list":["post-5673","page","type-page","status-publish","hentry"],"acf":[],"_links":{"self":[{"href":"https:\/\/www.careplus.eu\/fr\/wp-json\/wp\/v2\/pages\/5673","targetHints":{"allow":["GET"]}}],"collection":[{"href":"https:\/\/www.careplus.eu\/fr\/wp-json\/wp\/v2\/pages"}],"about":[{"href":"https:\/\/www.careplus.eu\/fr\/wp-json\/wp\/v2\/types\/page"}],"author":[{"embeddable":true,"href":"https:\/\/www.careplus.eu\/fr\/wp-json\/wp\/v2\/users\/37"}],"replies":[{"embeddable":true,"href":"https:\/\/www.careplus.eu\/fr\/wp-json\/wp\/v2\/comments?post=5673"}],"version-history":[{"count":0,"href":"https:\/\/www.careplus.eu\/fr\/wp-json\/wp\/v2\/pages\/5673\/revisions"}],"up":[{"embeddable":true,"href":"https:\/\/www.careplus.eu\/fr\/wp-json\/wp\/v2\/pages\/5913"}],"wp:attachment":[{"href":"https:\/\/www.careplus.eu\/fr\/wp-json\/wp\/v2\/media?parent=5673"}],"curies":[{"name":"wp","href":"https:\/\/api.w.org\/{rel}","templated":true}]}}