


{"id":15764,"date":"2022-05-23T10:47:08","date_gmt":"2022-05-23T08:47:08","guid":{"rendered":"https:\/\/staging.careplus.eu\/protection-solaire-2\/apres-soleil\/"},"modified":"2025-02-25T17:46:17","modified_gmt":"2025-02-25T16:46:17","slug":"apres-soleil","status":"publish","type":"page","link":"https:\/\/www.careplus.eu\/fr\/protection-solaire\/apres-soleil\/","title":{"rendered":"protection solaire apr\u00e8s soleil"},"content":{"rendered":"<p>[et_pb_section fb_built=\u00a0\u00bb1&Prime; fullwidth=\u00a0\u00bbon\u00a0\u00bb _builder_version=\u00a0\u00bb4.21.0&Prime; background_image=\u00a0\u00bbhttps:\/\/www.careplus.eu\/wp-content\/uploads\/2022\/03\/Sun-Protection-Aftersun-Header-Desktop.jpg\u00a0\u00bb bottom_divider_style=\u00a0\u00bbcurve\u00a0\u00bb bottom_divider_color=\u00a0\u00bb#ffffff\u00a0\u00bb bottom_divider_height=\u00a0\u00bb40px\u00a0\u00bb hover_enabled=\u00a0\u00bb0&Prime; background_last_edited=\u00a0\u00bboff|desktop\u00a0\u00bb background_image_phone=\u00a0\u00bbhttps:\/\/www.careplus.eu\/wp-content\/uploads\/2022\/03\/Sun-Protection-Aftersun-Header-Mobile.jpg\u00a0\u00bb background_enable_image_phone=\u00a0\u00bbon\u00a0\u00bb background_position_phone=\u00a0\u00bbcenter\u00a0\u00bb global_colors_info=\u00a0\u00bb{}\u00a0\u00bb bottom_divider_height_last_edited=\u00a0\u00bbon|phone\u00a0\u00bb sticky_enabled=\u00a0\u00bb0&Prime; bottom_divider_height_phone=\u00a0\u00bb20px\u00a0\u00bb bottom_divider_height_tablet=\u00a0\u00bb40px\u00a0\u00bb][et_pb_fullwidth_slider show_arrows=\u00a0\u00bboff\u00a0\u00bb show_pagination=\u00a0\u00bboff\u00a0\u00bb _builder_version=\u00a0\u00bb4.16&Prime; global_colors_info=\u00a0\u00bb{}\u00a0\u00bb][et_pb_slide heading=\u00a0\u00bbApr\u00e8s-soleil\u00a0\u00bb use_bg_overlay=\u00a0\u00bboff\u00a0\u00bb use_text_overlay=\u00a0\u00bboff\u00a0\u00bb _builder_version=\u00a0\u00bb4.16&Prime; header_level=\u00a0\u00bbh1&Prime; header_font=\u00a0\u00bb|800|||||||\u00a0\u00bb header_font_size=\u00a0\u00bb36&Prime; background_enable_color=\u00a0\u00bboff\u00a0\u00bb background_enable_image=\u00a0\u00bboff\u00a0\u00bb button_on_hover=\u00a0\u00bbon\u00a0\u00bb custom_padding=\u00a0\u00bb15%||15%|\u00a0\u00bb custom_padding_tablet=\u00a0\u00bb30%||30%|\u00a0\u00bb custom_padding_phone=\u00a0\u00bb30%||30%|\u00a0\u00bb custom_padding_last_edited=\u00a0\u00bbon|desktop\u00a0\u00bb header_font_size_tablet=\u00a0\u00bb30&Prime; header_font_size_phone=\u00a0\u00bb30&Prime; header_font_size_last_edited=\u00a0\u00bbon|desktop\u00a0\u00bb header_text_shadow_style=\u00a0\u00bbpreset3&Prime; header_text_shadow_blur_strength=\u00a0\u00bb0.5em\u00a0\u00bb header_text_shadow_color=\u00a0\u00bbrgba(0,0,0,0.6)\u00a0\u00bb global_colors_info=\u00a0\u00bb{}\u00a0\u00bb sticky_transition=\u00a0\u00bbon\u00a0\u00bb][\/et_pb_slide][\/et_pb_fullwidth_slider][\/et_pb_section][et_pb_section fb_built=\u00a0\u00bb1&Prime; module_id=\u00a0\u00bbcp_pb_page_content\u00a0\u00bb module_class=\u00a0\u00bbcp_pb_regular_post_content\u00a0\u00bb _builder_version=\u00a0\u00bb4.21.0&Prime; background_color=\u00a0\u00bb#ffffff\u00a0\u00bb custom_padding=\u00a0\u00bb0px|||\u00a0\u00bb bottom_divider_color=\u00a0\u00bb#ffffff\u00a0\u00bb bottom_divider_height=\u00a0\u00bb40px\u00a0\u00bb hover_enabled=\u00a0\u00bb0&Prime; global_colors_info=\u00a0\u00bb{}\u00a0\u00bb admin_label=\u00a0\u00bbINTRO\u00a0\u00bb custom_margin=\u00a0\u00bb50px||||false|false\u00a0\u00bb sticky_enabled=\u00a0\u00bb0&Prime;][et_pb_row _builder_version=\u00a0\u00bb4.21.0&Prime; background_size=\u00a0\u00bbinitial\u00a0\u00bb background_position=\u00a0\u00bbtop_left\u00a0\u00bb background_repeat=\u00a0\u00bbrepeat\u00a0\u00bb custom_margin=\u00a0\u00bb||||false|false\u00a0\u00bb global_colors_info=\u00a0\u00bb{}\u00a0\u00bb global_module=\u00a0\u00bb18803&Prime; theme_builder_area=\u00a0\u00bbpost_content\u00a0\u00bb][et_pb_column type=\u00a0\u00bb4_4&Prime; _builder_version=\u00a0\u00bb4.16&Prime; custom_padding=\u00a0\u00bb|||\u00a0\u00bb global_colors_info=\u00a0\u00bb{}\u00a0\u00bb custom_padding__hover=\u00a0\u00bb|||\u00a0\u00bb theme_builder_area=\u00a0\u00bbpost_content\u00a0\u00bb]<\/p>\n<p>[et_pb_dmb_breadcrumbs _builder_version=\u00a0\u00bb4.16&Prime; body_font_size_tablet=\u00a0\u00bb51&Prime; body_line_height_tablet=\u00a0\u00bb2&Prime; separator_font_size_tablet=\u00a0\u00bb51&Prime; separator_line_height_tablet=\u00a0\u00bb2&Prime; link_font_size_tablet=\u00a0\u00bb51&Prime; link_line_height_tablet=\u00a0\u00bb2&Prime; linkhover_font_size_tablet=\u00a0\u00bb51&Prime; linkhover_line_height_tablet=\u00a0\u00bb2&Prime; global_colors_info=\u00a0\u00bb{}\u00a0\u00bb theme_builder_area=\u00a0\u00bbpost_content\u00a0\u00bb][\/et_pb_dmb_breadcrumbs]<\/p>\n<p>[\/et_pb_column][\/et_pb_row][et_pb_row admin_label=\u00a0\u00bbPage Header\u00a0\u00bb _builder_version=\u00a0\u00bb4.16&Prime; background_size=\u00a0\u00bbinitial\u00a0\u00bb background_position=\u00a0\u00bbtop_left\u00a0\u00bb background_repeat=\u00a0\u00bbrepeat\u00a0\u00bb collapsed=\u00a0\u00bboff\u00a0\u00bb global_colors_info=\u00a0\u00bb{}\u00a0\u00bb][et_pb_column type=\u00a0\u00bb4_4&Prime; _builder_version=\u00a0\u00bb4.16&Prime; custom_padding=\u00a0\u00bb|||\u00a0\u00bb global_colors_info=\u00a0\u00bb{}\u00a0\u00bb custom_padding__hover=\u00a0\u00bb|||\u00a0\u00bb][et_pb_text admin_label=\u00a0\u00bbInleiding\u00a0\u00bb _builder_version=\u00a0\u00bb4.16&Prime; header_2_font=\u00a0\u00bb|800|||||||\u00a0\u00bb custom_margin=\u00a0\u00bb||||false|false\u00a0\u00bb custom_padding=\u00a0\u00bb||||false|false\u00a0\u00bb global_colors_info=\u00a0\u00bb{}\u00a0\u00bb]<\/p>\n<h2>Care Plus<sup style=\"font-size: 12px;\">\u00ae<\/sup> Care &amp; Repair After Sun. Adoucit et soigne la peau<\/h2>\n<p>Vous ne pouvez pas voir la puissance du soleil. Mais vous le sentez. Par exemple si vous avez oubli\u00e9 de vous prot\u00e9ger pendant une journ\u00e9e ensoleill\u00e9e. Ou si vous avez manqu\u00e9 un endroit. Souvent, vous remarquez trop tard que votre peau est br\u00fbl\u00e9e. Elle devient alors rouge et douloureuse.<\/p>\n<p>Heureusement, il y a Soin &amp; R\u00e9paration Apr\u00e8s-Soleil de Care Plus<sup style=\"font-size: 10px;\">\u00ae<\/sup>. Il adoucit, nourrit et r\u00e9pare la peau. Mais m\u00eame si vous n&rsquo;\u00eates pas br\u00fbl\u00e9, il est intelligent d&rsquo;utiliser Soin &amp; R\u00e9paration Apr\u00e8s-Soleil apr\u00e8s le soleil. De cette fa\u00e7on, vous prenez soin de votre peau et vous continuez \u00e0 profiter au maximum de vos journ\u00e9es ensoleill\u00e9es.<\/p>\n<p>[\/et_pb_text][et_pb_text admin_label=\u00a0\u00bbTegen pijnlijke en rode huid na verbranden\u00a0\u00bb _builder_version=\u00a0\u00bb4.16&Prime; header_2_font=\u00a0\u00bb|800|||||||\u00a0\u00bb custom_margin=\u00a0\u00bb15px||||false|false\u00a0\u00bb custom_padding=\u00a0\u00bb15px||||false|false\u00a0\u00bb global_colors_info=\u00a0\u00bb{}\u00a0\u00bb]<\/p>\n<h3>Contre les peaux douloureuses et rouges apr\u00e8s br\u00fblure<\/h3>\n<p>Care &amp; Repair After Sun contie beaucoup d&rsquo;ingr\u00e9dients naturels, hydratants et apaisants tels que l&rsquo;aloe vera, la camomille, l&rsquo;huile de soja et le beurre de karit\u00e9. Care Plus<sup style=\"font-size: 10px;\">\u00ae<\/sup> Care &amp; Repair peut \u00eatre appliqu\u00e9 facilement et en douceur sur votre peau br\u00fbl\u00e9e. Il aide \u00e0 r\u00e9duire les rougeurs de votre peau.<\/p>\n<p>[\/et_pb_text][\/et_pb_column][\/et_pb_row][\/et_pb_section][et_pb_section fb_built=\u00a0\u00bb1&Prime; _builder_version=\u00a0\u00bb4.16&Prime; background_color=\u00a0\u00bb#f4f4f4&Prime; use_background_color_gradient=\u00a0\u00bbon\u00a0\u00bb background_color_gradient_stops=\u00a0\u00bb#f4f4f4 0%|#e4e8e7 100%\u00a0\u00bb background_color_gradient_start=\u00a0\u00bb#f4f4f4&Prime; background_color_gradient_end=\u00a0\u00bb#e4e8e7&Prime; border_color_bottom=\u00a0\u00bb#FFFFFF\u00a0\u00bb global_colors_info=\u00a0\u00bb{}\u00a0\u00bb][et_pb_row column_structure=\u00a0\u00bb1_4,3_4&Prime; _builder_version=\u00a0\u00bb4.16&Prime; background_color=\u00a0\u00bb#ffffff\u00a0\u00bb custom_margin=\u00a0\u00bb||||false|false\u00a0\u00bb custom_padding=\u00a0\u00bb|40px||40px|false|false\u00a0\u00bb border_radii=\u00a0\u00bbon|10px|10px|10px|10px\u00a0\u00bb global_colors_info=\u00a0\u00bb{}\u00a0\u00bb][et_pb_column type=\u00a0\u00bb1_4&Prime; _builder_version=\u00a0\u00bb4.16&Prime; custom_padding=\u00a0\u00bb|||\u00a0\u00bb global_colors_info=\u00a0\u00bb{}\u00a0\u00bb custom_padding__hover=\u00a0\u00bb|||\u00a0\u00bb][et_pb_image src=\u00a0\u00bbhttps:\/\/www.careplus.eu\/wp-content\/uploads\/2022\/03\/careplus-Aftersun.jpg\u00a0\u00bb alt=\u00a0\u00bbCare Plus Aftersun\u00a0\u00bb title_text=\u00a0\u00bbcareplus-Aftersun\u00a0\u00bb _builder_version=\u00a0\u00bb4.16&Prime; _module_preset=\u00a0\u00bbdefault\u00a0\u00bb global_colors_info=\u00a0\u00bb{}\u00a0\u00bb][\/et_pb_image][\/et_pb_column][et_pb_column type=\u00a0\u00bb3_4&Prime; _builder_version=\u00a0\u00bb4.16&Prime; custom_padding=\u00a0\u00bb|||\u00a0\u00bb global_colors_info=\u00a0\u00bb{}\u00a0\u00bb custom_padding__hover=\u00a0\u00bb|||\u00a0\u00bb][et_pb_divider show_divider=\u00a0\u00bboff\u00a0\u00bb _builder_version=\u00a0\u00bb4.16&Prime; global_colors_info=\u00a0\u00bb{}\u00a0\u00bb][\/et_pb_divider][et_pb_text admin_label=\u00a0\u00bbCare Plus\u00ae Aftersun\u00a0\u00bb _builder_version=\u00a0\u00bb4.16&Prime; header_3_text_color=\u00a0\u00bb#70829b\u00a0\u00bb custom_margin=\u00a0\u00bb||0px||false|false\u00a0\u00bb custom_padding=\u00a0\u00bb||0px||false|false\u00a0\u00bb global_colors_info=\u00a0\u00bb{}\u00a0\u00bb]<\/p>\n<h3>Care Plus<sup style=\"font-size: 10px;\">\u00ae<\/sup> Care &amp; Repair After Sun<\/h3>\n<ul>\n<li>Ri d&rsquo;ingr\u00e9dients naturels et apaisants.<\/li>\n<li>Doux pour votre peau. Facile \u00e0 appliquer.<\/li>\n<li>Aide \u00e0 r\u00e9duire les rougeurs.<\/li>\n<li>Contient du parfum sans allerg\u00e8nes.<\/li>\n<\/ul>\n<p>[\/et_pb_text][et_pb_image src=\u00a0\u00bbhttps:\/\/www.careplus.eu\/wp-content\/uploads\/2022\/04\/Icons-Sun-protectiion-After-Sun.png\u00a0\u00bb title_text=\u00a0\u00bbIcons Sun protection Apr\u00e8s-soleil\u00a0\u00bb _builder_version=\u00a0\u00bb4.16.0&Prime; _module_preset=\u00a0\u00bbdefault\u00a0\u00bb global_colors_info=\u00a0\u00bb{}\u00a0\u00bb][\/et_pb_image][et_pb_toggle title=\u00a0\u00bbCaract\u00e9ristiques\u00a0\u00bb icon_color=\u00a0\u00bb#136932&Prime; open_icon_color=\u00a0\u00bb#136932&Prime; admin_label=\u00a0\u00bbSpecificaties\u00a0\u00bb _builder_version=\u00a0\u00bb4.16&Prime; custom_padding=\u00a0\u00bb|15px||15px\u00a0\u00bb border_radii=\u00a0\u00bbon|10px|10px|10px|10px\u00a0\u00bb locked=\u00a0\u00bboff\u00a0\u00bb global_colors_info=\u00a0\u00bb{}\u00a0\u00bb]<\/p>\n<ul>\n<li>Tube \u2013 100 ml<\/li>\n<li>Sans paraben<\/li>\n<li>V\u00e9gan<\/li>\n<li>Le tube est en bioplastique (recycl\u00e9)<\/li>\n<\/ul>\n<p>[\/et_pb_toggle][et_pb_button button_url=\u00a0\u00bbhttps:\/\/www.careplus-shop.fr\/haute-protection-solaire-et-apres-soleil\u00a0\u00bb url_new_window=\u00a0\u00bbon\u00a0\u00bb button_text=\u00a0\u00bbChoisissez &amp; Commandez\u00a0\u00bb _builder_version=\u00a0\u00bb4.21.0&Prime; _module_preset=\u00a0\u00bbdefault\u00a0\u00bb custom_button=\u00a0\u00bbon\u00a0\u00bb button_bg_color=\u00a0\u00bb#f7a51c\u00a0\u00bb hover_enabled=\u00a0\u00bb0&Prime; global_colors_info=\u00a0\u00bb{}\u00a0\u00bb sticky_enabled=\u00a0\u00bb0&Prime;][\/et_pb_button][\/et_pb_column][\/et_pb_row][\/et_pb_section][et_pb_section fb_built=\u00a0\u00bb1&Prime; fullwidth=\u00a0\u00bbon\u00a0\u00bb disabled_on=\u00a0\u00bbon|on|on\u00a0\u00bb _builder_version=\u00a0\u00bb4.16&Prime; _module_preset=\u00a0\u00bbdefault\u00a0\u00bb background_image=\u00a0\u00bbhttps:\/\/www.careplus.eu\/wp-content\/uploads\/2022\/03\/Sun-Protection-Kite-Header-Desktop.jpg\u00a0\u00bb parallax=\u00a0\u00bbon\u00a0\u00bb parallax_method=\u00a0\u00bboff\u00a0\u00bb disabled=\u00a0\u00bbon\u00a0\u00bb global_colors_info=\u00a0\u00bb{}\u00a0\u00bb][et_pb_fullwidth_header _builder_version=\u00a0\u00bb4.16&Prime; _module_preset=\u00a0\u00bbdefault\u00a0\u00bb background_enable_color=\u00a0\u00bboff\u00a0\u00bb background_enable_image=\u00a0\u00bboff\u00a0\u00bb height=\u00a0\u00bb400px\u00a0\u00bb global_colors_info=\u00a0\u00bb{}\u00a0\u00bb][\/et_pb_fullwidth_header][\/et_pb_section]<\/p>\n","protected":false},"excerpt":{"rendered":"<p>Vous ne pouvez pas voir la puissance du soleil. Mais vous le sentez. Par exemple si vous avez oubli\u00e9 d&rsquo;appliquer pendant une journ\u00e9e ensoleill\u00e9e.<\/p>\n","protected":false},"author":37,"featured_media":0,"parent":15749,"menu_order":0,"comment_status":"closed","ping_status":"closed","template":"","meta":{"_acf_changed":false,"_et_pb_use_builder":"on","_et_pb_old_content":"","_et_gb_content_width":"","footnotes":""},"class_list":["post-15764","page","type-page","status-publish","hentry"],"acf":[],"_links":{"self":[{"href":"https:\/\/www.careplus.eu\/fr\/wp-json\/wp\/v2\/pages\/15764","targetHints":{"allow":["GET"]}}],"collection":[{"href":"https:\/\/www.careplus.eu\/fr\/wp-json\/wp\/v2\/pages"}],"about":[{"href":"https:\/\/www.careplus.eu\/fr\/wp-json\/wp\/v2\/types\/page"}],"author":[{"embeddable":true,"href":"https:\/\/www.careplus.eu\/fr\/wp-json\/wp\/v2\/users\/37"}],"replies":[{"embeddable":true,"href":"https:\/\/www.careplus.eu\/fr\/wp-json\/wp\/v2\/comments?post=15764"}],"version-history":[{"count":0,"href":"https:\/\/www.careplus.eu\/fr\/wp-json\/wp\/v2\/pages\/15764\/revisions"}],"up":[{"embeddable":true,"href":"https:\/\/www.careplus.eu\/fr\/wp-json\/wp\/v2\/pages\/15749"}],"wp:attachment":[{"href":"https:\/\/www.careplus.eu\/fr\/wp-json\/wp\/v2\/media?parent=15764"}],"curies":[{"name":"wp","href":"https:\/\/api.w.org\/{rel}","templated":true}]}}