


{"id":15749,"date":"2022-05-23T10:15:29","date_gmt":"2022-05-23T08:15:29","guid":{"rendered":"https:\/\/staging.careplus.eu\/protection-solaire-2\/"},"modified":"2023-06-12T17:07:58","modified_gmt":"2023-06-12T15:07:58","slug":"protection-solaire","status":"publish","type":"page","link":"https:\/\/www.careplus.eu\/fr\/protection-solaire\/","title":{"rendered":"Protection solaire"},"content":{"rendered":"<p>[et_pb_section fb_built=\u00a0\u00bb1&Prime; fullwidth=\u00a0\u00bbon\u00a0\u00bb _builder_version=\u00a0\u00bb4.21.0&Prime; background_image=\u00a0\u00bbhttps:\/\/www.careplus.eu\/wp-content\/uploads\/2022\/03\/Sun-Protection-Header-Desktop.jpg\u00a0\u00bb bottom_divider_style=\u00a0\u00bbcurve\u00a0\u00bb bottom_divider_color=\u00a0\u00bb#ffffff\u00a0\u00bb bottom_divider_height=\u00a0\u00bb40px\u00a0\u00bb hover_enabled=\u00a0\u00bb0&Prime; background_last_edited=\u00a0\u00bboff|desktop\u00a0\u00bb background_image_phone=\u00a0\u00bbhttps:\/\/www.careplus.eu\/wp-content\/uploads\/2022\/03\/Sun-Protection-Header-Mobile.jpg\u00a0\u00bb background_enable_image_phone=\u00a0\u00bbon\u00a0\u00bb global_colors_info=\u00a0\u00bb{}\u00a0\u00bb sticky_enabled=\u00a0\u00bb0&Prime;][et_pb_fullwidth_slider show_arrows=\u00a0\u00bboff\u00a0\u00bb show_pagination=\u00a0\u00bboff\u00a0\u00bb _builder_version=\u00a0\u00bb4.21.0&Prime; hover_enabled=\u00a0\u00bb0&Prime; global_colors_info=\u00a0\u00bb{}\u00a0\u00bb sticky_enabled=\u00a0\u00bb0&Prime;][et_pb_slide heading=\u00a0\u00bbProtection solaire\u00a0\u00bb use_bg_overlay=\u00a0\u00bboff\u00a0\u00bb use_text_overlay=\u00a0\u00bboff\u00a0\u00bb _builder_version=\u00a0\u00bb4.21.0&Prime; header_level=\u00a0\u00bbh1&Prime; header_font=\u00a0\u00bb|800|||||||\u00a0\u00bb header_font_size=\u00a0\u00bb36&Prime; background_enable_color=\u00a0\u00bbon\u00a0\u00bb background_enable_image=\u00a0\u00bboff\u00a0\u00bb button_on_hover=\u00a0\u00bbon\u00a0\u00bb custom_padding=\u00a0\u00bb15%||15%|\u00a0\u00bb custom_padding_tablet=\u00a0\u00bb22%||10%|\u00a0\u00bb custom_padding_phone=\u00a0\u00bb30%||30%|\u00a0\u00bb custom_padding_last_edited=\u00a0\u00bbon|phone\u00a0\u00bb hover_enabled=\u00a0\u00bb0&Prime; header_font_size_tablet=\u00a0\u00bb36&Prime; header_font_size_phone=\u00a0\u00bb36&Prime; header_text_shadow_style=\u00a0\u00bbpreset3&Prime; header_text_shadow_blur_strength=\u00a0\u00bb0.5em\u00a0\u00bb header_text_shadow_color=\u00a0\u00bbrgba(0,0,0,0.6)\u00a0\u00bb global_colors_info=\u00a0\u00bb{}\u00a0\u00bb sticky_transition=\u00a0\u00bbon\u00a0\u00bb background_color=\u00a0\u00bbRGBA(255,255,255,0)\u00a0\u00bb sticky_enabled=\u00a0\u00bb0&Prime;][\/et_pb_slide][\/et_pb_fullwidth_slider][\/et_pb_section][et_pb_section fb_built=\u00a0\u00bb1&Prime; module_id=\u00a0\u00bbcp_pb_page_content\u00a0\u00bb _builder_version=\u00a0\u00bb4.21.0&Prime; background_color=\u00a0\u00bb#ffffff\u00a0\u00bb custom_margin=\u00a0\u00bb50px||||false|false\u00a0\u00bb custom_padding=\u00a0\u00bb0px|||\u00a0\u00bb hover_enabled=\u00a0\u00bb0&Prime; global_colors_info=\u00a0\u00bb{}\u00a0\u00bb sticky_enabled=\u00a0\u00bb0&Prime;][et_pb_row disabled_on=\u00a0\u00bboff|off|off\u00a0\u00bb _builder_version=\u00a0\u00bb4.21.0&Prime; background_size=\u00a0\u00bbinitial\u00a0\u00bb background_position=\u00a0\u00bbtop_left\u00a0\u00bb background_repeat=\u00a0\u00bbrepeat\u00a0\u00bb custom_margin=\u00a0\u00bb||||false|false\u00a0\u00bb global_colors_info=\u00a0\u00bb{}\u00a0\u00bb global_module=\u00a0\u00bb18967&Prime; theme_builder_area=\u00a0\u00bbpost_content\u00a0\u00bb][et_pb_column type=\u00a0\u00bb4_4&Prime; _builder_version=\u00a0\u00bb4.16&Prime; custom_padding=\u00a0\u00bb|||\u00a0\u00bb global_colors_info=\u00a0\u00bb{}\u00a0\u00bb custom_padding__hover=\u00a0\u00bb|||\u00a0\u00bb theme_builder_area=\u00a0\u00bbpost_content\u00a0\u00bb][et_pb_dmb_breadcrumbs _builder_version=\u00a0\u00bb4.16&Prime; body_font_size_tablet=\u00a0\u00bb51&Prime; body_line_height_tablet=\u00a0\u00bb2&Prime; separator_font_size_tablet=\u00a0\u00bb51&Prime; separator_line_height_tablet=\u00a0\u00bb2&Prime; link_font_size_tablet=\u00a0\u00bb51&Prime; link_line_height_tablet=\u00a0\u00bb2&Prime; linkhover_font_size_tablet=\u00a0\u00bb51&Prime; linkhover_line_height_tablet=\u00a0\u00bb2&Prime; global_colors_info=\u00a0\u00bb{}\u00a0\u00bb theme_builder_area=\u00a0\u00bbpost_content\u00a0\u00bb][\/et_pb_dmb_breadcrumbs][\/et_pb_column][\/et_pb_row][et_pb_row column_structure=\u00a0\u00bb3_5,2_5&Prime; admin_label=\u00a0\u00bbPage Header\u00a0\u00bb _builder_version=\u00a0\u00bb4.16&Prime; background_size=\u00a0\u00bbinitial\u00a0\u00bb background_position=\u00a0\u00bbtop_left\u00a0\u00bb background_repeat=\u00a0\u00bbrepeat\u00a0\u00bb custom_margin=\u00a0\u00bb||||false|false\u00a0\u00bb custom_padding=\u00a0\u00bb||0||false|false\u00a0\u00bb width_unit=\u00a0\u00bboff\u00a0\u00bb custom_width_percent=\u00a0\u00bb48%\u00a0\u00bb collapsed=\u00a0\u00bboff\u00a0\u00bb global_colors_info=\u00a0\u00bb{}\u00a0\u00bb][et_pb_column type=\u00a0\u00bb3_5&Prime; _builder_version=\u00a0\u00bb4.16&Prime; custom_padding=\u00a0\u00bb|||\u00a0\u00bb global_colors_info=\u00a0\u00bb{}\u00a0\u00bb custom_padding__hover=\u00a0\u00bb|||\u00a0\u00bb][et_pb_text admin_label=\u00a0\u00bbActief naar buiten? Kies voor de hoogste bescherming!\u00a0\u00bb _builder_version=\u00a0\u00bb4.17.1&Prime; header_2_font=\u00a0\u00bb|800|||||||\u00a0\u00bb header_2_text_align=\u00a0\u00bbleft\u00a0\u00bb header_2_font_size=\u00a0\u00bb30px\u00a0\u00bb global_colors_info=\u00a0\u00bb{}\u00a0\u00bb]<\/p>\n<h2>Sortir \u00e0 l&rsquo;ext\u00e9rieur ? Optez pour la plus haute protection !<\/h2>\n<p>Si possible, nous aimons \u00eatre \u00e0 l&rsquo;ext\u00e9rieur. Pour se balader, le sport et bien s\u00fbr pour profiter du soleil et de la chaleur. Mais le soleil peut aussi \u00eatre dangereux. Ce que nous ne pouvons pas voir \u00e0 l&rsquo;\u0153il nu, c&rsquo;est le rayonnement UV (ultraviolet). Il en existe deux types : Les UVA peuvent endommager et vieillir votre peau. De plus, trop d&rsquo;UVA peuvent m\u00eame causer un cancer de la peau. Les UVB garantissent que notre corps produit la vitamine D dont nous avons tant besoin. Mais peut aussi br\u00fbler votre peau.<\/p>\n<p>Care Plus<sup style=\"font-size: 10px;\">\u00ae<\/sup> propose des produits qui prot\u00e8gent votre peau lorsque vous \u00eates actif \u00e0 l&rsquo;ext\u00e9rieur. Et pour prendre soin de votre peau apr\u00e8s une journ\u00e9e active au soleil. [\/et_pb_text][\/et_pb_column][et_pb_column type=\u00a0\u00bb2_5&Prime; _builder_version=\u00a0\u00bb4.16&Prime; custom_padding=\u00a0\u00bb|||\u00a0\u00bb global_colors_info=\u00a0\u00bb{}\u00a0\u00bb custom_padding__hover=\u00a0\u00bb|||\u00a0\u00bb][et_pb_image src=\u00a0\u00bbhttps:\/\/www.careplus.eu\/wp-content\/uploads\/2022\/03\/care-plus-zonnebrand-productlijn.webp\u00a0\u00bb title_text=\u00a0\u00bbpackshot range\u00a0\u00bb _builder_version=\u00a0\u00bb4.16&Prime; _module_preset=\u00a0\u00bbdefault\u00a0\u00bb custom_margin=\u00a0\u00bb40px||||false|false\u00a0\u00bb custom_margin_tablet=\u00a0\u00bb0px||||false|false\u00a0\u00bb custom_margin_phone=\u00a0\u00bb0px||||false|false\u00a0\u00bb custom_margin_last_edited=\u00a0\u00bbon|desktop\u00a0\u00bb custom_padding=\u00a0\u00bb||||false|false\u00a0\u00bb global_colors_info=\u00a0\u00bb{}\u00a0\u00bb][\/et_pb_image][\/et_pb_column][\/et_pb_row][et_pb_row admin_label=\u00a0\u00bbPage Header\u00a0\u00bb _builder_version=\u00a0\u00bb4.16&Prime; background_size=\u00a0\u00bbinitial\u00a0\u00bb background_position=\u00a0\u00bbtop_left\u00a0\u00bb background_repeat=\u00a0\u00bbrepeat\u00a0\u00bb custom_margin=\u00a0\u00bb0px|||\u00a0\u00bb custom_padding=\u00a0\u00bb0px||0||false|false\u00a0\u00bb width_unit=\u00a0\u00bboff\u00a0\u00bb custom_width_percent=\u00a0\u00bb48%\u00a0\u00bb collapsed=\u00a0\u00bboff\u00a0\u00bb global_colors_info=\u00a0\u00bb{}\u00a0\u00bb][et_pb_column type=\u00a0\u00bb4_4&Prime; _builder_version=\u00a0\u00bb4.16&Prime; custom_padding=\u00a0\u00bb|||\u00a0\u00bb global_colors_info=\u00a0\u00bb{}\u00a0\u00bb custom_padding__hover=\u00a0\u00bb|||\u00a0\u00bb][et_pb_text admin_label=\u00a0\u00bbBescherm jezelf tijdens elk seizoen\u00a0\u00bb module_id=\u00a0\u00bbcp_pb_extra_content\u00a0\u00bb _builder_version=\u00a0\u00bb4.17.1&Prime; custom_margin=\u00a0\u00bb15px||||false|false\u00a0\u00bb custom_padding=\u00a0\u00bb15px||||false|false\u00a0\u00bb global_colors_info=\u00a0\u00bb{}\u00a0\u00bb]<\/p>\n<h3>Prot\u00e9gez-vous \u00e0 chaque saison<\/h3>\n<p>La cr\u00e8me solaire est bien s\u00fbr particuli\u00e8rement importante en \u00e9t\u00e9. Mais vous pouvez aussi br\u00fbler en hiver et en sports d&rsquo;hiver. Cela a \u00e0 voir avec l&rsquo;\u00e9nergie solaire et la r\u00e9flexion.<\/p>\n<p>&nbsp;<\/p>\n<h4>\u00c9nergie solaire<\/h4>\n<p>Moins les rayons UV doivent parcourir de distance, plus ils sont forts. Lorsque le soleil est directement au-dessus de nous, cette distance est la plus courte. En \u00e9t\u00e9, c&rsquo;est entre 12h00 et 15h00. Plus haut en montagne, le soleil est aussi plus puissant car les rayons UV vous parviennent plus t\u00f4t.<\/p>\n<p>&nbsp;<\/p>\n<h4>Nuages et r\u00e9flexion<\/h4>\n<p>Les nuages bloquent le rayonnement. Mais les nuages fins, comme nous le voyons par &lsquo;temps brumeux&rsquo;, ne le font pas. Bon \u00e0 savoir : le rayonnement UV devient 10 \u00e0 20 % plus fort lorsqu&rsquo;il se refl\u00e8te sur le sable ou l&rsquo;eau. Avec de la neige fra\u00eeche ou de la glace fra\u00eeche, c&rsquo;est m\u00eame 80 \u00e0 90 % ! Alors prot\u00e9gez-vous bien aussi en hiver.<\/p>\n<p>&nbsp;<\/p>\n<h4>Types de peau et facteur de protection<\/h4>\n<p>Chaque coup de soleil a un facteur : le Facteur de Protection Solaire (FPS). Il existe une r\u00e8gle simple pour choisir votre facteur; plus votre peau est claire et plus la lumi\u00e8re du soleil est directe, plus le facteur est \u00e9lev\u00e9. Donc, si vous avez la peau bronz\u00e9e, vous pouvez utiliser un facteur moins \u00e9lev\u00e9. Pour les enfants le conseil suivant s&rsquo;applique : au moins SPF30. Choisissez SPF50+ si vous ne voulez prendre aucun risque. Gardez les b\u00e9b\u00e9s compl\u00e8tement \u00e0 l&rsquo;abri du soleil. Leur peau est encore trop fragile.<\/p>\n<p>&nbsp;<\/p>\n<h4>Protection pour une vie ext\u00e9rieure active<\/h4>\n<p>Care Plus<sup style=\"font-size: 10px;\">\u00ae<\/sup> vous aide avec une protection solaire optimale. Avec des produits qui correspondent \u00e0 ce que vous souhaitez faire.<\/p>\n<p>[\/et_pb_text][et_pb_text admin_label=\u00a0\u00bbTips voor bescherming:\u00a0\u00bb module_id=\u00a0\u00bbcp_pb_extra_content\u00a0\u00bb _builder_version=\u00a0\u00bb4.17.1&Prime; global_colors_info=\u00a0\u00bb{}\u00a0\u00bb]<\/p>\n<h3>Conseils pour se prot\u00e9ger :<\/h3>\n<ul>\n<li>Appliquez votre lotion ou gel solaire 30 minutes avant de vous exposer au soleil.<\/li>\n<li>Tant que vous \u00eates assis ou actif au soleil; renouveler l&rsquo;application toutes les 2 heures.<\/li>\n<li>Le soleil est le plus puissant entre 12h00 et 15h00. Nous vous conseillons de rechercher l&rsquo;ombre a cet instant de la journ\u00e9e.<\/li>\n<li>Appliquer g\u00e9n\u00e9reusement. Une application trop fine r\u00e9duit consid\u00e9rablement le facteur de protection.<\/li>\n<\/ul>\n<p>[\/et_pb_text][\/et_pb_column][\/et_pb_row][\/et_pb_section][et_pb_section fb_built=\u00a0\u00bb1&Prime; disabled_on=\u00a0\u00bbon|on|on\u00a0\u00bb module_id=\u00a0\u00bbcp_pb_page_content\u00a0\u00bb _builder_version=\u00a0\u00bb4.16&Prime; use_background_color_gradient=\u00a0\u00bbon\u00a0\u00bb background_color_gradient_stops=\u00a0\u00bb#f4f4f4 0%|#e4e8e7 100%\u00a0\u00bb background_color_gradient_start=\u00a0\u00bb#f4f4f4&Prime; background_color_gradient_end=\u00a0\u00bb#e4e8e7&Prime; custom_margin=\u00a0\u00bb0px|||\u00a0\u00bb custom_padding=\u00a0\u00bb0px|||\u00a0\u00bb disabled=\u00a0\u00bbon\u00a0\u00bb global_colors_info=\u00a0\u00bb{}\u00a0\u00bb][et_pb_row admin_label=\u00a0\u00bbPage Header\u00a0\u00bb _builder_version=\u00a0\u00bb4.16&Prime; background_size=\u00a0\u00bbinitial\u00a0\u00bb background_position=\u00a0\u00bbtop_left\u00a0\u00bb background_repeat=\u00a0\u00bbrepeat\u00a0\u00bb custom_margin=\u00a0\u00bb0px|||\u00a0\u00bb custom_padding=\u00a0\u00bb0px||0||false|false\u00a0\u00bb width_unit=\u00a0\u00bboff\u00a0\u00bb custom_width_percent=\u00a0\u00bb48%\u00a0\u00bb collapsed=\u00a0\u00bboff\u00a0\u00bb global_colors_info=\u00a0\u00bb{}\u00a0\u00bb][et_pb_column type=\u00a0\u00bb4_4&Prime; _builder_version=\u00a0\u00bb4.16&Prime; custom_padding=\u00a0\u00bb|||\u00a0\u00bb global_colors_info=\u00a0\u00bb{}\u00a0\u00bb custom_padding__hover=\u00a0\u00bb|||\u00a0\u00bb][et_pb_divider show_divider=\u00a0\u00bboff\u00a0\u00bb _builder_version=\u00a0\u00bb4.16&Prime; height=\u00a0\u00bb75px\u00a0\u00bb global_colors_info=\u00a0\u00bb{}\u00a0\u00bb][\/et_pb_divider][\/et_pb_column][\/et_pb_row][et_pb_row column_structure=\u00a0\u00bb1_4,1_4,1_4,1_4&Prime; admin_label=\u00a0\u00bbMain Product Entry Point\u00a0\u00bb _builder_version=\u00a0\u00bb4.16&Prime; background_color=\u00a0\u00bb#ffffff\u00a0\u00bb background_size=\u00a0\u00bbinitial\u00a0\u00bb background_position=\u00a0\u00bbtop_left\u00a0\u00bb background_repeat=\u00a0\u00bbrepeat\u00a0\u00bb custom_margin=\u00a0\u00bb20px||20px|\u00a0\u00bb custom_padding=\u00a0\u00bb20px|20px|20px|20px\u00a0\u00bb border_radii=\u00a0\u00bbon|10px|10px|10px|10px\u00a0\u00bb width_unit=\u00a0\u00bboff\u00a0\u00bb custom_width_percent=\u00a0\u00bb44%\u00a0\u00bb collapsed=\u00a0\u00bboff\u00a0\u00bb global_colors_info=\u00a0\u00bb{}\u00a0\u00bb][et_pb_column type=\u00a0\u00bb1_4&Prime; _builder_version=\u00a0\u00bb4.16&Prime; custom_padding=\u00a0\u00bb|||\u00a0\u00bb global_colors_info=\u00a0\u00bb{}\u00a0\u00bb custom_padding__hover=\u00a0\u00bb|||\u00a0\u00bb][et_pb_image src=\u00a0\u00bbhttps:\/\/www.careplus.eu\/wp-content\/uploads\/2022\/03\/careplus-zonnebrand-Sport.jpg\u00a0\u00bb title_text=\u00a0\u00bbcareplus-cr\u00e8mesolaire-Sport\u00a0\u00bb show_in_lightbox=\u00a0\u00bbon\u00a0\u00bb use_overlay=\u00a0\u00bbon\u00a0\u00bb overlay_icon_color=\u00a0\u00bb#ffffff\u00a0\u00bb hover_overlay_color=\u00a0\u00bbrgba(0,0,0,0)\u00a0\u00bb hover_icon=\u00a0\u00bb&#x54;||divi||400&Prime; show_bottom_space=\u00a0\u00bboff\u00a0\u00bb align=\u00a0\u00bbcenter\u00a0\u00bb align_tablet=\u00a0\u00bbcenter\u00a0\u00bb align_phone=\u00a0\u00bb\u00a0\u00bb align_last_edited=\u00a0\u00bbon|desktop\u00a0\u00bb _builder_version=\u00a0\u00bb4.16&Prime; background_color=\u00a0\u00bb#ffffff\u00a0\u00bb max_width=\u00a0\u00bb60%\u00a0\u00bb module_alignment=\u00a0\u00bbcenter\u00a0\u00bb border_radii=\u00a0\u00bbon|10px|10px|10px|10px\u00a0\u00bb global_colors_info=\u00a0\u00bb{}\u00a0\u00bb]<\/p>\n<p>\n&nbsp;<\/p>\n<p>[\/et_pb_image][et_pb_text admin_label=\u00a0\u00bbSun Protection Sport\u00a0\u00bb _builder_version=\u00a0\u00bb4.16&Prime; global_colors_info=\u00a0\u00bb{}\u00a0\u00bb]<\/p>\n<h3>Care Plus<sup style=\"font-size: 12px;\">\u00ae<\/sup> Sun SPF 30 Sport Gel<\/h3>\n<p>Pour toutes les activit\u00e9s sportives au soleil, vous optez pour la protection Care Plus<sup style=\"font-size: 10px;\">\u00ae<\/sup> Sun Protection Sport Gel SPF30. Cette formule est tr\u00e8s r\u00e9sistante \u00e0 la sueur et \u00e0 l&rsquo;eau .<br \/>\nCe gel p\u00e9n\u00e8tre rapidement et ne contient pas d&rsquo;huile. M\u00eame si vous le mettez sur une peau pleine de poussi\u00e8re, il ne se m\u00e9langera pas avec la poussi\u00e8re. Ainsi, vous n&rsquo;aurez plus cette sensation de \u00ab\u00a0boue\u00a0\u00bb sur votre peau. Care Plus<sup style=\"font-size: 10px;\">\u00ae<\/sup> SPF 30 Sport Gel permet \u00e0 votre peau de respirer et ne donne pas de teint blanc, m\u00eame si vous l&rsquo;appliquez sur une peau moite.[\/et_pb_text][et_pb_button button_url=\u00a0\u00bbhttps:\/\/www.careplus-shop.nl\/waterproof-cr\u00e8mesolaire-sun-protection-outdoor-sea-spf50-100ml\u00a0\u00bb url_new_window=\u00a0\u00bbon\u00a0\u00bb button_text=\u00a0\u00bbChoisissez &#038; Commandez\u00a0\u00bb button_alignment=\u00a0\u00bbcenter\u00a0\u00bb _builder_version=\u00a0\u00bb4.16&Prime; background_layout=\u00a0\u00bbdark\u00a0\u00bb global_colors_info=\u00a0\u00bb{}\u00a0\u00bb][\/et_pb_button][\/et_pb_column][et_pb_column type=\u00a0\u00bb1_4&Prime; _builder_version=\u00a0\u00bb4.16&Prime; custom_padding=\u00a0\u00bb|||\u00a0\u00bb global_colors_info=\u00a0\u00bb{}\u00a0\u00bb custom_padding__hover=\u00a0\u00bb|||\u00a0\u00bb][et_pb_image src=\u00a0\u00bbhttps:\/\/www.careplus.eu\/wp-content\/uploads\/2022\/03\/careplus-zonnebrand-SPF50.jpg\u00a0\u00bb title_text=\u00a0\u00bbcareplus-cr\u00e8mesolaire-SPF50+\u00a0\u00bb show_in_lightbox=\u00a0\u00bbon\u00a0\u00bb use_overlay=\u00a0\u00bbon\u00a0\u00bb overlay_icon_color=\u00a0\u00bb#ffffff\u00a0\u00bb hover_overlay_color=\u00a0\u00bbrgba(0,0,0,0)\u00a0\u00bb hover_icon=\u00a0\u00bb&#x54;||divi||400&Prime; show_bottom_space=\u00a0\u00bboff\u00a0\u00bb align=\u00a0\u00bbcenter\u00a0\u00bb align_tablet=\u00a0\u00bbcenter\u00a0\u00bb align_phone=\u00a0\u00bb\u00a0\u00bb align_last_edited=\u00a0\u00bbon|desktop\u00a0\u00bb _builder_version=\u00a0\u00bb4.16&Prime; background_color=\u00a0\u00bb#ffffff\u00a0\u00bb max_width=\u00a0\u00bb60%\u00a0\u00bb module_alignment=\u00a0\u00bbcenter\u00a0\u00bb border_radii=\u00a0\u00bbon|10px|10px|10px|10px\u00a0\u00bb global_colors_info=\u00a0\u00bb{}\u00a0\u00bb]<\/p>\n<p>\n&nbsp;<\/p>\n<p>[\/et_pb_image][et_pb_text admin_label=\u00a0\u00bbSun Protection Everyday\u00a0\u00bb _builder_version=\u00a0\u00bb4.16&Prime; global_colors_info=\u00a0\u00bb{}\u00a0\u00bb]<\/p>\n<h3>Care Plus<sup style=\"font-size: 12px;\">\u00ae<\/sup> Sun Everyday Protection lotion <\/h3>\n<p>Pour vous et pour les enfants il y a le Care Plus<sup style=\"font-size: 10px;\">\u00ae<\/sup> Sun Protection Everyday Lotion. Id\u00e9al pour bronzer dans votre jardin ou sur votre balcon et \u00e0 emporter avec vous \u00e0 la plage ou en vacances. Vous l&rsquo;appliquez rapidement et facilement. Pratique lorsque vous sortez un moment, par exemple. Care Plus<sup style=\"font-size: 10px;\">\u00ae<\/sup> Sun Protection Everyday Lotion convient aux peaux normales et sensibles et est disponible en SPF 30+ et SPF 50+. Care Plus<sup style=\"font-size: 10px;\">\u00ae<\/sup>  enqu\u00eate sur de nombreuses recherches concernant la meilleure protection pour votre peau. Le r\u00e9sultat est une formule unique qui vous prot\u00e8ge \u00e9galement contre les piq\u00fbres de m\u00e9duses.<\/p>\n<p>[\/et_pb_text][et_pb_button button_url=\u00a0\u00bbhttps:\/\/www.careplus-shop.nl\/sun-protection-after-sun-100ml\u00a0\u00bb url_new_window=\u00a0\u00bbon\u00a0\u00bb button_text=\u00a0\u00bbChoisissez &#038; Commandez\u00a0\u00bb button_alignment=\u00a0\u00bbcenter\u00a0\u00bb _builder_version=\u00a0\u00bb4.16&Prime; background_layout=\u00a0\u00bbdark\u00a0\u00bb global_colors_info=\u00a0\u00bb{}\u00a0\u00bb][\/et_pb_button][\/et_pb_column][et_pb_column type=\u00a0\u00bb1_4&Prime; _builder_version=\u00a0\u00bb4.16&Prime; custom_padding=\u00a0\u00bb|||\u00a0\u00bb global_colors_info=\u00a0\u00bb{}\u00a0\u00bb custom_padding__hover=\u00a0\u00bb|||\u00a0\u00bb][et_pb_image src=\u00a0\u00bbhttps:\/\/www.careplus.eu\/wp-content\/uploads\/2022\/03\/careplus-Aftersun.jpg\u00a0\u00bb title_text=\u00a0\u00bbcareplus-Aftersun\u00a0\u00bb show_in_lightbox=\u00a0\u00bbon\u00a0\u00bb use_overlay=\u00a0\u00bbon\u00a0\u00bb overlay_icon_color=\u00a0\u00bb#ffffff\u00a0\u00bb hover_overlay_color=\u00a0\u00bbrgba(0,0,0,0)\u00a0\u00bb hover_icon=\u00a0\u00bb&#x54;||divi||400&Prime; show_bottom_space=\u00a0\u00bboff\u00a0\u00bb align=\u00a0\u00bbcenter\u00a0\u00bb align_tablet=\u00a0\u00bbcenter\u00a0\u00bb align_phone=\u00a0\u00bb\u00a0\u00bb align_last_edited=\u00a0\u00bbon|desktop\u00a0\u00bb _builder_version=\u00a0\u00bb4.16&Prime; background_color=\u00a0\u00bb#ffffff\u00a0\u00bb max_width=\u00a0\u00bb60%\u00a0\u00bb module_alignment=\u00a0\u00bbcenter\u00a0\u00bb border_radii=\u00a0\u00bbon|10px|10px|10px|10px\u00a0\u00bb global_colors_info=\u00a0\u00bb{}\u00a0\u00bb]<\/p>\n<p>\n&nbsp;<\/p>\n<p>[\/et_pb_image][et_pb_text admin_label=\u00a0\u00bbSun Protection Aftersun\u00a0\u00bb _builder_version=\u00a0\u00bb4.16&Prime; global_colors_info=\u00a0\u00bb{}\u00a0\u00bb]<\/p>\n<h3>Care Plus<sup style=\"font-size: 12px;\">\u00ae<\/sup> Care &#038; Repair aftersun<\/h3>\n<p>Prenez bien soin de votre peau apr\u00e8s l&rsquo;exposition au soleil et surtout si la peau est br\u00fbl\u00e9e. Care Plus<sup style=\"font-size: 10px;\">\u00ae<\/sup> Care &#038; Repair After Sun contient des ingr\u00e9dients naturels qui nourrissent, adoucissent et aident \u00e0 restaurer votre peau.<\/p>\n<p>[\/et_pb_text][et_pb_button button_url=\u00a0\u00bbhttps:\/\/www.careplus-shop.nl\/soinpourlesl\u00e8vres-sun-protection-lipstick-spf30&Prime; url_new_window=\u00a0\u00bbon\u00a0\u00bb button_text=\u00a0\u00bbChoisissez &#038; Commandez\u00a0\u00bb button_alignment=\u00a0\u00bbcenter\u00a0\u00bb _builder_version=\u00a0\u00bb4.16&Prime; background_layout=\u00a0\u00bbdark\u00a0\u00bb global_colors_info=\u00a0\u00bb{}\u00a0\u00bb][\/et_pb_button][\/et_pb_column][et_pb_column type=\u00a0\u00bb1_4&Prime; _builder_version=\u00a0\u00bb4.16&Prime; custom_padding=\u00a0\u00bb|||\u00a0\u00bb global_colors_info=\u00a0\u00bb{}\u00a0\u00bb custom_padding__hover=\u00a0\u00bb|||\u00a0\u00bb][et_pb_image src=\u00a0\u00bbhttps:\/\/www.careplus.eu\/wp-content\/uploads\/2022\/03\/careplus-zonnebrand-Listick.jpg\u00a0\u00bb title_text=\u00a0\u00bbcareplus-cr\u00e8me solaire-baume \u00e0 l\u00e8vres \u00a0\u00bb show_in_lightbox=\u00a0\u00bbon\u00a0\u00bb use_overlay=\u00a0\u00bbon\u00a0\u00bb overlay_icon_color=\u00a0\u00bb#ffffff\u00a0\u00bb hover_overlay_color=\u00a0\u00bbrgba(0,0,0,0)\u00a0\u00bb hover_icon=\u00a0\u00bb&#x54;||divi||400&Prime; show_bottom_space=\u00a0\u00bboff\u00a0\u00bb align=\u00a0\u00bbcenter\u00a0\u00bb align_tablet=\u00a0\u00bbcenter\u00a0\u00bb align_phone=\u00a0\u00bb\u00a0\u00bb align_last_edited=\u00a0\u00bbon|desktop\u00a0\u00bb _builder_version=\u00a0\u00bb4.16&Prime; background_color=\u00a0\u00bb#ffffff\u00a0\u00bb max_width=\u00a0\u00bb60%\u00a0\u00bb module_alignment=\u00a0\u00bbcenter\u00a0\u00bb border_radii=\u00a0\u00bbon|10px|10px|10px|10px\u00a0\u00bb global_colors_info=\u00a0\u00bb{}\u00a0\u00bb]<\/p>\n<p>\n&nbsp;<\/p>\n<p>[\/et_pb_image][et_pb_text admin_label=\u00a0\u00bbSun Protection Lipbalsem\u00a0\u00bb _builder_version=\u00a0\u00bb4.16&Prime; global_colors_info=\u00a0\u00bb{}\u00a0\u00bb]<\/p>\n<h3>Care Plus<sup style=\"font-size: 12px;\">\u00ae<\/sup> Sun SPF 30 Baume \u00e0 L\u00e8vres<\/h3>\n<p>Le baume \u00e0 l\u00e8vres SPF 30 prend soin et prot\u00e8ge extr\u00eamement bien vos l\u00e8vres fragiles. De -20 \u00e0 +40 degr\u00e9s Celsius.<\/p>\n<p>[\/et_pb_text][et_pb_button button_url=\u00a0\u00bbhttps:\/\/www.careplus-shop.nl\/cr\u00e8mesolaire-visage-sun-protection-face-lip-20ml\u00a0\u00bb url_new_window=\u00a0\u00bbon\u00a0\u00bb button_text=\u00a0\u00bbChoisissez &#038; Commandez\u00a0\u00bb button_alignment=\u00a0\u00bbcenter\u00a0\u00bb _builder_version=\u00a0\u00bb4.16&Prime; background_layout=\u00a0\u00bbdark\u00a0\u00bb global_colors_info=\u00a0\u00bb{}\u00a0\u00bb][\/et_pb_button][\/et_pb_column][\/et_pb_row][\/et_pb_section][et_pb_section fb_built=\u00a0\u00bb1&Prime; module_id=\u00a0\u00bbcp_pb_page_content\u00a0\u00bb _builder_version=\u00a0\u00bb4.16&Prime; use_background_color_gradient=\u00a0\u00bbon\u00a0\u00bb background_color_gradient_stops=\u00a0\u00bb#f4f4f4 0%|#e4e8e7 100%\u00a0\u00bb background_color_gradient_start=\u00a0\u00bb#f4f4f4&Prime; background_color_gradient_end=\u00a0\u00bb#e4e8e7&Prime; custom_margin=\u00a0\u00bb0px|||\u00a0\u00bb custom_padding=\u00a0\u00bb0px|||\u00a0\u00bb global_colors_info=\u00a0\u00bb{}\u00a0\u00bb][et_pb_row admin_label=\u00a0\u00bbPage Header\u00a0\u00bb _builder_version=\u00a0\u00bb4.16&Prime; background_size=\u00a0\u00bbinitial\u00a0\u00bb background_position=\u00a0\u00bbtop_left\u00a0\u00bb background_repeat=\u00a0\u00bbrepeat\u00a0\u00bb custom_margin=\u00a0\u00bb0px|||\u00a0\u00bb custom_padding=\u00a0\u00bb0px||0||false|false\u00a0\u00bb width_unit=\u00a0\u00bboff\u00a0\u00bb custom_width_percent=\u00a0\u00bb48%\u00a0\u00bb collapsed=\u00a0\u00bboff\u00a0\u00bb global_colors_info=\u00a0\u00bb{}\u00a0\u00bb][et_pb_column type=\u00a0\u00bb4_4&Prime; _builder_version=\u00a0\u00bb4.16&Prime; custom_padding=\u00a0\u00bb|||\u00a0\u00bb global_colors_info=\u00a0\u00bb{}\u00a0\u00bb custom_padding__hover=\u00a0\u00bb|||\u00a0\u00bb][et_pb_divider show_divider=\u00a0\u00bboff\u00a0\u00bb _builder_version=\u00a0\u00bb4.16&Prime; height=\u00a0\u00bb75px\u00a0\u00bb global_colors_info=\u00a0\u00bb{}\u00a0\u00bb][\/et_pb_divider][\/et_pb_column][\/et_pb_row][et_pb_row column_structure=\u00a0\u00bb1_2,1_2&Prime; admin_label=\u00a0\u00bbMain Product Entry Point\u00a0\u00bb _builder_version=\u00a0\u00bb4.16&Prime; background_color=\u00a0\u00bb#ffffff\u00a0\u00bb background_size=\u00a0\u00bbinitial\u00a0\u00bb background_position=\u00a0\u00bbtop_left\u00a0\u00bb background_repeat=\u00a0\u00bbrepeat\u00a0\u00bb custom_margin=\u00a0\u00bb20px||50px||false|false\u00a0\u00bb custom_margin_tablet=\u00a0\u00bb||||false|false\u00a0\u00bb custom_margin_phone=\u00a0\u00bb20px||50px||false|false\u00a0\u00bb custom_margin_last_edited=\u00a0\u00bbon|phone\u00a0\u00bb custom_padding=\u00a0\u00bb20px|25px|50px|25px|false|false\u00a0\u00bb border_radii=\u00a0\u00bbon|10px|10px|10px|10px\u00a0\u00bb width_unit=\u00a0\u00bboff\u00a0\u00bb custom_width_percent=\u00a0\u00bb44%\u00a0\u00bb collapsed=\u00a0\u00bboff\u00a0\u00bb global_colors_info=\u00a0\u00bb{}\u00a0\u00bb][et_pb_column type=\u00a0\u00bb1_2&Prime; _builder_version=\u00a0\u00bb4.16&Prime; custom_padding=\u00a0\u00bb|||\u00a0\u00bb global_colors_info=\u00a0\u00bb{}\u00a0\u00bb custom_padding__hover=\u00a0\u00bb|||\u00a0\u00bb][et_pb_image src=\u00a0\u00bbhttps:\/\/www.careplus.eu\/wp-content\/uploads\/2022\/03\/careplus-zonnebrand-SPF50.jpg\u00a0\u00bb alt=\u00a0\u00bbCare Plus cr\u00e8me solaire SPF30&Prime; title_text=\u00a0\u00bbcareplus-cr\u00e8mesolaire-SPF50+\u00a0\u00bb show_in_lightbox=\u00a0\u00bbon\u00a0\u00bb use_overlay=\u00a0\u00bbon\u00a0\u00bb overlay_icon_color=\u00a0\u00bb#ffffff\u00a0\u00bb hover_overlay_color=\u00a0\u00bbrgba(0,0,0,0)\u00a0\u00bb hover_icon=\u00a0\u00bb&#x54;||divi||400&Prime; show_bottom_space=\u00a0\u00bboff\u00a0\u00bb align=\u00a0\u00bbcenter\u00a0\u00bb align_tablet=\u00a0\u00bbcenter\u00a0\u00bb align_phone=\u00a0\u00bb\u00a0\u00bb align_last_edited=\u00a0\u00bbon|phone\u00a0\u00bb _builder_version=\u00a0\u00bb4.16&Prime; background_color=\u00a0\u00bb#ffffff\u00a0\u00bb max_width=\u00a0\u00bb50%\u00a0\u00bb module_alignment=\u00a0\u00bbcenter\u00a0\u00bb border_radii=\u00a0\u00bbon|10px|10px|10px|10px\u00a0\u00bb global_colors_info=\u00a0\u00bb{}\u00a0\u00bb]<\/p>\n<p>\n&nbsp;<\/p>\n<p>[\/et_pb_image][et_pb_text admin_label=\u00a0\u00bbSun Protection Everyday\u00a0\u00bb _builder_version=\u00a0\u00bb4.16&Prime; custom_margin=\u00a0\u00bb||15px||false|false\u00a0\u00bb custom_padding=\u00a0\u00bb||15px||false|false\u00a0\u00bb global_colors_info=\u00a0\u00bb{}\u00a0\u00bb]<\/p>\n<h3>Care Plus<sup style=\"font-size: 12px;\">\u00ae<\/sup> Sun Protection Everyday Lotion<\/h3>\n<p>Pour vous et pour les enfants il y a le Care Plus<sup style=\"font-size: 10px;\">\u00ae<\/sup> Sun Protection Everyday Lotion. Id\u00e9al pour bronzer dans votre jardin ou sur votre balcon et \u00e0 emporter avec vous \u00e0 la plage ou en vacances. Vous l&rsquo;appliquez rapidement et facilement. Pratique lorsque vous sortez un moment, par exemple. Care Plus<sup style=\"font-size: 10px;\">\u00ae<\/sup> Sun Protection Everyday Lotion convient aux peaux normales et sensibles et est disponible en SPF 30+ et SPF 50+. Care Plus<sup style=\"font-size: 10px;\">\u00ae<\/sup>  enqu\u00eate sur de nombreuses recherches concernant la meilleure protection pour votre peau. Le r\u00e9sultat est une formule unique qui vous prot\u00e8ge \u00e9galement contre les piq\u00fbres de m\u00e9duses.<\/p>\n<p>[\/et_pb_text][et_pb_button button_url=\u00a0\u00bbhttps:\/\/www.careplus-shop.nl\/zonbescherming\u00a0\u00bb url_new_window=\u00a0\u00bbon\u00a0\u00bb button_text=\u00a0\u00bbChoisissez &#038; Commandez\u00a0\u00bb button_alignment=\u00a0\u00bbcenter\u00a0\u00bb disabled_on=\u00a0\u00bbon|on|on\u00a0\u00bb _builder_version=\u00a0\u00bb4.16&Prime; custom_button=\u00a0\u00bbon\u00a0\u00bb button_bg_color=\u00a0\u00bb#f7a51c\u00a0\u00bb background_layout=\u00a0\u00bbdark\u00a0\u00bb disabled=\u00a0\u00bbon\u00a0\u00bb global_colors_info=\u00a0\u00bb{}\u00a0\u00bb][\/et_pb_button][\/et_pb_column][et_pb_column type=\u00a0\u00bb1_2&Prime; _builder_version=\u00a0\u00bb4.16&Prime; custom_padding=\u00a0\u00bb|||\u00a0\u00bb global_colors_info=\u00a0\u00bb{}\u00a0\u00bb custom_padding__hover=\u00a0\u00bb|||\u00a0\u00bb][et_pb_image src=\u00a0\u00bbhttps:\/\/www.careplus.eu\/wp-content\/uploads\/2022\/03\/careplus-zonnebrand-Sport.jpg\u00a0\u00bb alt=\u00a0\u00bbCare Plus cr\u00e8me solaire Sport\u00a0\u00bb title_text=\u00a0\u00bbcareplus-cr\u00e8mesolaire-Sport\u00a0\u00bb show_in_lightbox=\u00a0\u00bbon\u00a0\u00bb use_overlay=\u00a0\u00bbon\u00a0\u00bb overlay_icon_color=\u00a0\u00bb#ffffff\u00a0\u00bb hover_overlay_color=\u00a0\u00bbrgba(0,0,0,0)\u00a0\u00bb hover_icon=\u00a0\u00bb&#x54;||divi||400&Prime; show_bottom_space=\u00a0\u00bboff\u00a0\u00bb align=\u00a0\u00bbcenter\u00a0\u00bb align_tablet=\u00a0\u00bbcenter\u00a0\u00bb align_phone=\u00a0\u00bb\u00a0\u00bb align_last_edited=\u00a0\u00bbon|desktop\u00a0\u00bb _builder_version=\u00a0\u00bb4.16&Prime; background_color=\u00a0\u00bb#ffffff\u00a0\u00bb max_width=\u00a0\u00bb50%\u00a0\u00bb module_alignment=\u00a0\u00bbcenter\u00a0\u00bb border_radii=\u00a0\u00bbon|10px|10px|10px|10px\u00a0\u00bb global_colors_info=\u00a0\u00bb{}\u00a0\u00bb]<\/p>\n<p>\n&nbsp;<\/p>\n<p>[\/et_pb_image][et_pb_text admin_label=\u00a0\u00bbSun Protection Sport\u00a0\u00bb _builder_version=\u00a0\u00bb4.16&Prime; custom_margin=\u00a0\u00bb||15px||false|false\u00a0\u00bb custom_padding=\u00a0\u00bb||15px||false|false\u00a0\u00bb global_colors_info=\u00a0\u00bb{}\u00a0\u00bb]<\/p>\n<h3>Care Plus<sup style=\"font-size: 12px;\">\u00ae<\/sup> Sun Protection Sport Gel SPF30<\/h3>\n<p><span>Pour toutes les activit\u00e9s sportives au soleil, vous optez pour la protection Care Plus<sup style=\"font-size: 10px;\">\u00ae<\/sup> Sun Protection Sport Gel SPF30. Cette formule est tr\u00e8s r\u00e9sistante \u00e0 la sueur et \u00e0 l&rsquo;eau .<br \/>\nCe gel p\u00e9n\u00e8tre rapidement et ne contient pas d&rsquo;huile. M\u00eame si vous le mettez sur une peau pleine de poussi\u00e8re, il ne se m\u00e9langera pas avec la poussi\u00e8re. Ainsi, vous n&rsquo;aurez plus cette sensation de \u00ab\u00a0boue\u00a0\u00bb sur votre peau. Care Plus<sup style=\"font-size: 10px;\">\u00ae<\/sup> SPF 30 Sport Gel permet \u00e0 votre peau de respirer et ne donne pas de teint blanc, m\u00eame si vous l&rsquo;appliquez sur une peau moite.<\/p>\n<p>[\/et_pb_text][et_pb_button button_url=\u00a0\u00bbhttps:\/\/www.careplus-shop.nl\/zonbescherming\u00a0\u00bb url_new_window=\u00a0\u00bbon\u00a0\u00bb button_text=\u00a0\u00bbChoisissez &#038; Commandez\u00a0\u00bb button_alignment=\u00a0\u00bbcenter\u00a0\u00bb disabled_on=\u00a0\u00bbon|on|on\u00a0\u00bb _builder_version=\u00a0\u00bb4.16&Prime; custom_button=\u00a0\u00bbon\u00a0\u00bb button_bg_color=\u00a0\u00bb#f7a51c\u00a0\u00bb background_layout=\u00a0\u00bbdark\u00a0\u00bb disabled=\u00a0\u00bbon\u00a0\u00bb global_colors_info=\u00a0\u00bb{}\u00a0\u00bb][\/et_pb_button][\/et_pb_column][\/et_pb_row][et_pb_row column_structure=\u00a0\u00bb1_2,1_2&Prime; admin_label=\u00a0\u00bbMain Product Entry Point\u00a0\u00bb _builder_version=\u00a0\u00bb4.16&Prime; background_color=\u00a0\u00bb#ffffff\u00a0\u00bb background_size=\u00a0\u00bbinitial\u00a0\u00bb background_position=\u00a0\u00bbtop_left\u00a0\u00bb background_repeat=\u00a0\u00bbrepeat\u00a0\u00bb custom_margin=\u00a0\u00bb50px||20px||false|false\u00a0\u00bb custom_margin_tablet=\u00a0\u00bb50px||20px||false|false\u00a0\u00bb custom_margin_phone=\u00a0\u00bb50px||20px||false|false\u00a0\u00bb custom_margin_last_edited=\u00a0\u00bbon|desktop\u00a0\u00bb custom_padding=\u00a0\u00bb50px|25px|20px|25px|false|false\u00a0\u00bb border_radii=\u00a0\u00bbon|10px|10px|10px|10px\u00a0\u00bb width_unit=\u00a0\u00bboff\u00a0\u00bb custom_width_percent=\u00a0\u00bb44%\u00a0\u00bb collapsed=\u00a0\u00bboff\u00a0\u00bb global_colors_info=\u00a0\u00bb{}\u00a0\u00bb][et_pb_column type=\u00a0\u00bb1_2&Prime; _builder_version=\u00a0\u00bb4.16&Prime; custom_padding=\u00a0\u00bb|||\u00a0\u00bb global_colors_info=\u00a0\u00bb{}\u00a0\u00bb custom_padding__hover=\u00a0\u00bb|||\u00a0\u00bb][et_pb_image src=\u00a0\u00bbhttps:\/\/www.careplus.eu\/wp-content\/uploads\/2022\/03\/careplus-Aftersun.jpg\u00a0\u00bb alt=\u00a0\u00bbCare Plus Aftersun\u00a0\u00bb title_text=\u00a0\u00bbcareplus-Aftersun\u00a0\u00bb show_in_lightbox=\u00a0\u00bbon\u00a0\u00bb use_overlay=\u00a0\u00bbon\u00a0\u00bb overlay_icon_color=\u00a0\u00bb#ffffff\u00a0\u00bb hover_overlay_color=\u00a0\u00bbrgba(0,0,0,0)\u00a0\u00bb hover_icon=\u00a0\u00bb&#x54;||divi||400&Prime; show_bottom_space=\u00a0\u00bboff\u00a0\u00bb align=\u00a0\u00bbcenter\u00a0\u00bb align_tablet=\u00a0\u00bbcenter\u00a0\u00bb align_phone=\u00a0\u00bb\u00a0\u00bb align_last_edited=\u00a0\u00bbon|desktop\u00a0\u00bb _builder_version=\u00a0\u00bb4.16&Prime; background_color=\u00a0\u00bb#ffffff\u00a0\u00bb max_width=\u00a0\u00bb50%\u00a0\u00bb module_alignment=\u00a0\u00bbcenter\u00a0\u00bb border_radii=\u00a0\u00bbon|10px|10px|10px|10px\u00a0\u00bb global_colors_info=\u00a0\u00bb{}\u00a0\u00bb]<\/p>\n<p>\n&nbsp;<\/p>\n<p>[\/et_pb_image][et_pb_text admin_label=\u00a0\u00bbSun Protection Aftersun\u00a0\u00bb _builder_version=\u00a0\u00bb4.16&Prime; custom_margin=\u00a0\u00bb||15px||false|false\u00a0\u00bb custom_padding=\u00a0\u00bb||15px||false|false\u00a0\u00bb global_colors_info=\u00a0\u00bb{}\u00a0\u00bb]<\/p>\n<h3>Care Plus<sup style=\"font-size: 12px;\">\u00ae<\/sup> Care &#038; Repair After Sun <\/h3>\n<p>Prenez bien soin de votre peau apr\u00e8s l&rsquo;exposition au soleil et surtout si la peau est br\u00fbl\u00e9e. Care Plus<sup style=\"font-size: 10px;\">\u00ae<\/sup> Care &#038; Repair After Sun contient des ingr\u00e9dients naturels qui nourrissent, adoucissent et aident \u00e0 restaurer votre peau.<\/p>\n<p>[\/et_pb_text][et_pb_button button_url=\u00a0\u00bbhttps:\/\/www.careplus-shop.nl\/zonbescherming\u00a0\u00bb url_new_window=\u00a0\u00bbon\u00a0\u00bb button_text=\u00a0\u00bbChoisissez &#038; Commandez\u00a0\u00bb button_alignment=\u00a0\u00bbcenter\u00a0\u00bb disabled_on=\u00a0\u00bbon|on|on\u00a0\u00bb _builder_version=\u00a0\u00bb4.16&Prime; custom_button=\u00a0\u00bbon\u00a0\u00bb button_bg_color=\u00a0\u00bb#f7a51c\u00a0\u00bb background_layout=\u00a0\u00bbdark\u00a0\u00bb disabled=\u00a0\u00bbon\u00a0\u00bb global_colors_info=\u00a0\u00bb{}\u00a0\u00bb][\/et_pb_button][\/et_pb_column][et_pb_column type=\u00a0\u00bb1_2&Prime; _builder_version=\u00a0\u00bb4.16&Prime; custom_padding=\u00a0\u00bb|||\u00a0\u00bb global_colors_info=\u00a0\u00bb{}\u00a0\u00bb custom_padding__hover=\u00a0\u00bb|||\u00a0\u00bb][et_pb_image src=\u00a0\u00bbhttps:\/\/www.careplus.eu\/wp-content\/uploads\/2022\/03\/careplus-zonnebrand-Lipbalsem.jpg\u00a0\u00bb alt=\u00a0\u00bbCare Plus Baume \u00e0 L\u00e8vres\u00a0\u00bb title_text=\u00a0\u00bbcareplus-cr\u00e8mesolaire -Baume \u00e0 L\u00e8vres\u00a0\u00bb show_in_lightbox=\u00a0\u00bbon\u00a0\u00bb use_overlay=\u00a0\u00bbon\u00a0\u00bb overlay_icon_color=\u00a0\u00bb#ffffff\u00a0\u00bb hover_overlay_color=\u00a0\u00bbrgba(0,0,0,0)\u00a0\u00bb hover_icon=\u00a0\u00bb&#x54;||divi||400&Prime; show_bottom_space=\u00a0\u00bboff\u00a0\u00bb align=\u00a0\u00bbcenter\u00a0\u00bb align_tablet=\u00a0\u00bbcenter\u00a0\u00bb align_phone=\u00a0\u00bb\u00a0\u00bb align_last_edited=\u00a0\u00bbon|desktop\u00a0\u00bb _builder_version=\u00a0\u00bb4.16&Prime; background_color=\u00a0\u00bb#ffffff\u00a0\u00bb max_width=\u00a0\u00bb50%\u00a0\u00bb module_alignment=\u00a0\u00bbcenter\u00a0\u00bb border_radii=\u00a0\u00bbon|10px|10px|10px|10px\u00a0\u00bb global_colors_info=\u00a0\u00bb{}\u00a0\u00bb]<\/p>\n<p>\n&nbsp;<\/p>\n<p>[\/et_pb_image][et_pb_text admin_label=\u00a0\u00bbSun Protection Lipbalsem\u00a0\u00bb _builder_version=\u00a0\u00bb4.16&Prime; custom_margin=\u00a0\u00bb||15px||false|false\u00a0\u00bb custom_padding=\u00a0\u00bb||15px||false|false\u00a0\u00bb global_colors_info=\u00a0\u00bb{}\u00a0\u00bb]<\/p>\n<h3>Care Plus<sup style=\"font-size: 12px;\">\u00ae<\/sup> Sun SPF 30 Baume \u00e0 L\u00e8vres<\/h3>\n<p>Le baume \u00e0 l\u00e8vres SPF 30 prend soin et prot\u00e8ge extr\u00eamement bien vos l\u00e8vres fragiles. De -20 \u00e0 +40 degr\u00e9s Celsius.<\/p>\n<p>[\/et_pb_text][et_pb_button button_url=\u00a0\u00bbhttps:\/\/www.careplus-shop.nl\/zonbescherming\u00a0\u00bb url_new_window=\u00a0\u00bbon\u00a0\u00bb button_text=\u00a0\u00bbChoisissez &#038; Commandez\u00a0\u00bb button_alignment=\u00a0\u00bbcenter\u00a0\u00bb disabled_on=\u00a0\u00bbon|on|on\u00a0\u00bb _builder_version=\u00a0\u00bb4.16&Prime; custom_button=\u00a0\u00bbon\u00a0\u00bb button_bg_color=\u00a0\u00bb#f7a51c\u00a0\u00bb background_layout=\u00a0\u00bbdark\u00a0\u00bb disabled=\u00a0\u00bbon\u00a0\u00bb global_colors_info=\u00a0\u00bb{}\u00a0\u00bb][\/et_pb_button][\/et_pb_column][\/et_pb_row][\/et_pb_section][et_pb_section fb_built=\u00a0\u00bb1&Prime; disabled_on=\u00a0\u00bbon|on|on\u00a0\u00bb module_id=\u00a0\u00bbcp_pb_page_content\u00a0\u00bb _builder_version=\u00a0\u00bb4.16&Prime; use_background_color_gradient=\u00a0\u00bbon\u00a0\u00bb background_color_gradient_stops=\u00a0\u00bb#f7e0be 0%|#f7dbaa 100%\u00a0\u00bb background_color_gradient_start=\u00a0\u00bb#f7e0be\u00a0\u00bb background_color_gradient_end=\u00a0\u00bb#f7dbaa\u00a0\u00bb custom_margin=\u00a0\u00bb0px|||\u00a0\u00bb custom_padding=\u00a0\u00bb0px|||\u00a0\u00bb disabled=\u00a0\u00bbon\u00a0\u00bb global_colors_info=\u00a0\u00bb{}\u00a0\u00bb][et_pb_row admin_label=\u00a0\u00bbPage Header\u00a0\u00bb _builder_version=\u00a0\u00bb4.16&Prime; background_size=\u00a0\u00bbinitial\u00a0\u00bb background_position=\u00a0\u00bbtop_left\u00a0\u00bb background_repeat=\u00a0\u00bbrepeat\u00a0\u00bb custom_margin=\u00a0\u00bb0px|||\u00a0\u00bb custom_padding=\u00a0\u00bb0px||0||false|false\u00a0\u00bb width_unit=\u00a0\u00bboff\u00a0\u00bb custom_width_percent=\u00a0\u00bb48%\u00a0\u00bb collapsed=\u00a0\u00bboff\u00a0\u00bb global_colors_info=\u00a0\u00bb{}\u00a0\u00bb][et_pb_column type=\u00a0\u00bb4_4&Prime; _builder_version=\u00a0\u00bb4.16&Prime; custom_padding=\u00a0\u00bb|||\u00a0\u00bb global_colors_info=\u00a0\u00bb{}\u00a0\u00bb custom_padding__hover=\u00a0\u00bb|||\u00a0\u00bb][et_pb_divider show_divider=\u00a0\u00bboff\u00a0\u00bb _builder_version=\u00a0\u00bb4.16&Prime; height=\u00a0\u00bb75px\u00a0\u00bb global_colors_info=\u00a0\u00bb{}\u00a0\u00bb][\/et_pb_divider][\/et_pb_column][\/et_pb_row][\/et_pb_section][et_pb_section fb_built=\u00a0\u00bb1&Prime; disabled_on=\u00a0\u00bbon|on|on\u00a0\u00bb admin_label=\u00a0\u00bbTips\u00a0\u00bb module_id=\u00a0\u00bbcp_pb_page_extra\u00a0\u00bb _builder_version=\u00a0\u00bb4.16&Prime; disabled=\u00a0\u00bbon\u00a0\u00bb global_colors_info=\u00a0\u00bb{}\u00a0\u00bb][et_pb_row _builder_version=\u00a0\u00bb4.16&Prime; background_size=\u00a0\u00bbinitial\u00a0\u00bb background_position=\u00a0\u00bbtop_left\u00a0\u00bb background_repeat=\u00a0\u00bbrepeat\u00a0\u00bb global_colors_info=\u00a0\u00bb{}\u00a0\u00bb][et_pb_column type=\u00a0\u00bb4_4&Prime; _builder_version=\u00a0\u00bb4.16&Prime; custom_padding=\u00a0\u00bb|||\u00a0\u00bb global_colors_info=\u00a0\u00bb{}\u00a0\u00bb custom_padding__hover=\u00a0\u00bb|||\u00a0\u00bb][et_pb_text admin_label=\u00a0\u00bbTips\u00a0\u00bb module_id=\u00a0\u00bbcp_pb_extra_content\u00a0\u00bb _builder_version=\u00a0\u00bb4.16&Prime; global_colors_info=\u00a0\u00bb{}\u00a0\u00bb]<\/p>\n<h3>Conseils pour se prot\u00e9ger :<\/h3>\n<ul>\n<li>Appliquez votre lotion ou gel solaire 30 minutes avant de vous exposer au soleil.<\/li>\n<li>Tant que vous \u00eates assis ou actif au soleil; renouveler l&rsquo;application toutes les 2 heures.<\/li>\n<li>Le soleil est le plus puissant entre 12h00 et 15h00. Nous vous conseillons de rechercher l&rsquo;ombre a cet instant de la journ\u00e9e.<\/li>\n<li>Appliquer g\u00e9n\u00e9reusement. Une application trop fine r\u00e9duit consid\u00e9rablement le facteur de protection.<\/li>\n<\/ul>\n<p>[\/et_pb_text][\/et_pb_column][\/et_pb_row][\/et_pb_section][et_pb_section fb_built=\u00a0\u00bb1&Prime; fullwidth=\u00a0\u00bbon\u00a0\u00bb _builder_version=\u00a0\u00bb4.16&Prime; background_image=\u00a0\u00bbhttps:\/\/www.careplus.eu\/wp-content\/uploads\/2022\/03\/Zon-Kitesurfen.jpg\u00a0\u00bb parallax=\u00a0\u00bbon\u00a0\u00bb parallax_method=\u00a0\u00bboff\u00a0\u00bb min_height=\u00a0\u00bb450px\u00a0\u00bb height=\u00a0\u00bb450px\u00a0\u00bb max_height=\u00a0\u00bb450px\u00a0\u00bb background_last_edited=\u00a0\u00bbon|desktop\u00a0\u00bb background_image_phone=\u00a0\u00bbhttps:\/\/www.careplus.eu\/wp-content\/uploads\/2022\/03\/Sun-Protection-Kite-Header-Mobile.jpg\u00a0\u00bb background_enable_image_phone=\u00a0\u00bbon\u00a0\u00bb parallax_phone=\u00a0\u00bboff\u00a0\u00bb global_colors_info=\u00a0\u00bb{}\u00a0\u00bb][et_pb_fullwidth_slider show_arrows=\u00a0\u00bboff\u00a0\u00bb show_pagination=\u00a0\u00bboff\u00a0\u00bb admin_label=\u00a0\u00bbZon Kitesurfen\u00a0\u00bb _builder_version=\u00a0\u00bb4.16&Prime; global_colors_info=\u00a0\u00bb{}\u00a0\u00bb][et_pb_slide use_bg_overlay=\u00a0\u00bboff\u00a0\u00bb use_text_overlay=\u00a0\u00bboff\u00a0\u00bb _builder_version=\u00a0\u00bb4.16&Prime; background_enable_color=\u00a0\u00bboff\u00a0\u00bb background_enable_image=\u00a0\u00bboff\u00a0\u00bb parallax=\u00a0\u00bbon\u00a0\u00bb parallax_method=\u00a0\u00bboff\u00a0\u00bb button_on_hover=\u00a0\u00bbon\u00a0\u00bb global_colors_info=\u00a0\u00bb{}\u00a0\u00bb sticky_transition=\u00a0\u00bbon\u00a0\u00bb][\/et_pb_slide][\/et_pb_fullwidth_slider][\/et_pb_section]<\/p>\n","protected":false},"excerpt":{"rendered":"<p>Trop exposer votre peau au soleil (fort) pendant trop longtemps cause des dommages cutan\u00e9s. Avec les produits de protection solaire Care Plus<sup style=\"font-size:10px;\">\u00ae<\/sup>, vous \u00e9vitez que les rayons UV-A ne vieillissent la peau et que les UV-B provoquent des br\u00fblures g\u00eanantes et parfois douloureuses.<\/p>\n","protected":false},"author":37,"featured_media":0,"parent":0,"menu_order":0,"comment_status":"closed","ping_status":"closed","template":"","meta":{"_acf_changed":false,"_et_pb_use_builder":"on","_et_pb_old_content":"","_et_gb_content_width":"","footnotes":""},"class_list":["post-15749","page","type-page","status-publish","hentry"],"acf":[],"_links":{"self":[{"href":"https:\/\/www.careplus.eu\/fr\/wp-json\/wp\/v2\/pages\/15749","targetHints":{"allow":["GET"]}}],"collection":[{"href":"https:\/\/www.careplus.eu\/fr\/wp-json\/wp\/v2\/pages"}],"about":[{"href":"https:\/\/www.careplus.eu\/fr\/wp-json\/wp\/v2\/types\/page"}],"author":[{"embeddable":true,"href":"https:\/\/www.careplus.eu\/fr\/wp-json\/wp\/v2\/users\/37"}],"replies":[{"embeddable":true,"href":"https:\/\/www.careplus.eu\/fr\/wp-json\/wp\/v2\/comments?post=15749"}],"version-history":[{"count":0,"href":"https:\/\/www.careplus.eu\/fr\/wp-json\/wp\/v2\/pages\/15749\/revisions"}],"wp:attachment":[{"href":"https:\/\/www.careplus.eu\/fr\/wp-json\/wp\/v2\/media?parent=15749"}],"curies":[{"name":"wp","href":"https:\/\/api.w.org\/{rel}","templated":true}]}}